{"id":11321,"date":"2024-07-19T12:43:40","date_gmt":"2024-07-19T10:43:40","guid":{"rendered":"https:\/\/iicvarsavia.esteri.it\/?page_id=11321"},"modified":"2024-07-19T12:43:40","modified_gmt":"2024-07-19T10:43:40","slug":"archivio-eventi","status":"publish","type":"page","link":"https:\/\/iicvarsavia.esteri.it\/it\/gli_eventi\/archivio-eventi\/","title":{"rendered":"Archivio eventi"},"content":{"rendered":"        <div class=\"row\">\n\t\t\t<!-- Ricerca sedi post -->\n\t\t\t<div class=\"col-12 mt-4\">\n\t\t\t  <div class=\"callout callout-highlight note ricerca-esteri p-4\">\n                    <div class=\"callout-title\">\n                        <svg class=\"icon\">\n                            <use xlink:href=\"https:\/\/iicvarsavia.esteri.it\/wp-content\/themes\/sedi-tema\/assets\/svg\/sprites.svg#it-search\"><\/use>\n                        <\/svg>Inserisci i parametri di ricerca                    <\/div>\n                    <form id=\"searchFormPost\" name=\"form-search-post\" class=\"form-row align-items-center\" action=\"https:\/\/iicvarsavia.esteri.it\/it\/wp-json\/wp\/v2\/pages\/11321\/\" method=\"GET\"> \n                        <!-- <div class=\"form-group pt-5\"> -->\n                            <!-- <input type=\"hidden\" id=\"lang\" name=\"lang\" value=\"\"> --> <!-- <\/div> -->\n\n                        <div class=\"it-datepicker-wrapper\">\n                            <div class=\"row\">\n                                <div class=\"form-group col-md-6\">\n                                    <label class=\"active\" for=\"date-init\">Dal<\/label>\n                                    <input class=\"form-control\" name=\"date-init\" id=\"date-init\" type=\"date\" placeholder=\"gg\/mm\/aaaa\" value=\"\"lang=\"en-EN\">  \n                                <\/div>\n                                <div class=\"form-group col-md-6\">\n                                    <label class=\"active\" for=\"date-end\">Al<\/label>\n                                    <input class=\"form-control\" name=\"date-end\" id=\"date-end\" type=\"date\" placeholder=\"gg\/mm\/aaaa\" value=\"\">\n                                <\/div>\n                            <\/div>\n                        <\/div>\n                        <div class=\"form-group col-md-12 mt-3\">\n                            <label for=\"searchText\">Campo ricerca libera<\/label>\n                            <input type=\"text\" name=\"searchText\" class=\"form-control\" id=\"searchText\" value=\"\">\n                        <\/div>\n                        <div class=\"form-group col-md-4 offset-md-8 text-end\">\n                            <a href=\"https:\/\/iicvarsavia.esteri.it\/it\/gli_eventi\/archivio-eventi\/\" title=\"Form reset\" id=\"resetImput\" class=\"btn btn-outline-primary btn-xs\">Reset<\/a>\n                            <button type=\"submit\" class=\"btn btn-primary btn-xs\">Mostra risultati<\/button>\n                        <\/div>\n                    <\/form>\n\t\t\t\t<\/div>\n\t\t\t<\/div>\n\t\t<\/div>\n                    \n            <div class=\"row\">\n                            <div class=\"col-12 mt-3\">\n                <!--start card-->\n                <div class=\"card-wrapper card-space\">\n                    <div class=\"card card-bg card-big border-bottom-card\">\n                        <div class=\"card-body row\">\n                                                    <div class=\"col-sm-3\">\n                                <div class=\"img-responsive\">\n                                    <figure class=\"img-wrapper\">\n                                        <a href=\"https:\/\/iicvarsavia.esteri.it\/it\/gli_eventi\/calendario\/spettacoli-di-danza-verticale-il-posto\/\" title=\"Leggi l'articolo: Spettacoli di danza verticale | Il Posto\">\n                                                                                            <img loading=\"lazy\" decoding=\"async\" width=\"300\" height=\"222\" src=\"https:\/\/iicvarsavia.esteri.it\/wp-content\/uploads\/2026\/06\/kaunas_web-300x222.jpg\" srcset=\"https:\/\/iicvarsavia.esteri.it\/wp-content\/uploads\/2026\/06\/kaunas_web.jpg 1298w, https:\/\/iicvarsavia.esteri.it\/wp-content\/uploads\/2026\/06\/kaunas_web-300x222.jpg 300w, https:\/\/iicvarsavia.esteri.it\/wp-content\/uploads\/2026\/06\/kaunas_web-1024x758.jpg 1024w, https:\/\/iicvarsavia.esteri.it\/wp-content\/uploads\/2026\/06\/kaunas_web-768x569.jpg 768w\" sizes=\"auto, (max-width: 1298px) 100vw, 1298px\"  title=\"kaunas_web\" alt=\"\" class=\"img-fluid\">\n                                                                                    <\/a>\n                                    <\/figure>\n                                <\/div>\n                            <\/div>\n                            <div class=\"col-sm-9\">\n                                                            <div class=\"category-top\">\n                                    <span class=\"fw-bold text-danger\">Concluso<\/span>                                                                        <span class=\"data\">\n                                        <svg class=\"icon icon-secondary\">\n                                            <use xlink:href=\"https:\/\/iicvarsavia.esteri.it\/wp-content\/themes\/sedi-tema\/assets\/svg\/sprites.svg#it-calendar\"><\/use>\n                                        <\/svg> Sab 22 Ago 2026<svg class=\"icon icon-xs icon-secondary me-1 ms-1\"><use href=\"https:\/\/iicvarsavia.esteri.it\/wp-content\/themes\/sedi-tema\/assets\/svg\/sprites.svg#it-arrow-right\"><\/use><\/svg>Lun 24 Ago 2026                                    <\/span>\n                                                                    <\/div>\n                            <h5 class=\"card-title big-heading text-uppercase\"><a class=\"text-body text-decoration-none\" href=\"https:\/\/iicvarsavia.esteri.it\/it\/gli_eventi\/calendario\/spettacoli-di-danza-verticale-il-posto\/\" title=\"Spettacoli di danza verticale | Il Posto\">Spettacoli di danza verticale | Il Posto<\/a><\/h5>\n                            <p class=\"card-text\">Il Posto, prima e principale compagnia in Italia di danza verticale, porter\u00e0 il suo spettacolo Radar in due importanti festival polacchi. Per via della natura della danza verticale, che instaura una profonda relazione con l&#8217;architettura e il paesaggio, le esibizioni sono uniche, in quanto pensate e modellate per mettere al centro l&#8217;edificio che le ospita, [&hellip;]<\/p>\n                                <a title=\"Spettacoli di danza verticale | Il Posto\" class=\"read-more\" href=\"https:\/\/iicvarsavia.esteri.it\/it\/gli_eventi\/calendario\/spettacoli-di-danza-verticale-il-posto\/\">\n                                    <span class=\"text\">Leggi di pi\u00f9<\/span>\n                                    <svg class=\"icon\">\n                                    <use xlink:href=\"https:\/\/iicvarsavia.esteri.it\/wp-content\/themes\/sedi-tema\/assets\/svg\/sprites.svg#it-arrow-right\"><\/use>\n                                    <\/svg>\n                                <\/a>\n                                                        <\/div>\n                                                    <\/div>\n                    <\/div>\n                <\/div>\n                <!--end card-->\n                <\/div><!-- col-12 .mt-3-->\n                            <div class=\"col-12 mt-3\">\n                <!--start card-->\n                <div class=\"card-wrapper card-space\">\n                    <div class=\"card card-bg card-big border-bottom-card\">\n                        <div class=\"card-body row\">\n                                                    <div class=\"col-sm-3\">\n                                <div class=\"img-responsive\">\n                                    <figure class=\"img-wrapper\">\n                                        <a href=\"https:\/\/iicvarsavia.esteri.it\/it\/gli_eventi\/calendario\/mostra-landed-giungere-in-luoghi-e-in-se-stessi-debora-medici-guetta\/\" title=\"Leggi l'articolo: Mostra &#8220;Landed&#8221; &#8211; Debora Medici-Guetta\">\n                                                                                            <img loading=\"lazy\" decoding=\"async\" width=\"300\" height=\"185\" src=\"https:\/\/iicvarsavia.esteri.it\/wp-content\/uploads\/2026\/07\/Landed-300x185.jpg\" srcset=\"https:\/\/iicvarsavia.esteri.it\/wp-content\/uploads\/2026\/07\/Landed.jpg 1097w, https:\/\/iicvarsavia.esteri.it\/wp-content\/uploads\/2026\/07\/Landed-300x185.jpg 300w, https:\/\/iicvarsavia.esteri.it\/wp-content\/uploads\/2026\/07\/Landed-1024x631.jpg 1024w, https:\/\/iicvarsavia.esteri.it\/wp-content\/uploads\/2026\/07\/Landed-768x473.jpg 768w\" sizes=\"auto, (max-width: 1097px) 100vw, 1097px\"  title=\"Landed\" alt=\"\" class=\"img-fluid\">\n                                                                                    <\/a>\n                                    <\/figure>\n                                <\/div>\n                            <\/div>\n                            <div class=\"col-sm-9\">\n                                                            <div class=\"category-top\">\n                                    <span class=\"fw-bold text-danger\">Concluso<\/span>                                                                        <span class=\"data\">\n                                        <svg class=\"icon icon-secondary\">\n                                            <use xlink:href=\"https:\/\/iicvarsavia.esteri.it\/wp-content\/themes\/sedi-tema\/assets\/svg\/sprites.svg#it-calendar\"><\/use>\n                                        <\/svg> Mer 12 Ago 2026                                    <\/span>\n                                                                    <\/div>\n                            <h5 class=\"card-title big-heading text-uppercase\"><a class=\"text-body text-decoration-none\" href=\"https:\/\/iicvarsavia.esteri.it\/it\/gli_eventi\/calendario\/mostra-landed-giungere-in-luoghi-e-in-se-stessi-debora-medici-guetta\/\" title=\"Mostra &#8220;Landed&#8221; &#8211; Debora Medici-Guetta\">Mostra &#8220;Landed&#8221; &#8211; Debora Medici-Guetta<\/a><\/h5>\n                            <p class=\"card-text\">La mostra Landed presenta una selezione di opere di Debora Medici-Guetta che esplorano le relazioni tra percezione, memoria, identit\u00e0 e luogo. Attraverso la fotografia, il collage e la sperimentazione visiva, la mostra accompagna il visitatore in un percorso tra ritratti, paesaggi e immagini astratte ispirate al mondo della natura. Che l\u2019artista fissi il volto di [&hellip;]<\/p>\n                                <a title=\"Mostra &#8220;Landed&#8221; &#8211; Debora Medici-Guetta\" class=\"read-more\" href=\"https:\/\/iicvarsavia.esteri.it\/it\/gli_eventi\/calendario\/mostra-landed-giungere-in-luoghi-e-in-se-stessi-debora-medici-guetta\/\">\n                                    <span class=\"text\">Leggi di pi\u00f9<\/span>\n                                    <svg class=\"icon\">\n                                    <use xlink:href=\"https:\/\/iicvarsavia.esteri.it\/wp-content\/themes\/sedi-tema\/assets\/svg\/sprites.svg#it-arrow-right\"><\/use>\n                                    <\/svg>\n                                <\/a>\n                                                        <\/div>\n                                                    <\/div>\n                    <\/div>\n                <\/div>\n                <!--end card-->\n                <\/div><!-- col-12 .mt-3-->\n                            <div class=\"col-12 mt-3\">\n                <!--start card-->\n                <div class=\"card-wrapper card-space\">\n                    <div class=\"card card-bg card-big border-bottom-card\">\n                        <div class=\"card-body row\">\n                                                    <div class=\"col-sm-3\">\n                                <div class=\"img-responsive\">\n                                    <figure class=\"img-wrapper\">\n                                        <a href=\"https:\/\/iicvarsavia.esteri.it\/it\/gli_eventi\/calendario\/jazz-na-starowce-eleonora-strino-quartet\/\" title=\"Leggi l'articolo: Jazz Na Star\u00f3wce | Eleonora Strino Quartet\">\n                                                                                            <img loading=\"lazy\" decoding=\"async\" width=\"300\" height=\"180\" src=\"https:\/\/iicvarsavia.esteri.it\/wp-content\/uploads\/2026\/06\/401508264fa3a8ed0d62135f6971c20d-300x180.png\" srcset=\"https:\/\/iicvarsavia.esteri.it\/wp-content\/uploads\/2026\/06\/401508264fa3a8ed0d62135f6971c20d.png 936w, https:\/\/iicvarsavia.esteri.it\/wp-content\/uploads\/2026\/06\/401508264fa3a8ed0d62135f6971c20d-300x180.png 300w, https:\/\/iicvarsavia.esteri.it\/wp-content\/uploads\/2026\/06\/401508264fa3a8ed0d62135f6971c20d-768x461.png 768w\" sizes=\"auto, (max-width: 936px) 100vw, 936px\"  title=\"401508264fa3a8ed0d62135f6971c20d\" alt=\"\" class=\"img-fluid\">\n                                                                                    <\/a>\n                                    <\/figure>\n                                <\/div>\n                            <\/div>\n                            <div class=\"col-sm-9\">\n                                                            <div class=\"category-top\">\n                                    <span class=\"fw-bold text-danger\">Concluso<\/span>                                                                        <span class=\"data\">\n                                        <svg class=\"icon icon-secondary\">\n                                            <use xlink:href=\"https:\/\/iicvarsavia.esteri.it\/wp-content\/themes\/sedi-tema\/assets\/svg\/sprites.svg#it-calendar\"><\/use>\n                                        <\/svg> Sab 08 Ago 2026                                    <\/span>\n                                                                    <\/div>\n                            <h5 class=\"card-title big-heading text-uppercase\"><a class=\"text-body text-decoration-none\" href=\"https:\/\/iicvarsavia.esteri.it\/it\/gli_eventi\/calendario\/jazz-na-starowce-eleonora-strino-quartet\/\" title=\"Jazz Na Star\u00f3wce | Eleonora Strino Quartet\">Jazz Na Star\u00f3wce | Eleonora Strino Quartet<\/a><\/h5>\n                            <p class=\"card-text\">Il 4 luglio inizier\u00e0 a Varsavia la 32\u00aa edizione del popolare festival Jazz Na Star\u00f3wce e durer\u00e0 fino al 29 agosto. La Piazza della Citt\u00e0 Vecchia torner\u00e0 a essere il cuore dei concerti di Varsavia e batter\u00e0 al ritmo del jazz per due mesi estivi. L&#8217;Istituto Italiano di Cultura vi invita ad ascoltare il concerto [&hellip;]<\/p>\n                                <a title=\"Jazz Na Star\u00f3wce | Eleonora Strino Quartet\" class=\"read-more\" href=\"https:\/\/iicvarsavia.esteri.it\/it\/gli_eventi\/calendario\/jazz-na-starowce-eleonora-strino-quartet\/\">\n                                    <span class=\"text\">Leggi di pi\u00f9<\/span>\n                                    <svg class=\"icon\">\n                                    <use xlink:href=\"https:\/\/iicvarsavia.esteri.it\/wp-content\/themes\/sedi-tema\/assets\/svg\/sprites.svg#it-arrow-right\"><\/use>\n                                    <\/svg>\n                                <\/a>\n                                                        <\/div>\n                                                    <\/div>\n                    <\/div>\n                <\/div>\n                <!--end card-->\n                <\/div><!-- col-12 .mt-3-->\n                            <div class=\"col-12 mt-3\">\n                <!--start card-->\n                <div class=\"card-wrapper card-space\">\n                    <div class=\"card card-bg card-big border-bottom-card\">\n                        <div class=\"card-body row\">\n                                                    <div class=\"col-sm-3\">\n                                <div class=\"img-responsive\">\n                                    <figure class=\"img-wrapper\">\n                                        <a href=\"https:\/\/iicvarsavia.esteri.it\/it\/gli_eventi\/calendario\/canti-damore-italiani-dal-barocco-alla-contemporaneita\/\" title=\"Leggi l'articolo: Canti d\u2019amore italiani dal Barocco ad oggi\">\n                                                                                            <img loading=\"lazy\" decoding=\"async\" width=\"300\" height=\"177\" src=\"https:\/\/iicvarsavia.esteri.it\/wp-content\/uploads\/2026\/07\/Amore-Italiano-300x177.jpg\" srcset=\"https:\/\/iicvarsavia.esteri.it\/wp-content\/uploads\/2026\/07\/Amore-Italiano.jpg 1095w, https:\/\/iicvarsavia.esteri.it\/wp-content\/uploads\/2026\/07\/Amore-Italiano-300x177.jpg 300w, https:\/\/iicvarsavia.esteri.it\/wp-content\/uploads\/2026\/07\/Amore-Italiano-1024x603.jpg 1024w, https:\/\/iicvarsavia.esteri.it\/wp-content\/uploads\/2026\/07\/Amore-Italiano-768x452.jpg 768w\" sizes=\"auto, (max-width: 1095px) 100vw, 1095px\"  title=\"Amore Italiano\" alt=\"\" class=\"img-fluid\">\n                                                                                    <\/a>\n                                    <\/figure>\n                                <\/div>\n                            <\/div>\n                            <div class=\"col-sm-9\">\n                                                            <div class=\"category-top\">\n                                    <span class=\"fw-bold text-danger\">Concluso<\/span>                                                                        <span class=\"data\">\n                                        <svg class=\"icon icon-secondary\">\n                                            <use xlink:href=\"https:\/\/iicvarsavia.esteri.it\/wp-content\/themes\/sedi-tema\/assets\/svg\/sprites.svg#it-calendar\"><\/use>\n                                        <\/svg> Sab 08 Ago 2026                                    <\/span>\n                                                                    <\/div>\n                            <h5 class=\"card-title big-heading text-uppercase\"><a class=\"text-body text-decoration-none\" href=\"https:\/\/iicvarsavia.esteri.it\/it\/gli_eventi\/calendario\/canti-damore-italiani-dal-barocco-alla-contemporaneita\/\" title=\"Canti d\u2019amore italiani dal Barocco ad oggi\">Canti d\u2019amore italiani dal Barocco ad oggi<\/a><\/h5>\n                            <p class=\"card-text\">Con Da Monteverdi a Mina, la leggendaria \u201cTigre di Cremona\u201d, il gruppo musicale Soqquadro Italiano accompagna il pubblico in un viaggio attraverso quattro secoli di canti italiani dedicati all\u2019amore, alla nostalgia e alla passione. Il progetto Da Monteverdi a Mina rivela come tra il lamento barocco e la canzone italiana esista un legame sorprendentemente naturale. [&hellip;]<\/p>\n                                <a title=\"Canti d\u2019amore italiani dal Barocco ad oggi\" class=\"read-more\" href=\"https:\/\/iicvarsavia.esteri.it\/it\/gli_eventi\/calendario\/canti-damore-italiani-dal-barocco-alla-contemporaneita\/\">\n                                    <span class=\"text\">Leggi di pi\u00f9<\/span>\n                                    <svg class=\"icon\">\n                                    <use xlink:href=\"https:\/\/iicvarsavia.esteri.it\/wp-content\/themes\/sedi-tema\/assets\/svg\/sprites.svg#it-arrow-right\"><\/use>\n                                    <\/svg>\n                                <\/a>\n                                                        <\/div>\n                                                    <\/div>\n                    <\/div>\n                <\/div>\n                <!--end card-->\n                <\/div><!-- col-12 .mt-3-->\n                            <div class=\"col-12 mt-3\">\n                <!--start card-->\n                <div class=\"card-wrapper card-space\">\n                    <div class=\"card card-bg card-big border-bottom-card\">\n                        <div class=\"card-body row\">\n                                                    <div class=\"col-sm-3\">\n                                <div class=\"img-responsive\">\n                                    <figure class=\"img-wrapper\">\n                                        <a href=\"https:\/\/iicvarsavia.esteri.it\/it\/gli_eventi\/calendario\/fiera-di-san-domenico-concerti-dorgano\/\" title=\"Leggi l'articolo: Fiera di San Domenico | Concerto d&#8217;organo\">\n                                                                                            <img loading=\"lazy\" decoding=\"async\" width=\"300\" height=\"169\" src=\"https:\/\/iicvarsavia.esteri.it\/wp-content\/uploads\/2026\/06\/jan-300x169.jpg\" srcset=\"https:\/\/iicvarsavia.esteri.it\/wp-content\/uploads\/2026\/06\/jan.jpg 1200w, https:\/\/iicvarsavia.esteri.it\/wp-content\/uploads\/2026\/06\/jan-300x169.jpg 300w, https:\/\/iicvarsavia.esteri.it\/wp-content\/uploads\/2026\/06\/jan-1024x576.jpg 1024w, https:\/\/iicvarsavia.esteri.it\/wp-content\/uploads\/2026\/06\/jan-768x432.jpg 768w\" sizes=\"auto, (max-width: 1200px) 100vw, 1200px\"  title=\"jan\" alt=\"\" class=\"img-fluid\">\n                                                                                    <\/a>\n                                    <\/figure>\n                                <\/div>\n                            <\/div>\n                            <div class=\"col-sm-9\">\n                                                            <div class=\"category-top\">\n                                    <span class=\"fw-bold text-danger\">Concluso<\/span>                                                                        <span class=\"data\">\n                                        <svg class=\"icon icon-secondary\">\n                                            <use xlink:href=\"https:\/\/iicvarsavia.esteri.it\/wp-content\/themes\/sedi-tema\/assets\/svg\/sprites.svg#it-calendar\"><\/use>\n                                        <\/svg> Dom 26 Lug 2026<svg class=\"icon icon-xs icon-secondary me-1 ms-1\"><use href=\"https:\/\/iicvarsavia.esteri.it\/wp-content\/themes\/sedi-tema\/assets\/svg\/sprites.svg#it-arrow-right\"><\/use><\/svg>Lun 27 Lug 2026                                    <\/span>\n                                                                    <\/div>\n                            <h5 class=\"card-title big-heading text-uppercase\"><a class=\"text-body text-decoration-none\" href=\"https:\/\/iicvarsavia.esteri.it\/it\/gli_eventi\/calendario\/fiera-di-san-domenico-concerti-dorgano\/\" title=\"Fiera di San Domenico | Concerto d&#8217;organo\">Fiera di San Domenico | Concerto d&#8217;organo<\/a><\/h5>\n                            <p class=\"card-text\">In occasione della Fiera di San Domenico la Filarmonica Baltica Polacca Fryderyk Chopin, in collaborazione con il nostro Istituto, invita il pubblico a due concerti d&#8217;organo eseguiti da musicisti italiani d&#8217;eccellenza: domenica 26 luglio alle 20:00 l&#8217;organista Giulia Biagetti si esibisce insieme al fagottista giapponese Atsumi Fukuda, mentre luned\u00ec 27 luglio alle 20:00 si esibisce [&hellip;]<\/p>\n                                <a title=\"Fiera di San Domenico | Concerto d&#8217;organo\" class=\"read-more\" href=\"https:\/\/iicvarsavia.esteri.it\/it\/gli_eventi\/calendario\/fiera-di-san-domenico-concerti-dorgano\/\">\n                                    <span class=\"text\">Leggi di pi\u00f9<\/span>\n                                    <svg class=\"icon\">\n                                    <use xlink:href=\"https:\/\/iicvarsavia.esteri.it\/wp-content\/themes\/sedi-tema\/assets\/svg\/sprites.svg#it-arrow-right\"><\/use>\n                                    <\/svg>\n                                <\/a>\n                                                        <\/div>\n                                                    <\/div>\n                    <\/div>\n                <\/div>\n                <!--end card-->\n                <\/div><!-- col-12 .mt-3-->\n                            <div class=\"col-12 mt-3\">\n                <!--start card-->\n                <div class=\"card-wrapper card-space\">\n                    <div class=\"card card-bg card-big border-bottom-card\">\n                        <div class=\"card-body row\">\n                                                    <div class=\"col-sm-3\">\n                                <div class=\"img-responsive\">\n                                    <figure class=\"img-wrapper\">\n                                        <a href=\"https:\/\/iicvarsavia.esteri.it\/it\/gli_eventi\/calendario\/69a-edizione-del-festival-internazionale-di-musica-per-organo-di-oliwa\/\" title=\"Leggi l'articolo: 69\u00b0 Festival Internazionale di Musica per Organo di Oliwa\">\n                                                                                            <img loading=\"lazy\" decoding=\"async\" width=\"300\" height=\"184\" src=\"https:\/\/iicvarsavia.esteri.it\/wp-content\/uploads\/2026\/06\/Banner-300x184.jpg\" srcset=\"https:\/\/iicvarsavia.esteri.it\/wp-content\/uploads\/2026\/06\/Banner.jpg 867w, https:\/\/iicvarsavia.esteri.it\/wp-content\/uploads\/2026\/06\/Banner-300x184.jpg 300w, https:\/\/iicvarsavia.esteri.it\/wp-content\/uploads\/2026\/06\/Banner-768x470.jpg 768w\" sizes=\"auto, (max-width: 867px) 100vw, 867px\"  title=\"Banner\" alt=\"\" class=\"img-fluid\">\n                                                                                    <\/a>\n                                    <\/figure>\n                                <\/div>\n                            <\/div>\n                            <div class=\"col-sm-9\">\n                                                            <div class=\"category-top\">\n                                    <span class=\"fw-bold text-danger\">Concluso<\/span>                                                                        <span class=\"data\">\n                                        <svg class=\"icon icon-secondary\">\n                                            <use xlink:href=\"https:\/\/iicvarsavia.esteri.it\/wp-content\/themes\/sedi-tema\/assets\/svg\/sprites.svg#it-calendar\"><\/use>\n                                        <\/svg> Mar 21 Lug 2026<svg class=\"icon icon-xs icon-secondary me-1 ms-1\"><use href=\"https:\/\/iicvarsavia.esteri.it\/wp-content\/themes\/sedi-tema\/assets\/svg\/sprites.svg#it-arrow-right\"><\/use><\/svg>Ven 07 Ago 2026                                    <\/span>\n                                                                    <\/div>\n                            <h5 class=\"card-title big-heading text-uppercase\"><a class=\"text-body text-decoration-none\" href=\"https:\/\/iicvarsavia.esteri.it\/it\/gli_eventi\/calendario\/69a-edizione-del-festival-internazionale-di-musica-per-organo-di-oliwa\/\" title=\"69\u00b0 Festival Internazionale di Musica per Organo di Oliwa\">69\u00b0 Festival Internazionale di Musica per Organo di Oliwa<\/a><\/h5>\n                            <p class=\"card-text\">Anche quest\u2019estate avr\u00e0 luogo a Danzica il Festival Internazionale di Musica per Organo di Oliwa, che porter\u00e0 nella Cattedrale di Oliwa tre tra i maggiori organisti italiani. Il Festival Internazionale di Musica per Organo di Oliwa \u00e8 uno dei pi\u00f9 antichi festival musicali d\u2019Europa e, al tempo stesso, il pi\u00f9 importante evento dedicato alla musica [&hellip;]<\/p>\n                                <a title=\"69\u00b0 Festival Internazionale di Musica per Organo di Oliwa\" class=\"read-more\" href=\"https:\/\/iicvarsavia.esteri.it\/it\/gli_eventi\/calendario\/69a-edizione-del-festival-internazionale-di-musica-per-organo-di-oliwa\/\">\n                                    <span class=\"text\">Leggi di pi\u00f9<\/span>\n                                    <svg class=\"icon\">\n                                    <use xlink:href=\"https:\/\/iicvarsavia.esteri.it\/wp-content\/themes\/sedi-tema\/assets\/svg\/sprites.svg#it-arrow-right\"><\/use>\n                                    <\/svg>\n                                <\/a>\n                                                        <\/div>\n                                                    <\/div>\n                    <\/div>\n                <\/div>\n                <!--end card-->\n                <\/div><!-- col-12 .mt-3-->\n                            <div class=\"col-12 mt-3\">\n                <!--start card-->\n                <div class=\"card-wrapper card-space\">\n                    <div class=\"card card-bg card-big border-bottom-card\">\n                        <div class=\"card-body row\">\n                                                    <div class=\"col-sm-3\">\n                                <div class=\"img-responsive\">\n                                    <figure class=\"img-wrapper\">\n                                        <a href=\"https:\/\/iicvarsavia.esteri.it\/it\/gli_eventi\/calendario\/teatro-due-mondi-in-tourne-con-rossini-flambe-fiesta-e-come-crepe-nei-muri\/\" title=\"Leggi l'articolo: Teatro Due Mondi in tourn\u00e9 con &#8220;Rossini Flamb\u00e9&#8221;, &#8220;Fiesta&#8221; e &#8220;Come crepe nei muri&#8221;\">\n                                                                                            <img loading=\"lazy\" decoding=\"async\" width=\"300\" height=\"200\" src=\"https:\/\/iicvarsavia.esteri.it\/wp-content\/uploads\/2026\/07\/Fiesta_Maciej-Zakrzewski2-300x200.jpg\" srcset=\"https:\/\/iicvarsavia.esteri.it\/wp-content\/uploads\/2026\/07\/Fiesta_Maciej-Zakrzewski2.jpg 1920w, https:\/\/iicvarsavia.esteri.it\/wp-content\/uploads\/2026\/07\/Fiesta_Maciej-Zakrzewski2-300x200.jpg 300w, https:\/\/iicvarsavia.esteri.it\/wp-content\/uploads\/2026\/07\/Fiesta_Maciej-Zakrzewski2-1024x682.jpg 1024w, https:\/\/iicvarsavia.esteri.it\/wp-content\/uploads\/2026\/07\/Fiesta_Maciej-Zakrzewski2-768x512.jpg 768w\" sizes=\"auto, (max-width: 1920px) 100vw, 1920px\"  title=\"Fiesta_Maciej Zakrzewski2\" alt=\"\" class=\"img-fluid\">\n                                                                                    <\/a>\n                                    <\/figure>\n                                <\/div>\n                            <\/div>\n                            <div class=\"col-sm-9\">\n                                                            <div class=\"category-top\">\n                                    <span class=\"fw-bold text-danger\">Concluso<\/span>                                                                        <span class=\"data\">\n                                        <svg class=\"icon icon-secondary\">\n                                            <use xlink:href=\"https:\/\/iicvarsavia.esteri.it\/wp-content\/themes\/sedi-tema\/assets\/svg\/sprites.svg#it-calendar\"><\/use>\n                                        <\/svg> Ven 17 Lug 2026<svg class=\"icon icon-xs icon-secondary me-1 ms-1\"><use href=\"https:\/\/iicvarsavia.esteri.it\/wp-content\/themes\/sedi-tema\/assets\/svg\/sprites.svg#it-arrow-right\"><\/use><\/svg>Mer 29 Lug 2026                                    <\/span>\n                                                                    <\/div>\n                            <h5 class=\"card-title big-heading text-uppercase\"><a class=\"text-body text-decoration-none\" href=\"https:\/\/iicvarsavia.esteri.it\/it\/gli_eventi\/calendario\/teatro-due-mondi-in-tourne-con-rossini-flambe-fiesta-e-come-crepe-nei-muri\/\" title=\"Teatro Due Mondi in tourn\u00e9 con &#8220;Rossini Flamb\u00e9&#8221;, &#8220;Fiesta&#8221; e &#8220;Come crepe nei muri&#8221;\">Teatro Due Mondi in tourn\u00e9 con &#8220;Rossini Flamb\u00e9&#8221;, &#8220;Fiesta&#8221; e &#8220;Come crepe nei muri&#8221;<\/a><\/h5>\n                            <p class=\"card-text\">La compagnia Teatro Due Mondi \u00e8 di ritorno in Polonia con un calendario ricco di date e spettacoli. Il\u00a0Teatro Due Mondi\u00a0\u00e8 nato a Faenza nel 1979 come \u201cteatro di gruppo\u201d e da allora si \u00e8 impegnato in una continua ricerca artistica tesa alla costruzione di un teatro \u201ccolto\u201d e \u201cpopolare\u201d (sia per spazi al chiuso [&hellip;]<\/p>\n                                <a title=\"Teatro Due Mondi in tourn\u00e9 con &#8220;Rossini Flamb\u00e9&#8221;, &#8220;Fiesta&#8221; e &#8220;Come crepe nei muri&#8221;\" class=\"read-more\" href=\"https:\/\/iicvarsavia.esteri.it\/it\/gli_eventi\/calendario\/teatro-due-mondi-in-tourne-con-rossini-flambe-fiesta-e-come-crepe-nei-muri\/\">\n                                    <span class=\"text\">Leggi di pi\u00f9<\/span>\n                                    <svg class=\"icon\">\n                                    <use xlink:href=\"https:\/\/iicvarsavia.esteri.it\/wp-content\/themes\/sedi-tema\/assets\/svg\/sprites.svg#it-arrow-right\"><\/use>\n                                    <\/svg>\n                                <\/a>\n                                                        <\/div>\n                                                    <\/div>\n                    <\/div>\n                <\/div>\n                <!--end card-->\n                <\/div><!-- col-12 .mt-3-->\n                            <div class=\"col-12 mt-3\">\n                <!--start card-->\n                <div class=\"card-wrapper card-space\">\n                    <div class=\"card card-bg card-big border-bottom-card\">\n                        <div class=\"card-body row\">\n                                                    <div class=\"col-sm-3\">\n                                <div class=\"img-responsive\">\n                                    <figure class=\"img-wrapper\">\n                                        <a href=\"https:\/\/iicvarsavia.esteri.it\/it\/gli_eventi\/calendario\/nicola-lagioia-presenta-la-citta-dei-vivi-al-festival-afera-kryminalna\/\" title=\"Leggi l'articolo: Nicola Lagioia presenta &#8220;La citt\u00e0 dei vivi&#8221; al festival &#8220;Afera Kryminalna&#8221;\">\n                                                                                            <img loading=\"lazy\" decoding=\"async\" width=\"300\" height=\"169\" src=\"https:\/\/iicvarsavia.esteri.it\/wp-content\/uploads\/2026\/06\/Nicola-Lagioia_credit-Luigi-De-Palma-1200x675-1-300x169.jpg\" srcset=\"https:\/\/iicvarsavia.esteri.it\/wp-content\/uploads\/2026\/06\/Nicola-Lagioia_credit-Luigi-De-Palma-1200x675-1.jpg 638w, https:\/\/iicvarsavia.esteri.it\/wp-content\/uploads\/2026\/06\/Nicola-Lagioia_credit-Luigi-De-Palma-1200x675-1-300x169.jpg 300w\" sizes=\"auto, (max-width: 638px) 100vw, 638px\"  title=\"Nicola-Lagioia_credit-Luigi-De-Palma-1200&#215;675\" alt=\"\" class=\"img-fluid\">\n                                                                                    <\/a>\n                                    <\/figure>\n                                <\/div>\n                            <\/div>\n                            <div class=\"col-sm-9\">\n                                                            <div class=\"category-top\">\n                                    <span class=\"fw-bold text-danger\">Concluso<\/span>                                                                        <span class=\"data\">\n                                        <svg class=\"icon icon-secondary\">\n                                            <use xlink:href=\"https:\/\/iicvarsavia.esteri.it\/wp-content\/themes\/sedi-tema\/assets\/svg\/sprites.svg#it-calendar\"><\/use>\n                                        <\/svg> Mer 08 Lug 2026                                    <\/span>\n                                                                    <\/div>\n                            <h5 class=\"card-title big-heading text-uppercase\"><a class=\"text-body text-decoration-none\" href=\"https:\/\/iicvarsavia.esteri.it\/it\/gli_eventi\/calendario\/nicola-lagioia-presenta-la-citta-dei-vivi-al-festival-afera-kryminalna\/\" title=\"Nicola Lagioia presenta &#8220;La citt\u00e0 dei vivi&#8221; al festival &#8220;Afera Kryminalna&#8221;\">Nicola Lagioia presenta &#8220;La citt\u00e0 dei vivi&#8221; al festival &#8220;Afera Kryminalna&#8221;<\/a><\/h5>\n                            <p class=\"card-text\">Lo scrittore Nicola Lagioia sar\u00e0 l&#8217;ospite internazionale di punta della 15a edizione dell\u2019Afera Kryminalna (affare criminale), il festival di letteratura poliziesca organizzato dalla Biblioteca Pubblica Provinciale e Comunale di Danzica e avr\u00e0 luogo dall\u20198 all\u201911 luglio. Nella serata d\u2019apertura, l\u20198 luglio, presso la biblioteca Manhattan, Lagioia presenter\u00e0 La citt\u00e0 dei vivi, da poco tradotto in [&hellip;]<\/p>\n                                <a title=\"Nicola Lagioia presenta &#8220;La citt\u00e0 dei vivi&#8221; al festival &#8220;Afera Kryminalna&#8221;\" class=\"read-more\" href=\"https:\/\/iicvarsavia.esteri.it\/it\/gli_eventi\/calendario\/nicola-lagioia-presenta-la-citta-dei-vivi-al-festival-afera-kryminalna\/\">\n                                    <span class=\"text\">Leggi di pi\u00f9<\/span>\n                                    <svg class=\"icon\">\n                                    <use xlink:href=\"https:\/\/iicvarsavia.esteri.it\/wp-content\/themes\/sedi-tema\/assets\/svg\/sprites.svg#it-arrow-right\"><\/use>\n                                    <\/svg>\n                                <\/a>\n                                                        <\/div>\n                                                    <\/div>\n                    <\/div>\n                <\/div>\n                <!--end card-->\n                <\/div><!-- col-12 .mt-3-->\n                            <div class=\"col-12 mt-3\">\n                <!--start card-->\n                <div class=\"card-wrapper card-space\">\n                    <div class=\"card card-bg card-big border-bottom-card\">\n                        <div class=\"card-body row\">\n                                                    <div class=\"col-sm-3\">\n                                <div class=\"img-responsive\">\n                                    <figure class=\"img-wrapper\">\n                                        <a href=\"https:\/\/iicvarsavia.esteri.it\/it\/gli_eventi\/calendario\/festa-della-musica-concerto-di-simone-vallerotonda\/\" title=\"Leggi l'articolo: Festa della Musica | Concerto di Simone Vallerotonda\">\n                                                                                            <img loading=\"lazy\" decoding=\"async\" width=\"300\" height=\"300\" src=\"https:\/\/iicvarsavia.esteri.it\/wp-content\/uploads\/2026\/05\/Gianni-Rizzotti-foto-2-300x300.jpg\" srcset=\"https:\/\/iicvarsavia.esteri.it\/wp-content\/uploads\/2026\/05\/Gianni-Rizzotti-foto-2.jpg 1920w, https:\/\/iicvarsavia.esteri.it\/wp-content\/uploads\/2026\/05\/Gianni-Rizzotti-foto-2-300x300.jpg 300w, https:\/\/iicvarsavia.esteri.it\/wp-content\/uploads\/2026\/05\/Gianni-Rizzotti-foto-2-1024x1024.jpg 1024w, https:\/\/iicvarsavia.esteri.it\/wp-content\/uploads\/2026\/05\/Gianni-Rizzotti-foto-2-150x150.jpg 150w, https:\/\/iicvarsavia.esteri.it\/wp-content\/uploads\/2026\/05\/Gianni-Rizzotti-foto-2-768x768.jpg 768w\" sizes=\"auto, (max-width: 1920px) 100vw, 1920px\"  title=\"Gianni Rizzotti &#8211; foto 2\" alt=\"\" class=\"img-fluid\">\n                                                                                    <\/a>\n                                    <\/figure>\n                                <\/div>\n                            <\/div>\n                            <div class=\"col-sm-9\">\n                                                            <div class=\"category-top\">\n                                    <span class=\"fw-bold text-danger\">Concluso<\/span>                                                                        <span class=\"data\">\n                                        <svg class=\"icon icon-secondary\">\n                                            <use xlink:href=\"https:\/\/iicvarsavia.esteri.it\/wp-content\/themes\/sedi-tema\/assets\/svg\/sprites.svg#it-calendar\"><\/use>\n                                        <\/svg> Ven 26 Giu 2026                                    <\/span>\n                                                                    <\/div>\n                            <h5 class=\"card-title big-heading text-uppercase\"><a class=\"text-body text-decoration-none\" href=\"https:\/\/iicvarsavia.esteri.it\/it\/gli_eventi\/calendario\/festa-della-musica-concerto-di-simone-vallerotonda\/\" title=\"Festa della Musica | Concerto di Simone Vallerotonda\">Festa della Musica | Concerto di Simone Vallerotonda<\/a><\/h5>\n                            <p class=\"card-text\">In occasione della Festa della Musica, l\u2019Istituto Italiano di Cultura a Varsavia, in collaborazione con CIDIM (Comitato Nazionale Italiano Musica), \u00e8 lieto di invitare ad un evento di musica dal vivo de Simone Vallerotonda. Simone Vallerotonda \u00e8 nato a Roma nel 1983 ed \u00e8 musicista e professore di liuto. Ha fondato &#8220;I Bassifondi&#8220;, ensemble che [&hellip;]<\/p>\n                                <a title=\"Festa della Musica | Concerto di Simone Vallerotonda\" class=\"read-more\" href=\"https:\/\/iicvarsavia.esteri.it\/it\/gli_eventi\/calendario\/festa-della-musica-concerto-di-simone-vallerotonda\/\">\n                                    <span class=\"text\">Leggi di pi\u00f9<\/span>\n                                    <svg class=\"icon\">\n                                    <use xlink:href=\"https:\/\/iicvarsavia.esteri.it\/wp-content\/themes\/sedi-tema\/assets\/svg\/sprites.svg#it-arrow-right\"><\/use>\n                                    <\/svg>\n                                <\/a>\n                                                        <\/div>\n                                                    <\/div>\n                    <\/div>\n                <\/div>\n                <!--end card-->\n                <\/div><!-- col-12 .mt-3-->\n                            <div class=\"col-12 mt-3\">\n                <!--start card-->\n                <div class=\"card-wrapper card-space\">\n                    <div class=\"card card-bg card-big border-bottom-card\">\n                        <div class=\"card-body row\">\n                                                    <div class=\"col-sm-3\">\n                                <div class=\"img-responsive\">\n                                    <figure class=\"img-wrapper\">\n                                        <a href=\"https:\/\/iicvarsavia.esteri.it\/it\/gli_eventi\/calendario\/festa-della-musica-concerto-dellensemble-i-bassifondi\/\" title=\"Leggi l'articolo: Festa della Musica | Concerto dell\u2019ensemble \u201cI Bassifondi\u201d\">\n                                                                                            <img loading=\"lazy\" decoding=\"async\" width=\"300\" height=\"200\" src=\"https:\/\/iicvarsavia.esteri.it\/wp-content\/uploads\/2026\/05\/KBF_25_07_2025_internet-66-300x200.jpg\" srcset=\"https:\/\/iicvarsavia.esteri.it\/wp-content\/uploads\/2026\/05\/KBF_25_07_2025_internet-66.jpg 1920w, https:\/\/iicvarsavia.esteri.it\/wp-content\/uploads\/2026\/05\/KBF_25_07_2025_internet-66-300x200.jpg 300w, https:\/\/iicvarsavia.esteri.it\/wp-content\/uploads\/2026\/05\/KBF_25_07_2025_internet-66-1024x683.jpg 1024w, https:\/\/iicvarsavia.esteri.it\/wp-content\/uploads\/2026\/05\/KBF_25_07_2025_internet-66-768x512.jpg 768w\" sizes=\"auto, (max-width: 1920px) 100vw, 1920px\"  title=\"KBF_25_07_2025_internet-66\" alt=\"\" class=\"img-fluid\">\n                                                                                    <\/a>\n                                    <\/figure>\n                                <\/div>\n                            <\/div>\n                            <div class=\"col-sm-9\">\n                                                            <div class=\"category-top\">\n                                    <span class=\"fw-bold text-danger\">Concluso<\/span>                                                                        <span class=\"data\">\n                                        <svg class=\"icon icon-secondary\">\n                                            <use xlink:href=\"https:\/\/iicvarsavia.esteri.it\/wp-content\/themes\/sedi-tema\/assets\/svg\/sprites.svg#it-calendar\"><\/use>\n                                        <\/svg> Mer 24 Giu 2026<svg class=\"icon icon-xs icon-secondary me-1 ms-1\"><use href=\"https:\/\/iicvarsavia.esteri.it\/wp-content\/themes\/sedi-tema\/assets\/svg\/sprites.svg#it-arrow-right\"><\/use><\/svg>Gio 25 Giu 2026                                    <\/span>\n                                                                    <\/div>\n                            <h5 class=\"card-title big-heading text-uppercase\"><a class=\"text-body text-decoration-none\" href=\"https:\/\/iicvarsavia.esteri.it\/it\/gli_eventi\/calendario\/festa-della-musica-concerto-dellensemble-i-bassifondi\/\" title=\"Festa della Musica | Concerto dell\u2019ensemble \u201cI Bassifondi\u201d\">Festa della Musica | Concerto dell\u2019ensemble \u201cI Bassifondi\u201d<\/a><\/h5>\n                            <p class=\"card-text\">In occasione della Festa della Musica, \u201cI Bassifondi\u201d, ensemble composto da Simone Vallerotonda e Gabriele Miracle, portano in Polonia il loro concerto \u201c&#8230;E simili persone col tamburello o con lo colascione &#8211; Canti, danze e racconti di strade e balconi\u201d. Da un\u2019idea di Simone Vallerotonda, il duo propone la musica del XVII e XVIII secolo [&hellip;]<\/p>\n                                <a title=\"Festa della Musica | Concerto dell\u2019ensemble \u201cI Bassifondi\u201d\" class=\"read-more\" href=\"https:\/\/iicvarsavia.esteri.it\/it\/gli_eventi\/calendario\/festa-della-musica-concerto-dellensemble-i-bassifondi\/\">\n                                    <span class=\"text\">Leggi di pi\u00f9<\/span>\n                                    <svg class=\"icon\">\n                                    <use xlink:href=\"https:\/\/iicvarsavia.esteri.it\/wp-content\/themes\/sedi-tema\/assets\/svg\/sprites.svg#it-arrow-right\"><\/use>\n                                    <\/svg>\n                                <\/a>\n                                                        <\/div>\n                                                    <\/div>\n                    <\/div>\n                <\/div>\n                <!--end card-->\n                <\/div><!-- col-12 .mt-3-->\n            \n            <div class=\"col-md-12 mt-4 pb-4\">\n                <nav class=\"navigation col-md-12\" aria-label=\"Navigation\">\n                    <h2 class=\"screen-reader-text visually-hidden\">Paginazione<\/h2>\n                    <div class=\"nav-links\">\n                    <span aria-current=\"page\" class=\"page-numbers current\">1<\/span>\n<a class=\"page-numbers\" href=\"https:\/\/iicvarsavia.esteri.it\/it\/wp-json\/wp\/v2\/pages\/11321\/?pag=2\">2<\/a>\n<a class=\"page-numbers\" href=\"https:\/\/iicvarsavia.esteri.it\/it\/wp-json\/wp\/v2\/pages\/11321\/?pag=3\">3<\/a>\n<span class=\"page-numbers dots\">&hellip;<\/span>\n<a class=\"page-numbers\" href=\"https:\/\/iicvarsavia.esteri.it\/it\/wp-json\/wp\/v2\/pages\/11321\/?pag=166\">166<\/a>\n<a class=\"next page-numbers\" href=\"https:\/\/iicvarsavia.esteri.it\/it\/wp-json\/wp\/v2\/pages\/11321\/?pag=2\"><svg class=\"icon icon-primary\"><use xlink:href=\"https:\/\/iicvarsavia.esteri.it\/wp-content\/themes\/sedi-tema\/assets\/svg\/sprites.svg#it-chevron-right\"><\/use><\/svg>\n                                    <span class=\"visually-hidden\">Pagina successiva<\/span><\/a>                    <\/div>\n                <\/nav>\n            <\/div>   <!--.col-md-12 -->\n              <\/div><!--.row -->\n              \n","protected":false},"excerpt":{"rendered":"","protected":false},"author":1,"featured_media":0,"parent":17,"menu_order":0,"comment_status":"closed","ping_status":"closed","template":"","meta":{"footnotes":""},"class_list":["post-11321","page","type-page","status-publish","hentry"],"_links":{"self":[{"href":"https:\/\/iicvarsavia.esteri.it\/it\/wp-json\/wp\/v2\/pages\/11321","targetHints":{"allow":["GET"]}}],"collection":[{"href":"https:\/\/iicvarsavia.esteri.it\/it\/wp-json\/wp\/v2\/pages"}],"about":[{"href":"https:\/\/iicvarsavia.esteri.it\/it\/wp-json\/wp\/v2\/types\/page"}],"author":[{"embeddable":true,"href":"https:\/\/iicvarsavia.esteri.it\/it\/wp-json\/wp\/v2\/users\/1"}],"replies":[{"embeddable":true,"href":"https:\/\/iicvarsavia.esteri.it\/it\/wp-json\/wp\/v2\/comments?post=11321"}],"version-history":[{"count":1,"href":"https:\/\/iicvarsavia.esteri.it\/it\/wp-json\/wp\/v2\/pages\/11321\/revisions"}],"predecessor-version":[{"id":11325,"href":"https:\/\/iicvarsavia.esteri.it\/it\/wp-json\/wp\/v2\/pages\/11321\/revisions\/11325"}],"up":[{"embeddable":true,"href":"https:\/\/iicvarsavia.esteri.it\/it\/wp-json\/wp\/v2\/pages\/17"}],"wp:attachment":[{"href":"https:\/\/iicvarsavia.esteri.it\/it\/wp-json\/wp\/v2\/media?parent=11321"}],"curies":[{"name":"wp","href":"https:\/\/api.w.org\/{rel}","templated":true}]}}