{"id":17,"date":"2023-04-03T20:31:30","date_gmt":"2023-04-03T18:31:30","guid":{"rendered":"https:\/\/istitutobuenosaires.esteri.it\/?page_id=17"},"modified":"2023-09-26T12:36:17","modified_gmt":"2023-09-26T10:36:17","slug":"gli_eventi","status":"publish","type":"page","link":"https:\/\/iicvarsavia.esteri.it\/it\/gli_eventi\/","title":{"rendered":"Eventi"},"content":{"rendered":"        <div class=\"row\">\n\t\t\t<!-- Ricerca sedi post -->\n\t\t\t<div class=\"col-12 mt-4\">\n\t\t\t  <div class=\"callout callout-highlight note ricerca-esteri p-4\">\n                    <div class=\"callout-title\">\n                        <svg class=\"icon\">\n                            <use xlink:href=\"https:\/\/iicvarsavia.esteri.it\/wp-content\/themes\/sedi-tema\/assets\/svg\/sprites.svg#it-search\"><\/use>\n                        <\/svg>Inserisci i parametri di ricerca                    <\/div>\n                    <form id=\"searchFormPost\" name=\"form-search-post\" class=\"form-row align-items-center\" action=\"https:\/\/iicvarsavia.esteri.it\/it\/wp-json\/wp\/v2\/pages\/17\/\" method=\"GET\"> \n                        <!-- <div class=\"form-group pt-5\"> -->\n                            <!-- <input type=\"hidden\" id=\"lang\" name=\"lang\" value=\"\"> --> <!-- <\/div> -->\n\n                        <div class=\"it-datepicker-wrapper\">\n                            <div class=\"row\">\n                                <div class=\"form-group col-md-6\">\n                                    <label class=\"active\" for=\"date-init\">Dal<\/label>\n                                    <input class=\"form-control\" name=\"date-init\" id=\"date-init\" type=\"date\" placeholder=\"gg\/mm\/aaaa\" value=\"\"lang=\"en-EN\">  \n                                <\/div>\n                                <div class=\"form-group col-md-6\">\n                                    <label class=\"active\" for=\"date-end\">Al<\/label>\n                                    <input class=\"form-control\" name=\"date-end\" id=\"date-end\" type=\"date\" placeholder=\"gg\/mm\/aaaa\" value=\"\">\n                                <\/div>\n                            <\/div>\n                        <\/div>\n                        <div class=\"form-group col-md-12 mt-3\">\n                            <label for=\"searchText\">Campo ricerca libera<\/label>\n                            <input type=\"text\" name=\"searchText\" class=\"form-control\" id=\"searchText\" value=\"\">\n                        <\/div>\n                        <div class=\"form-group col-md-4 offset-md-8 text-end\">\n                            <a href=\"https:\/\/iicvarsavia.esteri.it\/it\/gli_eventi\/\" title=\"Form reset\" id=\"resetImput\" class=\"btn btn-outline-primary btn-xs\">Reset<\/a>\n                            <button type=\"submit\" class=\"btn btn-primary btn-xs\">Mostra risultati<\/button>\n                        <\/div>\n                    <\/form>\n\t\t\t\t<\/div>\n\t\t\t<\/div>\n\t\t<\/div>\n                    \n            <div class=\"row\">\n                            <div class=\"col-12 mt-3\">\n                <!--start card-->\n                <div class=\"card-wrapper card-space\">\n                    <div class=\"card card-bg card-big border-bottom-card\">\n                        <div class=\"card-body row\">\n                                                    <div class=\"col-sm-3\">\n                                <div class=\"img-responsive\">\n                                    <figure class=\"img-wrapper\">\n                                        <a href=\"https:\/\/iicvarsavia.esteri.it\/it\/gli_eventi\/calendario\/federico-fellini-ciao-a-tutti-rassegna-cinematografica\/\" title=\"Leggi l'articolo: FEDERICO FELLINI: CIAO A TUTTI! &#8211; RASSEGNA CINEMATOGRAFICA\">\n                                                                                            <img loading=\"lazy\" decoding=\"async\" width=\"300\" height=\"169\" src=\"https:\/\/iicvarsavia.esteri.it\/wp-content\/uploads\/2026\/05\/16x9-plansza-300x169.jpg\" srcset=\"https:\/\/iicvarsavia.esteri.it\/wp-content\/uploads\/2026\/05\/16x9-plansza.jpg 1920w, https:\/\/iicvarsavia.esteri.it\/wp-content\/uploads\/2026\/05\/16x9-plansza-300x169.jpg 300w, https:\/\/iicvarsavia.esteri.it\/wp-content\/uploads\/2026\/05\/16x9-plansza-1024x576.jpg 1024w, https:\/\/iicvarsavia.esteri.it\/wp-content\/uploads\/2026\/05\/16x9-plansza-768x432.jpg 768w\" sizes=\"auto, (max-width: 1920px) 100vw, 1920px\"  title=\"16&#215;9-plansza\" alt=\"\" class=\"img-fluid\">\n                                                                                    <\/a>\n                                    <\/figure>\n                                <\/div>\n                            <\/div>\n                            <div class=\"col-sm-9\">\n                                                            <div class=\"category-top\">\n                                    <span class=\"fw-bold text-success\">In corso<\/span>                                                                        <span class=\"data\">\n                                        <svg class=\"icon icon-secondary\">\n                                            <use xlink:href=\"https:\/\/iicvarsavia.esteri.it\/wp-content\/themes\/sedi-tema\/assets\/svg\/sprites.svg#it-calendar\"><\/use>\n                                        <\/svg> Mar 09 Giu 2026<svg class=\"icon icon-xs icon-secondary me-1 ms-1\"><use href=\"https:\/\/iicvarsavia.esteri.it\/wp-content\/themes\/sedi-tema\/assets\/svg\/sprites.svg#it-arrow-right\"><\/use><\/svg>Mer 30 Set 2026                                    <\/span>\n                                                                    <\/div>\n                            <h5 class=\"card-title big-heading text-uppercase\"><a class=\"text-body text-decoration-none\" href=\"https:\/\/iicvarsavia.esteri.it\/it\/gli_eventi\/calendario\/federico-fellini-ciao-a-tutti-rassegna-cinematografica\/\" title=\"FEDERICO FELLINI: CIAO A TUTTI! &#8211; RASSEGNA CINEMATOGRAFICA\">FEDERICO FELLINI: CIAO A TUTTI! &#8211; RASSEGNA CINEMATOGRAFICA<\/a><\/h5>\n                            <p class=\"card-text\">Quest&#8217;estate la Stowarzyszenie Kin Studyjnych (Associazione dei Cinema d&#8217;Essai) invita gli spettatori a un nuovo viaggio nel cinema italiano. Nell&#8217;ambito della rassegna estiva, decine di cinema d&#8217;essai in tutta la Polonia proietteranno sei film restaurati di Federico Fellini, uno dei massimi autori del cinema europeo del Novecento. La rassegna &#8220;FEDERICO FELLINI: ciao a tutti!&#8221; presenta: [&hellip;]<\/p>\n                                <a title=\"FEDERICO FELLINI: CIAO A TUTTI! &#8211; RASSEGNA CINEMATOGRAFICA\" class=\"read-more\" href=\"https:\/\/iicvarsavia.esteri.it\/it\/gli_eventi\/calendario\/federico-fellini-ciao-a-tutti-rassegna-cinematografica\/\">\n                                    <span class=\"text\">Leggi di pi\u00f9<\/span>\n                                    <svg class=\"icon\">\n                                    <use xlink:href=\"https:\/\/iicvarsavia.esteri.it\/wp-content\/themes\/sedi-tema\/assets\/svg\/sprites.svg#it-arrow-right\"><\/use>\n                                    <\/svg>\n                                <\/a>\n                                                        <\/div>\n                                                    <\/div>\n                    <\/div>\n                <\/div>\n                <!--end card-->\n                <\/div><!-- col-12 .mt-3-->\n                            <div class=\"col-12 mt-3\">\n                <!--start card-->\n                <div class=\"card-wrapper card-space\">\n                    <div class=\"card card-bg card-big border-bottom-card\">\n                        <div class=\"card-body row\">\n                                                    <div class=\"col-sm-3\">\n                                <div class=\"img-responsive\">\n                                    <figure class=\"img-wrapper\">\n                                        <a href=\"https:\/\/iicvarsavia.esteri.it\/it\/gli_eventi\/calendario\/sigma-di-antonio-raia-al-lublin-jazz-festival\/\" title=\"Leggi l'articolo: &#8220;Sigma&#8221; di Antonio Raia al Lublin Jazz Festival\">\n                                                                                            <img loading=\"lazy\" decoding=\"async\" width=\"300\" height=\"184\" src=\"https:\/\/iicvarsavia.esteri.it\/wp-content\/uploads\/2026\/08\/Banner-48-300x184.jpg\" srcset=\"https:\/\/iicvarsavia.esteri.it\/wp-content\/uploads\/2026\/08\/Banner-48.jpg 867w, https:\/\/iicvarsavia.esteri.it\/wp-content\/uploads\/2026\/08\/Banner-48-300x184.jpg 300w, https:\/\/iicvarsavia.esteri.it\/wp-content\/uploads\/2026\/08\/Banner-48-768x470.jpg 768w\" sizes=\"auto, (max-width: 867px) 100vw, 867px\"  title=\"Banner (48)\" alt=\"\" class=\"img-fluid\">\n                                                                                    <\/a>\n                                    <\/figure>\n                                <\/div>\n                            <\/div>\n                            <div class=\"col-sm-9\">\n                                                            <div class=\"category-top\">\n                                    <span class=\"fw-bold \"><\/span>                                                                        <span class=\"\">\n                                        <svg class=\"icon icon-secondary\">\n                                            <use xlink:href=\"https:\/\/iicvarsavia.esteri.it\/wp-content\/themes\/sedi-tema\/assets\/svg\/sprites.svg#it-calendar\"><\/use>\n                                        <\/svg> Ven 11 Set 2026                                    <\/span>\n                                                                    <\/div>\n                            <h5 class=\"card-title big-heading text-uppercase\"><a class=\"text-body text-decoration-none\" href=\"https:\/\/iicvarsavia.esteri.it\/it\/gli_eventi\/calendario\/sigma-di-antonio-raia-al-lublin-jazz-festival\/\" title=\"&#8220;Sigma&#8221; di Antonio Raia al Lublin Jazz Festival\">&#8220;Sigma&#8221; di Antonio Raia al Lublin Jazz Festival<\/a><\/h5>\n                            <p class=\"card-text\">Nell\u2019ambito della 16\u00aa edizione del Lublin Jazz Festival: Forever Ahead, l\u201911 settembre sar\u00e0 presentato in prima assoluta [\u03a3] Sigma, nuovo progetto del musicista e artista italiano Antonio Raia, realizzato con il sostegno dell\u2019Istituto Italiano di Cultura di Varsavia. Sigma \u00e8 un\u2019opera interamente acustica costruita sul suono del sassofono baritono e contralto, del koshi e della [&hellip;]<\/p>\n                                <a title=\"&#8220;Sigma&#8221; di Antonio Raia al Lublin Jazz Festival\" class=\"read-more\" href=\"https:\/\/iicvarsavia.esteri.it\/it\/gli_eventi\/calendario\/sigma-di-antonio-raia-al-lublin-jazz-festival\/\">\n                                    <span class=\"text\">Leggi di pi\u00f9<\/span>\n                                    <svg class=\"icon\">\n                                    <use xlink:href=\"https:\/\/iicvarsavia.esteri.it\/wp-content\/themes\/sedi-tema\/assets\/svg\/sprites.svg#it-arrow-right\"><\/use>\n                                    <\/svg>\n                                <\/a>\n                                                        <\/div>\n                                                    <\/div>\n                    <\/div>\n                <\/div>\n                <!--end card-->\n                <\/div><!-- col-12 .mt-3-->\n                            <div class=\"col-12 mt-3\">\n                <!--start card-->\n                <div class=\"card-wrapper card-space\">\n                    <div class=\"card card-bg card-big border-bottom-card\">\n                        <div class=\"card-body row\">\n                                                    <div class=\"col-sm-3\">\n                                <div class=\"img-responsive\">\n                                    <figure class=\"img-wrapper\">\n                                        <a href=\"https:\/\/iicvarsavia.esteri.it\/it\/gli_eventi\/calendario\/cero-e-non-cero-repertorio-di-epitaffi-pronto-uso-presentazione-del-libro-di-roberto-polce\/\" title=\"Leggi l'articolo: &#8220;C\u2019ero e non c\u2019ero. Repertorio di epitaffi pronto uso.&#8221; Presentazione del libro di Roberto Polce\">\n                                                                                            <img loading=\"lazy\" decoding=\"async\" width=\"300\" height=\"184\" src=\"https:\/\/iicvarsavia.esteri.it\/wp-content\/uploads\/2026\/08\/Banner-54-300x184.jpg\" srcset=\"https:\/\/iicvarsavia.esteri.it\/wp-content\/uploads\/2026\/08\/Banner-54.jpg 867w, https:\/\/iicvarsavia.esteri.it\/wp-content\/uploads\/2026\/08\/Banner-54-300x184.jpg 300w, https:\/\/iicvarsavia.esteri.it\/wp-content\/uploads\/2026\/08\/Banner-54-768x470.jpg 768w\" sizes=\"auto, (max-width: 867px) 100vw, 867px\"  title=\"Banner (54)\" alt=\"\" class=\"img-fluid\">\n                                                                                    <\/a>\n                                    <\/figure>\n                                <\/div>\n                            <\/div>\n                            <div class=\"col-sm-9\">\n                                                            <div class=\"category-top\">\n                                    <span class=\"fw-bold \"><\/span>                                                                        <span class=\"\">\n                                        <svg class=\"icon icon-secondary\">\n                                            <use xlink:href=\"https:\/\/iicvarsavia.esteri.it\/wp-content\/themes\/sedi-tema\/assets\/svg\/sprites.svg#it-calendar\"><\/use>\n                                        <\/svg> Lun 14 Set 2026                                    <\/span>\n                                                                    <\/div>\n                            <h5 class=\"card-title big-heading text-uppercase\"><a class=\"text-body text-decoration-none\" href=\"https:\/\/iicvarsavia.esteri.it\/it\/gli_eventi\/calendario\/cero-e-non-cero-repertorio-di-epitaffi-pronto-uso-presentazione-del-libro-di-roberto-polce\/\" title=\"&#8220;C\u2019ero e non c\u2019ero. Repertorio di epitaffi pronto uso.&#8221; Presentazione del libro di Roberto Polce\">&#8220;C\u2019ero e non c\u2019ero. Repertorio di epitaffi pronto uso.&#8221; Presentazione del libro di Roberto Polce<\/a><\/h5>\n                            <p class=\"card-text\">L\u2019Istituto Italiano di Cultura di Varsavia ospita la presentazione di C\u2019ero e non c\u2019ero. Repertorio di epitaffi pronto uso di Roberto Polce, pubblicato da Infinito Edizioni (2025). Il libro nasce da un\u2019originale e surreale invenzione narrativa: il protagonista racconta di ricevere, al mattino, le voci dei morti, che gli affidano parole, frasi e talvolta interi [&hellip;]<\/p>\n                                <a title=\"&#8220;C\u2019ero e non c\u2019ero. Repertorio di epitaffi pronto uso.&#8221; Presentazione del libro di Roberto Polce\" class=\"read-more\" href=\"https:\/\/iicvarsavia.esteri.it\/it\/gli_eventi\/calendario\/cero-e-non-cero-repertorio-di-epitaffi-pronto-uso-presentazione-del-libro-di-roberto-polce\/\">\n                                    <span class=\"text\">Leggi di pi\u00f9<\/span>\n                                    <svg class=\"icon\">\n                                    <use xlink:href=\"https:\/\/iicvarsavia.esteri.it\/wp-content\/themes\/sedi-tema\/assets\/svg\/sprites.svg#it-arrow-right\"><\/use>\n                                    <\/svg>\n                                <\/a>\n                                                        <\/div>\n                                                    <\/div>\n                    <\/div>\n                <\/div>\n                <!--end card-->\n                <\/div><!-- col-12 .mt-3-->\n                            <div class=\"col-12 mt-3\">\n                <!--start card-->\n                <div class=\"card-wrapper card-space\">\n                    <div class=\"card card-bg card-big border-bottom-card\">\n                        <div class=\"card-body row\">\n                                                    <div class=\"col-sm-3\">\n                                <div class=\"img-responsive\">\n                                    <figure class=\"img-wrapper\">\n                                        <a href=\"https:\/\/iicvarsavia.esteri.it\/it\/gli_eventi\/calendario\/marco-bartoccioni-band-al-xvii-international-ochota-blues-festival\/\" title=\"Leggi l'articolo: Marco Bartoccioni Band al XVII International Ochota Blues Festival\">\n                                                                                            <img loading=\"lazy\" decoding=\"async\" width=\"300\" height=\"184\" src=\"https:\/\/iicvarsavia.esteri.it\/wp-content\/uploads\/2026\/08\/Banner-60-300x184.jpg\" srcset=\"https:\/\/iicvarsavia.esteri.it\/wp-content\/uploads\/2026\/08\/Banner-60.jpg 867w, https:\/\/iicvarsavia.esteri.it\/wp-content\/uploads\/2026\/08\/Banner-60-300x184.jpg 300w, https:\/\/iicvarsavia.esteri.it\/wp-content\/uploads\/2026\/08\/Banner-60-768x470.jpg 768w\" sizes=\"auto, (max-width: 867px) 100vw, 867px\"  title=\"Banner (60)\" alt=\"\" class=\"img-fluid\">\n                                                                                    <\/a>\n                                    <\/figure>\n                                <\/div>\n                            <\/div>\n                            <div class=\"col-sm-9\">\n                                                            <div class=\"category-top\">\n                                    <span class=\"fw-bold \"><\/span>                                                                        <span class=\"\">\n                                        <svg class=\"icon icon-secondary\">\n                                            <use xlink:href=\"https:\/\/iicvarsavia.esteri.it\/wp-content\/themes\/sedi-tema\/assets\/svg\/sprites.svg#it-calendar\"><\/use>\n                                        <\/svg> Sab 19 Set 2026                                    <\/span>\n                                                                    <\/div>\n                            <h5 class=\"card-title big-heading text-uppercase\"><a class=\"text-body text-decoration-none\" href=\"https:\/\/iicvarsavia.esteri.it\/it\/gli_eventi\/calendario\/marco-bartoccioni-band-al-xvii-international-ochota-blues-festival\/\" title=\"Marco Bartoccioni Band al XVII International Ochota Blues Festival\">Marco Bartoccioni Band al XVII International Ochota Blues Festival<\/a><\/h5>\n                            <p class=\"card-text\">Il 19 settembre il trio italiano Marco Bartoccioni Band sar\u00e0 protagonista della XVII edizione dell\u2019International Ochota Blues Festival, uno dei principali appuntamenti dedicati al blues a Varsavia. Il concerto \u00e8 realizzato in collaborazione con la Fundacja 9 Muz e con il sostegno dell\u2019Istituto Italiano di Cultura di Varsavia. Marco Bartoccioni, conosciuto come Bartok, \u00e8 un [&hellip;]<\/p>\n                                <a title=\"Marco Bartoccioni Band al XVII International Ochota Blues Festival\" class=\"read-more\" href=\"https:\/\/iicvarsavia.esteri.it\/it\/gli_eventi\/calendario\/marco-bartoccioni-band-al-xvii-international-ochota-blues-festival\/\">\n                                    <span class=\"text\">Leggi di pi\u00f9<\/span>\n                                    <svg class=\"icon\">\n                                    <use xlink:href=\"https:\/\/iicvarsavia.esteri.it\/wp-content\/themes\/sedi-tema\/assets\/svg\/sprites.svg#it-arrow-right\"><\/use>\n                                    <\/svg>\n                                <\/a>\n                                                        <\/div>\n                                                    <\/div>\n                    <\/div>\n                <\/div>\n                <!--end card-->\n                <\/div><!-- col-12 .mt-3-->\n                            <div class=\"col-12 mt-3\">\n                <!--start card-->\n                <div class=\"card-wrapper card-space\">\n                    <div class=\"card card-bg card-big border-bottom-card\">\n                        <div class=\"card-body row\">\n                                                    <div class=\"col-sm-3\">\n                                <div class=\"img-responsive\">\n                                    <figure class=\"img-wrapper\">\n                                        <a href=\"https:\/\/iicvarsavia.esteri.it\/it\/gli_eventi\/calendario\/asincrono\/\" title=\"Leggi l'articolo: ASINCRONO\">\n                                                                                            <img loading=\"lazy\" decoding=\"async\" width=\"300\" height=\"184\" src=\"https:\/\/iicvarsavia.esteri.it\/wp-content\/uploads\/2026\/08\/Banner-52-300x184.jpg\" srcset=\"https:\/\/iicvarsavia.esteri.it\/wp-content\/uploads\/2026\/08\/Banner-52.jpg 867w, https:\/\/iicvarsavia.esteri.it\/wp-content\/uploads\/2026\/08\/Banner-52-300x184.jpg 300w, https:\/\/iicvarsavia.esteri.it\/wp-content\/uploads\/2026\/08\/Banner-52-768x470.jpg 768w\" sizes=\"auto, (max-width: 867px) 100vw, 867px\"  title=\"Banner (52)\" alt=\"\" class=\"img-fluid\">\n                                                                                    <\/a>\n                                    <\/figure>\n                                <\/div>\n                            <\/div>\n                            <div class=\"col-sm-9\">\n                                                            <div class=\"category-top\">\n                                    <span class=\"fw-bold \"><\/span>                                                                        <span class=\"\">\n                                        <svg class=\"icon icon-secondary\">\n                                            <use xlink:href=\"https:\/\/iicvarsavia.esteri.it\/wp-content\/themes\/sedi-tema\/assets\/svg\/sprites.svg#it-calendar\"><\/use>\n                                        <\/svg> Mer 23 Set 2026                                    <\/span>\n                                                                    <\/div>\n                            <h5 class=\"card-title big-heading text-uppercase\"><a class=\"text-body text-decoration-none\" href=\"https:\/\/iicvarsavia.esteri.it\/it\/gli_eventi\/calendario\/asincrono\/\" title=\"ASINCRONO\">ASINCRONO<\/a><\/h5>\n                            <p class=\"card-text\">ASINCRONO \u00e8 un progetto di ricerca che esplora il rapporto tra essere umano e macchina a partire da una domanda: se oggi programmiamo le macchine per renderle sempre pi\u00f9 simili a noi, da quanto tempo, invece, l\u2019uomo cerca di assumere le qualit\u00e0 della macchina? Velocit\u00e0, precisione, resistenza e produttivit\u00e0 rappresentano da secoli ideali di perfezione. [&hellip;]<\/p>\n                                <a title=\"ASINCRONO\" class=\"read-more\" href=\"https:\/\/iicvarsavia.esteri.it\/it\/gli_eventi\/calendario\/asincrono\/\">\n                                    <span class=\"text\">Leggi di pi\u00f9<\/span>\n                                    <svg class=\"icon\">\n                                    <use xlink:href=\"https:\/\/iicvarsavia.esteri.it\/wp-content\/themes\/sedi-tema\/assets\/svg\/sprites.svg#it-arrow-right\"><\/use>\n                                    <\/svg>\n                                <\/a>\n                                                        <\/div>\n                                                    <\/div>\n                    <\/div>\n                <\/div>\n                <!--end card-->\n                <\/div><!-- col-12 .mt-3-->\n                            <div class=\"col-12 mt-3\">\n                <!--start card-->\n                <div class=\"card-wrapper card-space\">\n                    <div class=\"card card-bg card-big border-bottom-card\">\n                        <div class=\"card-body row\">\n                                                    <div class=\"col-sm-3\">\n                                <div class=\"img-responsive\">\n                                    <figure class=\"img-wrapper\">\n                                        <a href=\"https:\/\/iicvarsavia.esteri.it\/it\/gli_eventi\/calendario\/dylan-dog-40-anni-di-incubi-ai-bacanalia-fantastici-2026\/\" title=\"Leggi l'articolo: &#8220;Dylan Dog: 40 anni di incubi&#8221; ai Bacanalia Fantastici 2026\">\n                                                                                            <img loading=\"lazy\" decoding=\"async\" width=\"300\" height=\"150\" src=\"https:\/\/iicvarsavia.esteri.it\/wp-content\/uploads\/2026\/07\/image-300x150.png\" srcset=\"https:\/\/iicvarsavia.esteri.it\/wp-content\/uploads\/2026\/07\/image.png 1774w, https:\/\/iicvarsavia.esteri.it\/wp-content\/uploads\/2026\/07\/image-300x150.png 300w, https:\/\/iicvarsavia.esteri.it\/wp-content\/uploads\/2026\/07\/image-1024x512.png 1024w, https:\/\/iicvarsavia.esteri.it\/wp-content\/uploads\/2026\/07\/image-768x384.png 768w\" sizes=\"auto, (max-width: 1774px) 100vw, 1774px\"  title=\"image\" alt=\"\" class=\"img-fluid\">\n                                                                                    <\/a>\n                                    <\/figure>\n                                <\/div>\n                            <\/div>\n                            <div class=\"col-sm-9\">\n                                                            <div class=\"category-top\">\n                                    <span class=\"fw-bold \"><\/span>                                                                        <span class=\"\">\n                                        <svg class=\"icon icon-secondary\">\n                                            <use xlink:href=\"https:\/\/iicvarsavia.esteri.it\/wp-content\/themes\/sedi-tema\/assets\/svg\/sprites.svg#it-calendar\"><\/use>\n                                        <\/svg> Ven 25 Set 2026<svg class=\"icon icon-xs icon-secondary me-1 ms-1\"><use href=\"https:\/\/iicvarsavia.esteri.it\/wp-content\/themes\/sedi-tema\/assets\/svg\/sprites.svg#it-arrow-right\"><\/use><\/svg>Dom 27 Set 2026                                    <\/span>\n                                                                    <\/div>\n                            <h5 class=\"card-title big-heading text-uppercase\"><a class=\"text-body text-decoration-none\" href=\"https:\/\/iicvarsavia.esteri.it\/it\/gli_eventi\/calendario\/dylan-dog-40-anni-di-incubi-ai-bacanalia-fantastici-2026\/\" title=\"&#8220;Dylan Dog: 40 anni di incubi&#8221; ai Bacanalia Fantastici 2026\">&#8220;Dylan Dog: 40 anni di incubi&#8221; ai Bacanalia Fantastici 2026<\/a><\/h5>\n                            <p class=\"card-text\">Dal 25 al 27 settembre 2026, Zielona G\u00f3ra ospiter\u00e0 la 40\u00aa edizione dei Bacanalia Fantastici (Bachanalia Fantastyczne), il Festival Nazionale degli Appassionati di Fantasy, che quest\u2019anno sar\u00e0 caratterizzato dalla concomitante celebrazione dei 40 anni del Polcon, la pi\u00f9 importante convention nazionale polacca dedicata al fantasy. La doppia ricorrenza dar\u00e0 vita a un programma ricco di [&hellip;]<\/p>\n                                <a title=\"&#8220;Dylan Dog: 40 anni di incubi&#8221; ai Bacanalia Fantastici 2026\" class=\"read-more\" href=\"https:\/\/iicvarsavia.esteri.it\/it\/gli_eventi\/calendario\/dylan-dog-40-anni-di-incubi-ai-bacanalia-fantastici-2026\/\">\n                                    <span class=\"text\">Leggi di pi\u00f9<\/span>\n                                    <svg class=\"icon\">\n                                    <use xlink:href=\"https:\/\/iicvarsavia.esteri.it\/wp-content\/themes\/sedi-tema\/assets\/svg\/sprites.svg#it-arrow-right\"><\/use>\n                                    <\/svg>\n                                <\/a>\n                                                        <\/div>\n                                                    <\/div>\n                    <\/div>\n                <\/div>\n                <!--end card-->\n                <\/div><!-- col-12 .mt-3-->\n                            <div class=\"col-12 mt-3\">\n                <!--start card-->\n                <div class=\"card-wrapper card-space\">\n                    <div class=\"card card-bg card-big border-bottom-card\">\n                        <div class=\"card-body row\">\n                                                    <div class=\"col-sm-3\">\n                                <div class=\"img-responsive\">\n                                    <figure class=\"img-wrapper\">\n                                        <a href=\"https:\/\/iicvarsavia.esteri.it\/it\/gli_eventi\/calendario\/un-plus-per-la-didattica-insegnare-litaliano-a-stranieri-tra-esperienza-e-innovazione\/\" title=\"Leggi l'articolo: Un PLUS per la didattica: insegnare l\u2019italiano a stranieri tra esperienza e innovazione\">\n                                                                                            <img loading=\"lazy\" decoding=\"async\" width=\"300\" height=\"184\" src=\"https:\/\/iicvarsavia.esteri.it\/wp-content\/uploads\/2026\/08\/Banner-53-300x184.jpg\" srcset=\"https:\/\/iicvarsavia.esteri.it\/wp-content\/uploads\/2026\/08\/Banner-53.jpg 867w, https:\/\/iicvarsavia.esteri.it\/wp-content\/uploads\/2026\/08\/Banner-53-300x184.jpg 300w, https:\/\/iicvarsavia.esteri.it\/wp-content\/uploads\/2026\/08\/Banner-53-768x470.jpg 768w\" sizes=\"auto, (max-width: 867px) 100vw, 867px\"  title=\"Banner (53)\" alt=\"\" class=\"img-fluid\">\n                                                                                    <\/a>\n                                    <\/figure>\n                                <\/div>\n                            <\/div>\n                            <div class=\"col-sm-9\">\n                                                            <div class=\"category-top\">\n                                    <span class=\"fw-bold \"><\/span>                                                                        <span class=\"\">\n                                        <svg class=\"icon icon-secondary\">\n                                            <use xlink:href=\"https:\/\/iicvarsavia.esteri.it\/wp-content\/themes\/sedi-tema\/assets\/svg\/sprites.svg#it-calendar\"><\/use>\n                                        <\/svg> Ven 25 Set 2026                                    <\/span>\n                                                                    <\/div>\n                            <h5 class=\"card-title big-heading text-uppercase\"><a class=\"text-body text-decoration-none\" href=\"https:\/\/iicvarsavia.esteri.it\/it\/gli_eventi\/calendario\/un-plus-per-la-didattica-insegnare-litaliano-a-stranieri-tra-esperienza-e-innovazione\/\" title=\"Un PLUS per la didattica: insegnare l\u2019italiano a stranieri tra esperienza e innovazione\">Un PLUS per la didattica: insegnare l\u2019italiano a stranieri tra esperienza e innovazione<\/a><\/h5>\n                            <p class=\"card-text\">L\u2019Istituto Italiano di Cultura di Varsavia \u00e8 lieto di ospitare un corso di aggiornamento rivolto ai docenti di italiano L2\/LS, organizzato dalla casa editrice ALMA Edizioni e dedicato al potenziamento e all\u2019innovazione dell\u2019offerta didattica per l\u2019insegnamento dell\u2019italiano agli stranieri. L\u2019iniziativa rappresenta un\u2019importante occasione di formazione e confronto professionale, offrendo ai partecipanti l\u2019opportunit\u00e0 di approfondire metodologie [&hellip;]<\/p>\n                                <a title=\"Un PLUS per la didattica: insegnare l\u2019italiano a stranieri tra esperienza e innovazione\" class=\"read-more\" href=\"https:\/\/iicvarsavia.esteri.it\/it\/gli_eventi\/calendario\/un-plus-per-la-didattica-insegnare-litaliano-a-stranieri-tra-esperienza-e-innovazione\/\">\n                                    <span class=\"text\">Leggi di pi\u00f9<\/span>\n                                    <svg class=\"icon\">\n                                    <use xlink:href=\"https:\/\/iicvarsavia.esteri.it\/wp-content\/themes\/sedi-tema\/assets\/svg\/sprites.svg#it-arrow-right\"><\/use>\n                                    <\/svg>\n                                <\/a>\n                                                        <\/div>\n                                                    <\/div>\n                    <\/div>\n                <\/div>\n                <!--end card-->\n                <\/div><!-- col-12 .mt-3-->\n                            <div class=\"col-12 mt-3\">\n                <!--start card-->\n                <div class=\"card-wrapper card-space\">\n                    <div class=\"card card-bg card-big border-bottom-card\">\n                        <div class=\"card-body row\">\n                                                    <div class=\"col-sm-3\">\n                                <div class=\"img-responsive\">\n                                    <figure class=\"img-wrapper\">\n                                        <a href=\"https:\/\/iicvarsavia.esteri.it\/it\/gli_eventi\/calendario\/marco-delisi-al-festival-sacrum-et-musica-di-zambrow-e-grajewo\/\" title=\"Leggi l'articolo: Marco Delisi al Festival \u201cSacrum et Musica\u201d di Zambr\u00f3w e Grajewo\">\n                                                                                            <img loading=\"lazy\" decoding=\"async\" width=\"300\" height=\"184\" src=\"https:\/\/iicvarsavia.esteri.it\/wp-content\/uploads\/2026\/08\/Banner-59-300x184.jpg\" srcset=\"https:\/\/iicvarsavia.esteri.it\/wp-content\/uploads\/2026\/08\/Banner-59.jpg 867w, https:\/\/iicvarsavia.esteri.it\/wp-content\/uploads\/2026\/08\/Banner-59-300x184.jpg 300w, https:\/\/iicvarsavia.esteri.it\/wp-content\/uploads\/2026\/08\/Banner-59-768x470.jpg 768w\" sizes=\"auto, (max-width: 867px) 100vw, 867px\"  title=\"Banner (59)\" alt=\"\" class=\"img-fluid\">\n                                                                                    <\/a>\n                                    <\/figure>\n                                <\/div>\n                            <\/div>\n                            <div class=\"col-sm-9\">\n                                                            <div class=\"category-top\">\n                                    <span class=\"fw-bold \"><\/span>                                                                        <span class=\"\">\n                                        <svg class=\"icon icon-secondary\">\n                                            <use xlink:href=\"https:\/\/iicvarsavia.esteri.it\/wp-content\/themes\/sedi-tema\/assets\/svg\/sprites.svg#it-calendar\"><\/use>\n                                        <\/svg> Dom 27 Set 2026                                    <\/span>\n                                                                    <\/div>\n                            <h5 class=\"card-title big-heading text-uppercase\"><a class=\"text-body text-decoration-none\" href=\"https:\/\/iicvarsavia.esteri.it\/it\/gli_eventi\/calendario\/marco-delisi-al-festival-sacrum-et-musica-di-zambrow-e-grajewo\/\" title=\"Marco Delisi al Festival \u201cSacrum et Musica\u201d di Zambr\u00f3w e Grajewo\">Marco Delisi al Festival \u201cSacrum et Musica\u201d di Zambr\u00f3w e Grajewo<\/a><\/h5>\n                            <p class=\"card-text\">L\u2019Istituto Italiano di Cultura di Varsavia \u00e8 lieto di collaborare con la Filarmonica da Camera di \u0141om\u017ca all\u2019organizzazione di due concerti del flautista italiano Marco Delisi, in programma il 27 settembre 2026 nell\u2019ambito della XXII edizione del Festival internazionale di musica da camera \u201cSacrum et Musica\u201d. La giornata vedr\u00e0 Marco Delisi protagonista, insieme al baritono [&hellip;]<\/p>\n                                <a title=\"Marco Delisi al Festival \u201cSacrum et Musica\u201d di Zambr\u00f3w e Grajewo\" class=\"read-more\" href=\"https:\/\/iicvarsavia.esteri.it\/it\/gli_eventi\/calendario\/marco-delisi-al-festival-sacrum-et-musica-di-zambrow-e-grajewo\/\">\n                                    <span class=\"text\">Leggi di pi\u00f9<\/span>\n                                    <svg class=\"icon\">\n                                    <use xlink:href=\"https:\/\/iicvarsavia.esteri.it\/wp-content\/themes\/sedi-tema\/assets\/svg\/sprites.svg#it-arrow-right\"><\/use>\n                                    <\/svg>\n                                <\/a>\n                                                        <\/div>\n                                                    <\/div>\n                    <\/div>\n                <\/div>\n                <!--end card-->\n                <\/div><!-- col-12 .mt-3-->\n            \n            <div class=\"col-md-12 mt-4 pb-4\">\n                <nav class=\"navigation col-md-12\" aria-label=\"Navigation\">\n                    <h2 class=\"screen-reader-text visually-hidden\">Paginazione<\/h2>\n                    <div class=\"nav-links\">\n                                        <\/div>\n                <\/nav>\n            <\/div>   <!--.col-md-12 -->\n              <\/div><!--.row -->\n              \n","protected":false},"excerpt":{"rendered":"","protected":false},"author":1,"featured_media":0,"parent":0,"menu_order":6,"comment_status":"closed","ping_status":"closed","template":"","meta":{"footnotes":""},"class_list":["post-17","page","type-page","status-publish","hentry"],"_links":{"self":[{"href":"https:\/\/iicvarsavia.esteri.it\/it\/wp-json\/wp\/v2\/pages\/17","targetHints":{"allow":["GET"]}}],"collection":[{"href":"https:\/\/iicvarsavia.esteri.it\/it\/wp-json\/wp\/v2\/pages"}],"about":[{"href":"https:\/\/iicvarsavia.esteri.it\/it\/wp-json\/wp\/v2\/types\/page"}],"author":[{"embeddable":true,"href":"https:\/\/iicvarsavia.esteri.it\/it\/wp-json\/wp\/v2\/users\/1"}],"replies":[{"embeddable":true,"href":"https:\/\/iicvarsavia.esteri.it\/it\/wp-json\/wp\/v2\/comments?post=17"}],"version-history":[{"count":1,"href":"https:\/\/iicvarsavia.esteri.it\/it\/wp-json\/wp\/v2\/pages\/17\/revisions"}],"predecessor-version":[{"id":21,"href":"https:\/\/iicvarsavia.esteri.it\/it\/wp-json\/wp\/v2\/pages\/17\/revisions\/21"}],"wp:attachment":[{"href":"https:\/\/iicvarsavia.esteri.it\/it\/wp-json\/wp\/v2\/media?parent=17"}],"curies":[{"name":"wp","href":"https:\/\/api.w.org\/{rel}","templated":true}]}}