{"id":11328,"date":"2024-07-19T12:43:40","date_gmt":"2024-07-19T10:43:40","guid":{"rendered":"https:\/\/iicvarsavia.esteri.it\/gli_eventi\/archivio-eventi\/"},"modified":"2024-11-08T18:33:24","modified_gmt":"2024-11-08T17:33:24","slug":"archivio-eventi","status":"publish","type":"page","link":"https:\/\/iicvarsavia.esteri.it\/pl\/gli_eventi\/archivio-eventi\/","title":{"rendered":"Archiwum Wydarze\u0144"},"content":{"rendered":"        <div class=\"row\">\n\t\t\t<!-- Ricerca sedi post -->\n\t\t\t<div class=\"col-12 mt-4\">\n\t\t\t  <div class=\"callout callout-highlight note ricerca-esteri p-4\">\n                    <div class=\"callout-title\">\n                        <svg class=\"icon\">\n                            <use xlink:href=\"https:\/\/iicvarsavia.esteri.it\/wp-content\/themes\/sedi-tema\/assets\/svg\/sprites.svg#it-search\"><\/use>\n                        <\/svg>Wpisz parametry wyszukiwania                    <\/div>\n                    <form id=\"searchFormPost\" name=\"form-search-post\" class=\"form-row align-items-center\" action=\"https:\/\/iicvarsavia.esteri.it\/pl\/wp-json\/wp\/v2\/pages\/11328\/\" method=\"GET\"> \n                        <!-- <div class=\"form-group pt-5\"> -->\n                            <!-- <input type=\"hidden\" id=\"lang\" name=\"lang\" value=\"\"> --> <!-- <\/div> -->\n\n                        <div class=\"it-datepicker-wrapper\">\n                            <div class=\"row\">\n                                <div class=\"form-group col-md-6\">\n                                    <label class=\"active\" for=\"date-init\">Od<\/label>\n                                    <input class=\"form-control\" name=\"date-init\" id=\"date-init\" type=\"date\" placeholder=\"gg\/mm\/aaaa\" value=\"\"lang=\"en-EN\">  \n                                <\/div>\n                                <div class=\"form-group col-md-6\">\n                                    <label class=\"active\" for=\"date-end\">Do<\/label>\n                                    <input class=\"form-control\" name=\"date-end\" id=\"date-end\" type=\"date\" placeholder=\"gg\/mm\/aaaa\" value=\"\">\n                                <\/div>\n                            <\/div>\n                        <\/div>\n                        <div class=\"form-group col-md-12 mt-3\">\n                            <label for=\"searchText\">Pole wyszukiwania<\/label>\n                            <input type=\"text\" name=\"searchText\" class=\"form-control\" id=\"searchText\" value=\"\">\n                        <\/div>\n                        <div class=\"form-group col-md-4 offset-md-8 text-end\">\n                            <a href=\"https:\/\/iicvarsavia.esteri.it\/pl\/gli_eventi\/archivio-eventi\/\" title=\"Form reset\" id=\"resetImput\" class=\"btn btn-outline-primary btn-xs\">Reset<\/a>\n                            <button type=\"submit\" class=\"btn btn-primary btn-xs\">Poka\u017c wyniki<\/button>\n                        <\/div>\n                    <\/form>\n\t\t\t\t<\/div>\n\t\t\t<\/div>\n\t\t<\/div>\n                    \n            <div class=\"row\">\n                            <div class=\"col-12 mt-3\">\n                <!--start card-->\n                <div class=\"card-wrapper card-space\">\n                    <div class=\"card card-bg card-big border-bottom-card\">\n                        <div class=\"card-body row\">\n                                                    <div class=\"col-sm-3\">\n                                <div class=\"img-responsive\">\n                                    <figure class=\"img-wrapper\">\n                                        <a href=\"https:\/\/iicvarsavia.esteri.it\/pl\/gli_eventi\/calendario\/spettacoli-di-danza-verticale-il-posto\/\" title=\"Przeczytaj artyku\u0142: Spektakle ta\u0144ca wertykalnego | Il Posto\">\n                                                                                            <img loading=\"lazy\" decoding=\"async\" width=\"300\" height=\"222\" src=\"https:\/\/iicvarsavia.esteri.it\/wp-content\/uploads\/2026\/06\/kaunas_web-300x222.jpg\" srcset=\"https:\/\/iicvarsavia.esteri.it\/wp-content\/uploads\/2026\/06\/kaunas_web.jpg 1298w, https:\/\/iicvarsavia.esteri.it\/wp-content\/uploads\/2026\/06\/kaunas_web-300x222.jpg 300w, https:\/\/iicvarsavia.esteri.it\/wp-content\/uploads\/2026\/06\/kaunas_web-1024x758.jpg 1024w, https:\/\/iicvarsavia.esteri.it\/wp-content\/uploads\/2026\/06\/kaunas_web-768x569.jpg 768w\" sizes=\"auto, (max-width: 1298px) 100vw, 1298px\"  title=\"kaunas_web\" alt=\"\" class=\"img-fluid\">\n                                                                                    <\/a>\n                                    <\/figure>\n                                <\/div>\n                            <\/div>\n                            <div class=\"col-sm-9\">\n                                                            <div class=\"category-top\">\n                                    <span class=\"fw-bold text-danger\">Wydarzenia zako\u0144czone<\/span>                                                                        <span class=\"data\">\n                                        <svg class=\"icon icon-secondary\">\n                                            <use xlink:href=\"https:\/\/iicvarsavia.esteri.it\/wp-content\/themes\/sedi-tema\/assets\/svg\/sprites.svg#it-calendar\"><\/use>\n                                        <\/svg> sob. sie 22 2026<svg class=\"icon icon-xs icon-secondary me-1 ms-1\"><use href=\"https:\/\/iicvarsavia.esteri.it\/wp-content\/themes\/sedi-tema\/assets\/svg\/sprites.svg#it-arrow-right\"><\/use><\/svg>pon. sie 24 2026                                    <\/span>\n                                                                    <\/div>\n                            <h5 class=\"card-title big-heading text-uppercase\"><a class=\"text-body text-decoration-none\" href=\"https:\/\/iicvarsavia.esteri.it\/pl\/gli_eventi\/calendario\/spettacoli-di-danza-verticale-il-posto\/\" title=\"Spektakle ta\u0144ca wertykalnego | Il Posto\">Spektakle ta\u0144ca wertykalnego | Il Posto<\/a><\/h5>\n                            <p class=\"card-text\">Il Posto, pierwsza i najwa\u017cniejsza we W\u0142oszech kompania ta\u0144ca wertykalnego, zaprezentuje sw\u00f3j spektakl Radar na dw\u00f3ch znacz\u0105cych polskich festiwalach. Ze wzgl\u0119du na specyfik\u0119 ta\u0144ca wertykalnego, kt\u00f3ry wchodzi w g\u0142\u0119boki dialog z architektur\u0105 i krajobrazem, ka\u017cde widowisko jest unikalne \u2013 pokazy s\u0105 bowiem projektowane i kszta\u0142towane tak, aby w centrum uwagi postawi\u0107 goszcz\u0105cy je budynek i [&hellip;]<\/p>\n                                <a title=\"Spektakle ta\u0144ca wertykalnego | Il Posto\" class=\"read-more\" href=\"https:\/\/iicvarsavia.esteri.it\/pl\/gli_eventi\/calendario\/spettacoli-di-danza-verticale-il-posto\/\">\n                                    <span class=\"text\">Przeczytaj wi\u0119cej<\/span>\n                                    <svg class=\"icon\">\n                                    <use xlink:href=\"https:\/\/iicvarsavia.esteri.it\/wp-content\/themes\/sedi-tema\/assets\/svg\/sprites.svg#it-arrow-right\"><\/use>\n                                    <\/svg>\n                                <\/a>\n                                                        <\/div>\n                                                    <\/div>\n                    <\/div>\n                <\/div>\n                <!--end card-->\n                <\/div><!-- col-12 .mt-3-->\n                            <div class=\"col-12 mt-3\">\n                <!--start card-->\n                <div class=\"card-wrapper card-space\">\n                    <div class=\"card card-bg card-big border-bottom-card\">\n                        <div class=\"card-body row\">\n                                                    <div class=\"col-sm-3\">\n                                <div class=\"img-responsive\">\n                                    <figure class=\"img-wrapper\">\n                                        <a href=\"https:\/\/iicvarsavia.esteri.it\/pl\/gli_eventi\/calendario\/mostra-landed-giungere-in-luoghi-e-in-se-stessi-debora-medici-guetta\/\" title=\"Przeczytaj artyku\u0142: Wystawa &#8222;Landed. O przybywaniu do miejsc i do siebie&#8221; &#8211; Debora Medici-Guetta\">\n                                                                                            <img loading=\"lazy\" decoding=\"async\" width=\"300\" height=\"185\" src=\"https:\/\/iicvarsavia.esteri.it\/wp-content\/uploads\/2026\/07\/Landed-300x185.jpg\" srcset=\"https:\/\/iicvarsavia.esteri.it\/wp-content\/uploads\/2026\/07\/Landed.jpg 1097w, https:\/\/iicvarsavia.esteri.it\/wp-content\/uploads\/2026\/07\/Landed-300x185.jpg 300w, https:\/\/iicvarsavia.esteri.it\/wp-content\/uploads\/2026\/07\/Landed-1024x631.jpg 1024w, https:\/\/iicvarsavia.esteri.it\/wp-content\/uploads\/2026\/07\/Landed-768x473.jpg 768w\" sizes=\"auto, (max-width: 1097px) 100vw, 1097px\"  title=\"Landed\" alt=\"\" class=\"img-fluid\">\n                                                                                    <\/a>\n                                    <\/figure>\n                                <\/div>\n                            <\/div>\n                            <div class=\"col-sm-9\">\n                                                            <div class=\"category-top\">\n                                    <span class=\"fw-bold text-danger\">Wydarzenia zako\u0144czone<\/span>                                                                        <span class=\"data\">\n                                        <svg class=\"icon icon-secondary\">\n                                            <use xlink:href=\"https:\/\/iicvarsavia.esteri.it\/wp-content\/themes\/sedi-tema\/assets\/svg\/sprites.svg#it-calendar\"><\/use>\n                                        <\/svg> \u015br. sie 12 2026                                    <\/span>\n                                                                    <\/div>\n                            <h5 class=\"card-title big-heading text-uppercase\"><a class=\"text-body text-decoration-none\" href=\"https:\/\/iicvarsavia.esteri.it\/pl\/gli_eventi\/calendario\/mostra-landed-giungere-in-luoghi-e-in-se-stessi-debora-medici-guetta\/\" title=\"Wystawa &#8222;Landed. O przybywaniu do miejsc i do siebie&#8221; &#8211; Debora Medici-Guetta\">Wystawa &#8222;Landed. O przybywaniu do miejsc i do siebie&#8221; &#8211; Debora Medici-Guetta<\/a><\/h5>\n                            <p class=\"card-text\">Landed. O przybywaniu do miejsc i do siebie prezentuje wyb\u00f3r prac Debory Medici-Guetty, kt\u00f3re badaj\u0105 relacje mi\u0119dzy percepcj\u0105, pami\u0119ci\u0105, to\u017csamo\u015bci\u0105 i miejscem. Poprzez fotografi\u0119, kola\u017c oraz eksperymenty wizualne wystawa prowadzi widza przez portrety, pejza\u017ce i abstrakcyjne obrazy inspirowane \u015bwiatem natury. Niezale\u017cnie od tego, czy artystka utrwala twarz, miasto, drzewo czy ulotn\u0105 gr\u0119 \u015bwiat\u0142a i cienia, [&hellip;]<\/p>\n                                <a title=\"Wystawa &#8222;Landed. O przybywaniu do miejsc i do siebie&#8221; &#8211; Debora Medici-Guetta\" class=\"read-more\" href=\"https:\/\/iicvarsavia.esteri.it\/pl\/gli_eventi\/calendario\/mostra-landed-giungere-in-luoghi-e-in-se-stessi-debora-medici-guetta\/\">\n                                    <span class=\"text\">Przeczytaj wi\u0119cej<\/span>\n                                    <svg class=\"icon\">\n                                    <use xlink:href=\"https:\/\/iicvarsavia.esteri.it\/wp-content\/themes\/sedi-tema\/assets\/svg\/sprites.svg#it-arrow-right\"><\/use>\n                                    <\/svg>\n                                <\/a>\n                                                        <\/div>\n                                                    <\/div>\n                    <\/div>\n                <\/div>\n                <!--end card-->\n                <\/div><!-- col-12 .mt-3-->\n                            <div class=\"col-12 mt-3\">\n                <!--start card-->\n                <div class=\"card-wrapper card-space\">\n                    <div class=\"card card-bg card-big border-bottom-card\">\n                        <div class=\"card-body row\">\n                                                    <div class=\"col-sm-3\">\n                                <div class=\"img-responsive\">\n                                    <figure class=\"img-wrapper\">\n                                        <a href=\"https:\/\/iicvarsavia.esteri.it\/pl\/gli_eventi\/calendario\/jazz-na-starowce-eleonora-strino-quartet\/\" title=\"Przeczytaj artyku\u0142: Jazz Na Star\u00f3wce | Eleonora Strino Quartet\">\n                                                                                            <img loading=\"lazy\" decoding=\"async\" width=\"300\" height=\"180\" src=\"https:\/\/iicvarsavia.esteri.it\/wp-content\/uploads\/2026\/06\/401508264fa3a8ed0d62135f6971c20d-300x180.png\" srcset=\"https:\/\/iicvarsavia.esteri.it\/wp-content\/uploads\/2026\/06\/401508264fa3a8ed0d62135f6971c20d.png 936w, https:\/\/iicvarsavia.esteri.it\/wp-content\/uploads\/2026\/06\/401508264fa3a8ed0d62135f6971c20d-300x180.png 300w, https:\/\/iicvarsavia.esteri.it\/wp-content\/uploads\/2026\/06\/401508264fa3a8ed0d62135f6971c20d-768x461.png 768w\" sizes=\"auto, (max-width: 936px) 100vw, 936px\"  title=\"401508264fa3a8ed0d62135f6971c20d\" alt=\"\" class=\"img-fluid\">\n                                                                                    <\/a>\n                                    <\/figure>\n                                <\/div>\n                            <\/div>\n                            <div class=\"col-sm-9\">\n                                                            <div class=\"category-top\">\n                                    <span class=\"fw-bold text-danger\">Wydarzenia zako\u0144czone<\/span>                                                                        <span class=\"data\">\n                                        <svg class=\"icon icon-secondary\">\n                                            <use xlink:href=\"https:\/\/iicvarsavia.esteri.it\/wp-content\/themes\/sedi-tema\/assets\/svg\/sprites.svg#it-calendar\"><\/use>\n                                        <\/svg> sob. sie 08 2026                                    <\/span>\n                                                                    <\/div>\n                            <h5 class=\"card-title big-heading text-uppercase\"><a class=\"text-body text-decoration-none\" href=\"https:\/\/iicvarsavia.esteri.it\/pl\/gli_eventi\/calendario\/jazz-na-starowce-eleonora-strino-quartet\/\" title=\"Jazz Na Star\u00f3wce | Eleonora Strino Quartet\">Jazz Na Star\u00f3wce | Eleonora Strino Quartet<\/a><\/h5>\n                            <p class=\"card-text\">4 lipca w Warszawie rozpocznie si\u0119 32. edycja popularnego festiwalu Jazz na Star\u00f3wce, kt\u00f3ry potrwa do 29 sierpnia. Rynek Starego Miasta ponownie stanie si\u0119 sercem koncert\u00f3w w Warszawie i b\u0119dzie bi\u0142 rytmem jazzu przez dwa letnie miesi\u0105ce. Instytut W\u0142oski Kultury zaprasza na bezp\u0142atny koncert Eleonory Strino Quartet, jednego z najbardziej oczekiwanych zespo\u0142\u00f3w tegorocznej edycji, kt\u00f3ry [&hellip;]<\/p>\n                                <a title=\"Jazz Na Star\u00f3wce | Eleonora Strino Quartet\" class=\"read-more\" href=\"https:\/\/iicvarsavia.esteri.it\/pl\/gli_eventi\/calendario\/jazz-na-starowce-eleonora-strino-quartet\/\">\n                                    <span class=\"text\">Przeczytaj wi\u0119cej<\/span>\n                                    <svg class=\"icon\">\n                                    <use xlink:href=\"https:\/\/iicvarsavia.esteri.it\/wp-content\/themes\/sedi-tema\/assets\/svg\/sprites.svg#it-arrow-right\"><\/use>\n                                    <\/svg>\n                                <\/a>\n                                                        <\/div>\n                                                    <\/div>\n                    <\/div>\n                <\/div>\n                <!--end card-->\n                <\/div><!-- col-12 .mt-3-->\n                            <div class=\"col-12 mt-3\">\n                <!--start card-->\n                <div class=\"card-wrapper card-space\">\n                    <div class=\"card card-bg card-big border-bottom-card\">\n                        <div class=\"card-body row\">\n                                                    <div class=\"col-sm-3\">\n                                <div class=\"img-responsive\">\n                                    <figure class=\"img-wrapper\">\n                                        <a href=\"https:\/\/iicvarsavia.esteri.it\/pl\/gli_eventi\/calendario\/canti-damore-italiani-dal-barocco-alla-contemporaneita\/\" title=\"Przeczytaj artyku\u0142: W\u0142oskie pie\u015bni mi\u0142osne od baroku do wsp\u00f3\u0142czesno\u015bci\">\n                                                                                            <img loading=\"lazy\" decoding=\"async\" width=\"300\" height=\"177\" src=\"https:\/\/iicvarsavia.esteri.it\/wp-content\/uploads\/2026\/07\/Amore-Italiano-300x177.jpg\" srcset=\"https:\/\/iicvarsavia.esteri.it\/wp-content\/uploads\/2026\/07\/Amore-Italiano.jpg 1095w, https:\/\/iicvarsavia.esteri.it\/wp-content\/uploads\/2026\/07\/Amore-Italiano-300x177.jpg 300w, https:\/\/iicvarsavia.esteri.it\/wp-content\/uploads\/2026\/07\/Amore-Italiano-1024x603.jpg 1024w, https:\/\/iicvarsavia.esteri.it\/wp-content\/uploads\/2026\/07\/Amore-Italiano-768x452.jpg 768w\" sizes=\"auto, (max-width: 1095px) 100vw, 1095px\"  title=\"Amore Italiano\" alt=\"\" class=\"img-fluid\">\n                                                                                    <\/a>\n                                    <\/figure>\n                                <\/div>\n                            <\/div>\n                            <div class=\"col-sm-9\">\n                                                            <div class=\"category-top\">\n                                    <span class=\"fw-bold text-danger\">Wydarzenia zako\u0144czone<\/span>                                                                        <span class=\"data\">\n                                        <svg class=\"icon icon-secondary\">\n                                            <use xlink:href=\"https:\/\/iicvarsavia.esteri.it\/wp-content\/themes\/sedi-tema\/assets\/svg\/sprites.svg#it-calendar\"><\/use>\n                                        <\/svg> sob. sie 08 2026                                    <\/span>\n                                                                    <\/div>\n                            <h5 class=\"card-title big-heading text-uppercase\"><a class=\"text-body text-decoration-none\" href=\"https:\/\/iicvarsavia.esteri.it\/pl\/gli_eventi\/calendario\/canti-damore-italiani-dal-barocco-alla-contemporaneita\/\" title=\"W\u0142oskie pie\u015bni mi\u0142osne od baroku do wsp\u00f3\u0142czesno\u015bci\">W\u0142oskie pie\u015bni mi\u0142osne od baroku do wsp\u00f3\u0142czesno\u015bci<\/a><\/h5>\n                            <p class=\"card-text\">Od Monteverdiego do Miny, legendarnej \u201eTygrysicy z Cremony\u201d \u2014 Soqquadro Italiano prowadzi publiczno\u015b\u0107 przez cztery wieki w\u0142oskich pie\u015bni o mi\u0142o\u015bci, t\u0119sknocie i nami\u0119tno\u015bci. Projekt\u00a0Od Monteverdiego do Miny\u00a0pokazuje, \u017ce mi\u0119dzy barokowym lamentem a w\u0142osk\u0105 canzon\u0105 istnieje zaskakuj\u0105co naturalna wi\u0119\u017a. To niezwyk\u0142a kolekcj\u0105 w\u0142oskich pie\u015bni mi\u0142osnych \u2013 od pocz\u0105tku XVII wieku po z\u0142ot\u0105 er\u0119 w\u0142oskiej piosenki lat [&hellip;]<\/p>\n                                <a title=\"W\u0142oskie pie\u015bni mi\u0142osne od baroku do wsp\u00f3\u0142czesno\u015bci\" class=\"read-more\" href=\"https:\/\/iicvarsavia.esteri.it\/pl\/gli_eventi\/calendario\/canti-damore-italiani-dal-barocco-alla-contemporaneita\/\">\n                                    <span class=\"text\">Przeczytaj wi\u0119cej<\/span>\n                                    <svg class=\"icon\">\n                                    <use xlink:href=\"https:\/\/iicvarsavia.esteri.it\/wp-content\/themes\/sedi-tema\/assets\/svg\/sprites.svg#it-arrow-right\"><\/use>\n                                    <\/svg>\n                                <\/a>\n                                                        <\/div>\n                                                    <\/div>\n                    <\/div>\n                <\/div>\n                <!--end card-->\n                <\/div><!-- col-12 .mt-3-->\n                            <div class=\"col-12 mt-3\">\n                <!--start card-->\n                <div class=\"card-wrapper card-space\">\n                    <div class=\"card card-bg card-big border-bottom-card\">\n                        <div class=\"card-body row\">\n                                                    <div class=\"col-sm-3\">\n                                <div class=\"img-responsive\">\n                                    <figure class=\"img-wrapper\">\n                                        <a href=\"https:\/\/iicvarsavia.esteri.it\/pl\/gli_eventi\/calendario\/fiera-di-san-domenico-concerti-dorgano\/\" title=\"Przeczytaj artyku\u0142: Jarmark \u015bw. Dominika | Koncerty organowe\">\n                                                                                            <img loading=\"lazy\" decoding=\"async\" width=\"300\" height=\"169\" src=\"https:\/\/iicvarsavia.esteri.it\/wp-content\/uploads\/2026\/06\/jan-300x169.jpg\" srcset=\"https:\/\/iicvarsavia.esteri.it\/wp-content\/uploads\/2026\/06\/jan.jpg 1200w, https:\/\/iicvarsavia.esteri.it\/wp-content\/uploads\/2026\/06\/jan-300x169.jpg 300w, https:\/\/iicvarsavia.esteri.it\/wp-content\/uploads\/2026\/06\/jan-1024x576.jpg 1024w, https:\/\/iicvarsavia.esteri.it\/wp-content\/uploads\/2026\/06\/jan-768x432.jpg 768w\" sizes=\"auto, (max-width: 1200px) 100vw, 1200px\"  title=\"jan\" alt=\"\" class=\"img-fluid\">\n                                                                                    <\/a>\n                                    <\/figure>\n                                <\/div>\n                            <\/div>\n                            <div class=\"col-sm-9\">\n                                                            <div class=\"category-top\">\n                                    <span class=\"fw-bold text-danger\">Wydarzenia zako\u0144czone<\/span>                                                                        <span class=\"data\">\n                                        <svg class=\"icon icon-secondary\">\n                                            <use xlink:href=\"https:\/\/iicvarsavia.esteri.it\/wp-content\/themes\/sedi-tema\/assets\/svg\/sprites.svg#it-calendar\"><\/use>\n                                        <\/svg> niedz. lip 26 2026<svg class=\"icon icon-xs icon-secondary me-1 ms-1\"><use href=\"https:\/\/iicvarsavia.esteri.it\/wp-content\/themes\/sedi-tema\/assets\/svg\/sprites.svg#it-arrow-right\"><\/use><\/svg>pon. lip 27 2026                                    <\/span>\n                                                                    <\/div>\n                            <h5 class=\"card-title big-heading text-uppercase\"><a class=\"text-body text-decoration-none\" href=\"https:\/\/iicvarsavia.esteri.it\/pl\/gli_eventi\/calendario\/fiera-di-san-domenico-concerti-dorgano\/\" title=\"Jarmark \u015bw. Dominika | Koncerty organowe\">Jarmark \u015bw. Dominika | Koncerty organowe<\/a><\/h5>\n                            <p class=\"card-text\">Z okazji Jarmarku \u015bw. Dominika Polska Filharmonia Ba\u0142tycka im. Fryderyka Chopina, we wsp\u00f3\u0142pracy z naszym Instytutem, zaprasza publiczno\u015b\u0107 na dwa koncerty organowe w wykonaniu wybitnych w\u0142oskich muzyk\u00f3w. W niedziel\u0119 26 lipca o godz. 20:00 wyst\u0105pi organistka Giulia Biagetti wraz z japo\u0144skim fagocist\u0105 Atsumim Fukud\u0105, natomiast w poniedzia\u0142ek 27 lipca o godz. 20:00 zaprezentuje si\u0119 duet [&hellip;]<\/p>\n                                <a title=\"Jarmark \u015bw. Dominika | Koncerty organowe\" class=\"read-more\" href=\"https:\/\/iicvarsavia.esteri.it\/pl\/gli_eventi\/calendario\/fiera-di-san-domenico-concerti-dorgano\/\">\n                                    <span class=\"text\">Przeczytaj wi\u0119cej<\/span>\n                                    <svg class=\"icon\">\n                                    <use xlink:href=\"https:\/\/iicvarsavia.esteri.it\/wp-content\/themes\/sedi-tema\/assets\/svg\/sprites.svg#it-arrow-right\"><\/use>\n                                    <\/svg>\n                                <\/a>\n                                                        <\/div>\n                                                    <\/div>\n                    <\/div>\n                <\/div>\n                <!--end card-->\n                <\/div><!-- col-12 .mt-3-->\n                            <div class=\"col-12 mt-3\">\n                <!--start card-->\n                <div class=\"card-wrapper card-space\">\n                    <div class=\"card card-bg card-big border-bottom-card\">\n                        <div class=\"card-body row\">\n                                                    <div class=\"col-sm-3\">\n                                <div class=\"img-responsive\">\n                                    <figure class=\"img-wrapper\">\n                                        <a href=\"https:\/\/iicvarsavia.esteri.it\/pl\/gli_eventi\/calendario\/69a-edizione-del-festival-internazionale-di-musica-per-organo-di-oliwa\/\" title=\"Przeczytaj artyku\u0142: 69\u00b0 Mi\u0119dzynarodowy Festiwal Muzyki Organowej w Oliwie\">\n                                                                                            <img loading=\"lazy\" decoding=\"async\" width=\"300\" height=\"184\" src=\"https:\/\/iicvarsavia.esteri.it\/wp-content\/uploads\/2026\/06\/Banner-300x184.jpg\" srcset=\"https:\/\/iicvarsavia.esteri.it\/wp-content\/uploads\/2026\/06\/Banner.jpg 867w, https:\/\/iicvarsavia.esteri.it\/wp-content\/uploads\/2026\/06\/Banner-300x184.jpg 300w, https:\/\/iicvarsavia.esteri.it\/wp-content\/uploads\/2026\/06\/Banner-768x470.jpg 768w\" sizes=\"auto, (max-width: 867px) 100vw, 867px\"  title=\"Banner\" alt=\"\" class=\"img-fluid\">\n                                                                                    <\/a>\n                                    <\/figure>\n                                <\/div>\n                            <\/div>\n                            <div class=\"col-sm-9\">\n                                                            <div class=\"category-top\">\n                                    <span class=\"fw-bold text-danger\">Wydarzenia zako\u0144czone<\/span>                                                                        <span class=\"data\">\n                                        <svg class=\"icon icon-secondary\">\n                                            <use xlink:href=\"https:\/\/iicvarsavia.esteri.it\/wp-content\/themes\/sedi-tema\/assets\/svg\/sprites.svg#it-calendar\"><\/use>\n                                        <\/svg> wt. lip 21 2026<svg class=\"icon icon-xs icon-secondary me-1 ms-1\"><use href=\"https:\/\/iicvarsavia.esteri.it\/wp-content\/themes\/sedi-tema\/assets\/svg\/sprites.svg#it-arrow-right\"><\/use><\/svg>pt. sie 07 2026                                    <\/span>\n                                                                    <\/div>\n                            <h5 class=\"card-title big-heading text-uppercase\"><a class=\"text-body text-decoration-none\" href=\"https:\/\/iicvarsavia.esteri.it\/pl\/gli_eventi\/calendario\/69a-edizione-del-festival-internazionale-di-musica-per-organo-di-oliwa\/\" title=\"69\u00b0 Mi\u0119dzynarodowy Festiwal Muzyki Organowej w Oliwie\">69\u00b0 Mi\u0119dzynarodowy Festiwal Muzyki Organowej w Oliwie<\/a><\/h5>\n                            <p class=\"card-text\">R\u00f3wnie\u017c i tego lata w Gda\u0144sku odb\u0119dzie si\u0119 Mi\u0119dzynarodowy Festiwal Muzyki Organowej w Oliwie, kt\u00f3ry go\u015bci\u0107 b\u0119dzie w oliwskiej archikatedrze trzech wybitnych w\u0142oskich organist\u00f3w. Mi\u0119dzynarodowy Festiwal Muzyki Organowej w Oliwie to jeden z najstarszych festiwali muzycznych w Europie i zarazem najwa\u017cniejsze wydarzenie po\u015bwi\u0119cone muzyce organowej w Polsce. Ponad 60-letnia tradycja festiwalu co roku przyci\u0105ga czo\u0142owych [&hellip;]<\/p>\n                                <a title=\"69\u00b0 Mi\u0119dzynarodowy Festiwal Muzyki Organowej w Oliwie\" class=\"read-more\" href=\"https:\/\/iicvarsavia.esteri.it\/pl\/gli_eventi\/calendario\/69a-edizione-del-festival-internazionale-di-musica-per-organo-di-oliwa\/\">\n                                    <span class=\"text\">Przeczytaj wi\u0119cej<\/span>\n                                    <svg class=\"icon\">\n                                    <use xlink:href=\"https:\/\/iicvarsavia.esteri.it\/wp-content\/themes\/sedi-tema\/assets\/svg\/sprites.svg#it-arrow-right\"><\/use>\n                                    <\/svg>\n                                <\/a>\n                                                        <\/div>\n                                                    <\/div>\n                    <\/div>\n                <\/div>\n                <!--end card-->\n                <\/div><!-- col-12 .mt-3-->\n                            <div class=\"col-12 mt-3\">\n                <!--start card-->\n                <div class=\"card-wrapper card-space\">\n                    <div class=\"card card-bg card-big border-bottom-card\">\n                        <div class=\"card-body row\">\n                                                    <div class=\"col-sm-3\">\n                                <div class=\"img-responsive\">\n                                    <figure class=\"img-wrapper\">\n                                        <a href=\"https:\/\/iicvarsavia.esteri.it\/pl\/gli_eventi\/calendario\/teatro-due-mondi-in-tourne-con-rossini-flambe-fiesta-e-come-crepe-nei-muri\/\" title=\"Przeczytaj artyku\u0142: Teatro Due Mondi w trasie ze spektaklami \u201eRossini Flamb\u00e9\u201d, \u201eFiesta\u201d i \u201eCome crepe nei muri\u201d\">\n                                                                                            <img loading=\"lazy\" decoding=\"async\" width=\"300\" height=\"200\" src=\"https:\/\/iicvarsavia.esteri.it\/wp-content\/uploads\/2026\/07\/Fiesta_Maciej-Zakrzewski2-300x200.jpg\" srcset=\"https:\/\/iicvarsavia.esteri.it\/wp-content\/uploads\/2026\/07\/Fiesta_Maciej-Zakrzewski2.jpg 1920w, https:\/\/iicvarsavia.esteri.it\/wp-content\/uploads\/2026\/07\/Fiesta_Maciej-Zakrzewski2-300x200.jpg 300w, https:\/\/iicvarsavia.esteri.it\/wp-content\/uploads\/2026\/07\/Fiesta_Maciej-Zakrzewski2-1024x682.jpg 1024w, https:\/\/iicvarsavia.esteri.it\/wp-content\/uploads\/2026\/07\/Fiesta_Maciej-Zakrzewski2-768x512.jpg 768w\" sizes=\"auto, (max-width: 1920px) 100vw, 1920px\"  title=\"Fiesta_Maciej Zakrzewski2\" alt=\"\" class=\"img-fluid\">\n                                                                                    <\/a>\n                                    <\/figure>\n                                <\/div>\n                            <\/div>\n                            <div class=\"col-sm-9\">\n                                                            <div class=\"category-top\">\n                                    <span class=\"fw-bold text-danger\">Wydarzenia zako\u0144czone<\/span>                                                                        <span class=\"data\">\n                                        <svg class=\"icon icon-secondary\">\n                                            <use xlink:href=\"https:\/\/iicvarsavia.esteri.it\/wp-content\/themes\/sedi-tema\/assets\/svg\/sprites.svg#it-calendar\"><\/use>\n                                        <\/svg> pt. lip 17 2026<svg class=\"icon icon-xs icon-secondary me-1 ms-1\"><use href=\"https:\/\/iicvarsavia.esteri.it\/wp-content\/themes\/sedi-tema\/assets\/svg\/sprites.svg#it-arrow-right\"><\/use><\/svg>\u015br. lip 29 2026                                    <\/span>\n                                                                    <\/div>\n                            <h5 class=\"card-title big-heading text-uppercase\"><a class=\"text-body text-decoration-none\" href=\"https:\/\/iicvarsavia.esteri.it\/pl\/gli_eventi\/calendario\/teatro-due-mondi-in-tourne-con-rossini-flambe-fiesta-e-come-crepe-nei-muri\/\" title=\"Teatro Due Mondi w trasie ze spektaklami \u201eRossini Flamb\u00e9\u201d, \u201eFiesta\u201d i \u201eCome crepe nei muri\u201d\">Teatro Due Mondi w trasie ze spektaklami \u201eRossini Flamb\u00e9\u201d, \u201eFiesta\u201d i \u201eCome crepe nei muri\u201d<\/a><\/h5>\n                            <p class=\"card-text\">Zesp\u00f3\u0142 Teatro Due Mondi powraca do Polski z bogatym harmonogramem wyst\u0119p\u00f3w i spektakli. Teatro Due Mondi powsta\u0142 w Faenzy w 1979 roku jako \u201eteatr grupowy\u201d i od tego czasu prowadzi nieustanne poszukiwania artystyczne, zmierzaj\u0105ce do budowy teatru \u201ewysokiego\u201d i \u201epopularnego\u201d (zar\u00f3wno w przestrzeniach zamkni\u0119tych, jak i plenerowych), zakorzenionego w tradycjach, ale zdolnego m\u00f3wi\u0107 uniwersalnym j\u0119zykiem, [&hellip;]<\/p>\n                                <a title=\"Teatro Due Mondi w trasie ze spektaklami \u201eRossini Flamb\u00e9\u201d, \u201eFiesta\u201d i \u201eCome crepe nei muri\u201d\" class=\"read-more\" href=\"https:\/\/iicvarsavia.esteri.it\/pl\/gli_eventi\/calendario\/teatro-due-mondi-in-tourne-con-rossini-flambe-fiesta-e-come-crepe-nei-muri\/\">\n                                    <span class=\"text\">Przeczytaj wi\u0119cej<\/span>\n                                    <svg class=\"icon\">\n                                    <use xlink:href=\"https:\/\/iicvarsavia.esteri.it\/wp-content\/themes\/sedi-tema\/assets\/svg\/sprites.svg#it-arrow-right\"><\/use>\n                                    <\/svg>\n                                <\/a>\n                                                        <\/div>\n                                                    <\/div>\n                    <\/div>\n                <\/div>\n                <!--end card-->\n                <\/div><!-- col-12 .mt-3-->\n                            <div class=\"col-12 mt-3\">\n                <!--start card-->\n                <div class=\"card-wrapper card-space\">\n                    <div class=\"card card-bg card-big border-bottom-card\">\n                        <div class=\"card-body row\">\n                                                    <div class=\"col-sm-3\">\n                                <div class=\"img-responsive\">\n                                    <figure class=\"img-wrapper\">\n                                        <a href=\"https:\/\/iicvarsavia.esteri.it\/pl\/gli_eventi\/calendario\/nicola-lagioia-prezentuje-ciao-amore-ciao-morderstwo-w-rzymie-na-festiwalu-afera-kryminalna\/\" title=\"Przeczytaj artyku\u0142: Nicola Lagioia prezentuje \u201eCiao amore, ciao. Morderstwo w Rzymie\u201d na festiwalu \u201eAfera Kryminalna\u201d\">\n                                                                                            <img loading=\"lazy\" decoding=\"async\" width=\"300\" height=\"169\" src=\"https:\/\/iicvarsavia.esteri.it\/wp-content\/uploads\/2026\/06\/Nicola-Lagioia_credit-Luigi-De-Palma-1200x675-1-300x169.jpg\" srcset=\"https:\/\/iicvarsavia.esteri.it\/wp-content\/uploads\/2026\/06\/Nicola-Lagioia_credit-Luigi-De-Palma-1200x675-1.jpg 638w, https:\/\/iicvarsavia.esteri.it\/wp-content\/uploads\/2026\/06\/Nicola-Lagioia_credit-Luigi-De-Palma-1200x675-1-300x169.jpg 300w\" sizes=\"auto, (max-width: 638px) 100vw, 638px\"  title=\"Nicola-Lagioia_credit-Luigi-De-Palma-1200&#215;675\" alt=\"\" class=\"img-fluid\">\n                                                                                    <\/a>\n                                    <\/figure>\n                                <\/div>\n                            <\/div>\n                            <div class=\"col-sm-9\">\n                                                            <div class=\"category-top\">\n                                    <span class=\"fw-bold text-danger\">Wydarzenia zako\u0144czone<\/span>                                                                        <span class=\"data\">\n                                        <svg class=\"icon icon-secondary\">\n                                            <use xlink:href=\"https:\/\/iicvarsavia.esteri.it\/wp-content\/themes\/sedi-tema\/assets\/svg\/sprites.svg#it-calendar\"><\/use>\n                                        <\/svg> \u015br. lip 08 2026                                    <\/span>\n                                                                    <\/div>\n                            <h5 class=\"card-title big-heading text-uppercase\"><a class=\"text-body text-decoration-none\" href=\"https:\/\/iicvarsavia.esteri.it\/pl\/gli_eventi\/calendario\/nicola-lagioia-prezentuje-ciao-amore-ciao-morderstwo-w-rzymie-na-festiwalu-afera-kryminalna\/\" title=\"Nicola Lagioia prezentuje \u201eCiao amore, ciao. Morderstwo w Rzymie\u201d na festiwalu \u201eAfera Kryminalna\u201d\">Nicola Lagioia prezentuje \u201eCiao amore, ciao. Morderstwo w Rzymie\u201d na festiwalu \u201eAfera Kryminalna\u201d<\/a><\/h5>\n                            <p class=\"card-text\">Pisarz Nicola Lagioia b\u0119dzie g\u0142\u00f3wnym go\u015bciem mi\u0119dzynarodowym 15. edycji Afery Kryminalnej, festiwalu literatury kryminalnej organizowanego przez Wojew\u00f3dzk\u0105 i Miejsk\u0105 Bibliotek\u0119 Publiczn\u0105 w Gda\u0144sku, kt\u00f3ry odb\u0119dzie si\u0119 w dniach 8\u201311 lipca. W wiecz\u00f3r otwarcia, 8 lipca, w bibliotece Manhattan Lagioia zaprezentuje swoj\u0105 cenion\u0105 ksi\u0105\u017ck\u0119, niedawno wydan\u0105 w j\u0119zyku polskim pod tytu\u0142em Ciao amore, ciao. Morderstwo w [&hellip;]<\/p>\n                                <a title=\"Nicola Lagioia prezentuje \u201eCiao amore, ciao. Morderstwo w Rzymie\u201d na festiwalu \u201eAfera Kryminalna\u201d\" class=\"read-more\" href=\"https:\/\/iicvarsavia.esteri.it\/pl\/gli_eventi\/calendario\/nicola-lagioia-prezentuje-ciao-amore-ciao-morderstwo-w-rzymie-na-festiwalu-afera-kryminalna\/\">\n                                    <span class=\"text\">Przeczytaj wi\u0119cej<\/span>\n                                    <svg class=\"icon\">\n                                    <use xlink:href=\"https:\/\/iicvarsavia.esteri.it\/wp-content\/themes\/sedi-tema\/assets\/svg\/sprites.svg#it-arrow-right\"><\/use>\n                                    <\/svg>\n                                <\/a>\n                                                        <\/div>\n                                                    <\/div>\n                    <\/div>\n                <\/div>\n                <!--end card-->\n                <\/div><!-- col-12 .mt-3-->\n                            <div class=\"col-12 mt-3\">\n                <!--start card-->\n                <div class=\"card-wrapper card-space\">\n                    <div class=\"card card-bg card-big border-bottom-card\">\n                        <div class=\"card-body row\">\n                                                    <div class=\"col-sm-3\">\n                                <div class=\"img-responsive\">\n                                    <figure class=\"img-wrapper\">\n                                        <a href=\"https:\/\/iicvarsavia.esteri.it\/pl\/gli_eventi\/calendario\/festa-della-musica-concerto-di-simone-vallerotonda\/\" title=\"Przeczytaj artyku\u0142: \u015awi\u0119to Muzyki | Koncert Simone Vallerotondy\">\n                                                                                            <img loading=\"lazy\" decoding=\"async\" width=\"300\" height=\"300\" src=\"https:\/\/iicvarsavia.esteri.it\/wp-content\/uploads\/2026\/05\/Gianni-Rizzotti-foto-2-300x300.jpg\" srcset=\"https:\/\/iicvarsavia.esteri.it\/wp-content\/uploads\/2026\/05\/Gianni-Rizzotti-foto-2.jpg 1920w, https:\/\/iicvarsavia.esteri.it\/wp-content\/uploads\/2026\/05\/Gianni-Rizzotti-foto-2-300x300.jpg 300w, https:\/\/iicvarsavia.esteri.it\/wp-content\/uploads\/2026\/05\/Gianni-Rizzotti-foto-2-1024x1024.jpg 1024w, https:\/\/iicvarsavia.esteri.it\/wp-content\/uploads\/2026\/05\/Gianni-Rizzotti-foto-2-150x150.jpg 150w, https:\/\/iicvarsavia.esteri.it\/wp-content\/uploads\/2026\/05\/Gianni-Rizzotti-foto-2-768x768.jpg 768w\" sizes=\"auto, (max-width: 1920px) 100vw, 1920px\"  title=\"Gianni Rizzotti &#8211; foto 2\" alt=\"\" class=\"img-fluid\">\n                                                                                    <\/a>\n                                    <\/figure>\n                                <\/div>\n                            <\/div>\n                            <div class=\"col-sm-9\">\n                                                            <div class=\"category-top\">\n                                    <span class=\"fw-bold text-danger\">Wydarzenia zako\u0144czone<\/span>                                                                        <span class=\"data\">\n                                        <svg class=\"icon icon-secondary\">\n                                            <use xlink:href=\"https:\/\/iicvarsavia.esteri.it\/wp-content\/themes\/sedi-tema\/assets\/svg\/sprites.svg#it-calendar\"><\/use>\n                                        <\/svg> pt. cze 26 2026                                    <\/span>\n                                                                    <\/div>\n                            <h5 class=\"card-title big-heading text-uppercase\"><a class=\"text-body text-decoration-none\" href=\"https:\/\/iicvarsavia.esteri.it\/pl\/gli_eventi\/calendario\/festa-della-musica-concerto-di-simone-vallerotonda\/\" title=\"\u015awi\u0119to Muzyki | Koncert Simone Vallerotondy\">\u015awi\u0119to Muzyki | Koncert Simone Vallerotondy<\/a><\/h5>\n                            <p class=\"card-text\">Z okazji \u015awi\u0119ta Muzyki W\u0142oski Instytut Kultury w Warszawie, we wsp\u00f3\u0142pracy z CIDIM (W\u0142oskim Narodowym Komitetem Muzyki), ma przyjemno\u015b\u0107 zaprosi\u0107 na koncert muzyki na \u017cywo Simone Vallerotondy. Simone Vallerotonda urodzi\u0142 si\u0119 w Rzymie w 1983 roku. Jest muzykiem i profesorem gry na lutni. Za\u0142o\u017cy\u0142 zesp\u00f3\u0142 I Bassifondi, wykonuj\u0105cy muzyk\u0119 XVII i XVIII wieku na lutni\u0119, [&hellip;]<\/p>\n                                <a title=\"\u015awi\u0119to Muzyki | Koncert Simone Vallerotondy\" class=\"read-more\" href=\"https:\/\/iicvarsavia.esteri.it\/pl\/gli_eventi\/calendario\/festa-della-musica-concerto-di-simone-vallerotonda\/\">\n                                    <span class=\"text\">Przeczytaj wi\u0119cej<\/span>\n                                    <svg class=\"icon\">\n                                    <use xlink:href=\"https:\/\/iicvarsavia.esteri.it\/wp-content\/themes\/sedi-tema\/assets\/svg\/sprites.svg#it-arrow-right\"><\/use>\n                                    <\/svg>\n                                <\/a>\n                                                        <\/div>\n                                                    <\/div>\n                    <\/div>\n                <\/div>\n                <!--end card-->\n                <\/div><!-- col-12 .mt-3-->\n                            <div class=\"col-12 mt-3\">\n                <!--start card-->\n                <div class=\"card-wrapper card-space\">\n                    <div class=\"card card-bg card-big border-bottom-card\">\n                        <div class=\"card-body row\">\n                                                    <div class=\"col-sm-3\">\n                                <div class=\"img-responsive\">\n                                    <figure class=\"img-wrapper\">\n                                        <a href=\"https:\/\/iicvarsavia.esteri.it\/pl\/gli_eventi\/calendario\/swieto-muzyki-koncert-zespolu-i-bassifondi\/\" title=\"Przeczytaj artyku\u0142: \u015awi\u0119to Muzyki | Koncert zespo\u0142u &#8222;I Bassifondi&#8221;\">\n                                                                                            <img loading=\"lazy\" decoding=\"async\" width=\"300\" height=\"200\" src=\"https:\/\/iicvarsavia.esteri.it\/wp-content\/uploads\/2026\/05\/KBF_25_07_2025_internet-66-300x200.jpg\" srcset=\"https:\/\/iicvarsavia.esteri.it\/wp-content\/uploads\/2026\/05\/KBF_25_07_2025_internet-66.jpg 1920w, https:\/\/iicvarsavia.esteri.it\/wp-content\/uploads\/2026\/05\/KBF_25_07_2025_internet-66-300x200.jpg 300w, https:\/\/iicvarsavia.esteri.it\/wp-content\/uploads\/2026\/05\/KBF_25_07_2025_internet-66-1024x683.jpg 1024w, https:\/\/iicvarsavia.esteri.it\/wp-content\/uploads\/2026\/05\/KBF_25_07_2025_internet-66-768x512.jpg 768w\" sizes=\"auto, (max-width: 1920px) 100vw, 1920px\"  title=\"KBF_25_07_2025_internet-66\" alt=\"\" class=\"img-fluid\">\n                                                                                    <\/a>\n                                    <\/figure>\n                                <\/div>\n                            <\/div>\n                            <div class=\"col-sm-9\">\n                                                            <div class=\"category-top\">\n                                    <span class=\"fw-bold text-danger\">Wydarzenia zako\u0144czone<\/span>                                                                        <span class=\"data\">\n                                        <svg class=\"icon icon-secondary\">\n                                            <use xlink:href=\"https:\/\/iicvarsavia.esteri.it\/wp-content\/themes\/sedi-tema\/assets\/svg\/sprites.svg#it-calendar\"><\/use>\n                                        <\/svg> \u015br. cze 24 2026<svg class=\"icon icon-xs icon-secondary me-1 ms-1\"><use href=\"https:\/\/iicvarsavia.esteri.it\/wp-content\/themes\/sedi-tema\/assets\/svg\/sprites.svg#it-arrow-right\"><\/use><\/svg>czw. cze 25 2026                                    <\/span>\n                                                                    <\/div>\n                            <h5 class=\"card-title big-heading text-uppercase\"><a class=\"text-body text-decoration-none\" href=\"https:\/\/iicvarsavia.esteri.it\/pl\/gli_eventi\/calendario\/swieto-muzyki-koncert-zespolu-i-bassifondi\/\" title=\"\u015awi\u0119to Muzyki | Koncert zespo\u0142u &#8222;I Bassifondi&#8221;\">\u015awi\u0119to Muzyki | Koncert zespo\u0142u &#8222;I Bassifondi&#8221;<\/a><\/h5>\n                            <p class=\"card-text\">Z okazji \u015awi\u0119ta Muzyki I Bassifondi, zesp\u00f3\u0142 z\u0142o\u017cony z Simone Vallerotondy i Gabriele Miracla, przywozi do Polski sw\u00f3j koncert &#8230;E simili persone col tamburello o con lo colascione \u2013 Pie\u015bni, ta\u0144ce i opowie\u015bci uliczne i balkon\u00f3w. Z inicjatywy Simone Vallerotondy duet prezentuje muzyk\u0119 XVII i XVIII wieku na lutni\u0119, arcylutni\u0119, teorban i gitar\u0119 barokow\u0105 z [&hellip;]<\/p>\n                                <a title=\"\u015awi\u0119to Muzyki | Koncert zespo\u0142u &#8222;I Bassifondi&#8221;\" class=\"read-more\" href=\"https:\/\/iicvarsavia.esteri.it\/pl\/gli_eventi\/calendario\/swieto-muzyki-koncert-zespolu-i-bassifondi\/\">\n                                    <span class=\"text\">Przeczytaj wi\u0119cej<\/span>\n                                    <svg class=\"icon\">\n                                    <use xlink:href=\"https:\/\/iicvarsavia.esteri.it\/wp-content\/themes\/sedi-tema\/assets\/svg\/sprites.svg#it-arrow-right\"><\/use>\n                                    <\/svg>\n                                <\/a>\n                                                        <\/div>\n                                                    <\/div>\n                    <\/div>\n                <\/div>\n                <!--end card-->\n                <\/div><!-- col-12 .mt-3-->\n            \n            <div class=\"col-md-12 mt-4 pb-4\">\n                <nav class=\"navigation col-md-12\" aria-label=\"Navigation\">\n                    <h2 class=\"screen-reader-text visually-hidden\">Stronicowanie<\/h2>\n                    <div class=\"nav-links\">\n                    <span aria-current=\"page\" class=\"page-numbers current\">1<\/span>\n<a class=\"page-numbers\" href=\"https:\/\/iicvarsavia.esteri.it\/pl\/wp-json\/wp\/v2\/pages\/11328\/?pag=2\">2<\/a>\n<a class=\"page-numbers\" href=\"https:\/\/iicvarsavia.esteri.it\/pl\/wp-json\/wp\/v2\/pages\/11328\/?pag=3\">3<\/a>\n<span class=\"page-numbers dots\">&hellip;<\/span>\n<a class=\"page-numbers\" href=\"https:\/\/iicvarsavia.esteri.it\/pl\/wp-json\/wp\/v2\/pages\/11328\/?pag=137\">137<\/a>\n<a class=\"next page-numbers\" href=\"https:\/\/iicvarsavia.esteri.it\/pl\/wp-json\/wp\/v2\/pages\/11328\/?pag=2\"><svg class=\"icon icon-primary\"><use xlink:href=\"https:\/\/iicvarsavia.esteri.it\/wp-content\/themes\/sedi-tema\/assets\/svg\/sprites.svg#it-chevron-right\"><\/use><\/svg>\n                                    <span class=\"visually-hidden\">Nast\u0119pna strona<\/span><\/a>                    <\/div>\n                <\/nav>\n            <\/div>   <!--.col-md-12 -->\n              <\/div><!--.row -->\n              \n","protected":false},"excerpt":{"rendered":"","protected":false},"author":1,"featured_media":0,"parent":95,"menu_order":0,"comment_status":"closed","ping_status":"closed","template":"","meta":{"footnotes":""},"class_list":["post-11328","page","type-page","status-publish","hentry"],"_links":{"self":[{"href":"https:\/\/iicvarsavia.esteri.it\/pl\/wp-json\/wp\/v2\/pages\/11328","targetHints":{"allow":["GET"]}}],"collection":[{"href":"https:\/\/iicvarsavia.esteri.it\/pl\/wp-json\/wp\/v2\/pages"}],"about":[{"href":"https:\/\/iicvarsavia.esteri.it\/pl\/wp-json\/wp\/v2\/types\/page"}],"author":[{"embeddable":true,"href":"https:\/\/iicvarsavia.esteri.it\/pl\/wp-json\/wp\/v2\/users\/1"}],"replies":[{"embeddable":true,"href":"https:\/\/iicvarsavia.esteri.it\/pl\/wp-json\/wp\/v2\/comments?post=11328"}],"version-history":[{"count":1,"href":"https:\/\/iicvarsavia.esteri.it\/pl\/wp-json\/wp\/v2\/pages\/11328\/revisions"}],"predecessor-version":[{"id":12624,"href":"https:\/\/iicvarsavia.esteri.it\/pl\/wp-json\/wp\/v2\/pages\/11328\/revisions\/12624"}],"up":[{"embeddable":true,"href":"https:\/\/iicvarsavia.esteri.it\/pl\/wp-json\/wp\/v2\/pages\/95"}],"wp:attachment":[{"href":"https:\/\/iicvarsavia.esteri.it\/pl\/wp-json\/wp\/v2\/media?parent=11328"}],"curies":[{"name":"wp","href":"https:\/\/api.w.org\/{rel}","templated":true}]}}