{"id":95,"date":"2023-04-03T20:31:30","date_gmt":"2023-04-03T18:31:30","guid":{"rendered":"https:\/\/iicvarsavia.esteri.it\/gli_eventi\/"},"modified":"2023-10-25T17:13:50","modified_gmt":"2023-10-25T15:13:50","slug":"gli_eventi","status":"publish","type":"page","link":"https:\/\/iicvarsavia.esteri.it\/pl\/gli_eventi\/","title":{"rendered":"Wydarzenia"},"content":{"rendered":"        <div class=\"row\">\n\t\t\t<!-- Ricerca sedi post -->\n\t\t\t<div class=\"col-12 mt-4\">\n\t\t\t  <div class=\"callout callout-highlight note ricerca-esteri p-4\">\n                    <div class=\"callout-title\">\n                        <svg class=\"icon\">\n                            <use xlink:href=\"https:\/\/iicvarsavia.esteri.it\/wp-content\/themes\/sedi-tema\/assets\/svg\/sprites.svg#it-search\"><\/use>\n                        <\/svg>Wpisz parametry wyszukiwania                    <\/div>\n                    <form id=\"searchFormPost\" name=\"form-search-post\" class=\"form-row align-items-center\" action=\"https:\/\/iicvarsavia.esteri.it\/pl\/wp-json\/wp\/v2\/pages\/95\/\" method=\"GET\"> \n                        <!-- <div class=\"form-group pt-5\"> -->\n                            <!-- <input type=\"hidden\" id=\"lang\" name=\"lang\" value=\"\"> --> <!-- <\/div> -->\n\n                        <div class=\"it-datepicker-wrapper\">\n                            <div class=\"row\">\n                                <div class=\"form-group col-md-6\">\n                                    <label class=\"active\" for=\"date-init\">Od<\/label>\n                                    <input class=\"form-control\" name=\"date-init\" id=\"date-init\" type=\"date\" placeholder=\"gg\/mm\/aaaa\" value=\"\"lang=\"en-EN\">  \n                                <\/div>\n                                <div class=\"form-group col-md-6\">\n                                    <label class=\"active\" for=\"date-end\">Do<\/label>\n                                    <input class=\"form-control\" name=\"date-end\" id=\"date-end\" type=\"date\" placeholder=\"gg\/mm\/aaaa\" value=\"\">\n                                <\/div>\n                            <\/div>\n                        <\/div>\n                        <div class=\"form-group col-md-12 mt-3\">\n                            <label for=\"searchText\">Pole wyszukiwania<\/label>\n                            <input type=\"text\" name=\"searchText\" class=\"form-control\" id=\"searchText\" value=\"\">\n                        <\/div>\n                        <div class=\"form-group col-md-4 offset-md-8 text-end\">\n                            <a href=\"https:\/\/iicvarsavia.esteri.it\/pl\/gli_eventi\/\" title=\"Form reset\" id=\"resetImput\" class=\"btn btn-outline-primary btn-xs\">Reset<\/a>\n                            <button type=\"submit\" class=\"btn btn-primary btn-xs\">Poka\u017c wyniki<\/button>\n                        <\/div>\n                    <\/form>\n\t\t\t\t<\/div>\n\t\t\t<\/div>\n\t\t<\/div>\n                    \n            <div class=\"row\">\n                            <div class=\"col-12 mt-3\">\n                <!--start card-->\n                <div class=\"card-wrapper card-space\">\n                    <div class=\"card card-bg card-big border-bottom-card\">\n                        <div class=\"card-body row\">\n                                                    <div class=\"col-sm-3\">\n                                <div class=\"img-responsive\">\n                                    <figure class=\"img-wrapper\">\n                                        <a href=\"https:\/\/iicvarsavia.esteri.it\/pl\/gli_eventi\/calendario\/federico-fellini-ciao-a-tutti-rassegna-cinematografica\/\" title=\"Przeczytaj artyku\u0142: FEDERICO FELLINI: CIAO A TUTTI! &#8211; PRZEGL\u0104D FILM\u00d3W\">\n                                                                                            <img loading=\"lazy\" decoding=\"async\" width=\"300\" height=\"169\" src=\"https:\/\/iicvarsavia.esteri.it\/wp-content\/uploads\/2026\/05\/16x9-plansza-300x169.jpg\" srcset=\"https:\/\/iicvarsavia.esteri.it\/wp-content\/uploads\/2026\/05\/16x9-plansza.jpg 1920w, https:\/\/iicvarsavia.esteri.it\/wp-content\/uploads\/2026\/05\/16x9-plansza-300x169.jpg 300w, https:\/\/iicvarsavia.esteri.it\/wp-content\/uploads\/2026\/05\/16x9-plansza-1024x576.jpg 1024w, https:\/\/iicvarsavia.esteri.it\/wp-content\/uploads\/2026\/05\/16x9-plansza-768x432.jpg 768w\" sizes=\"auto, (max-width: 1920px) 100vw, 1920px\"  title=\"16&#215;9-plansza\" alt=\"\" class=\"img-fluid\">\n                                                                                    <\/a>\n                                    <\/figure>\n                                <\/div>\n                            <\/div>\n                            <div class=\"col-sm-9\">\n                                                            <div class=\"category-top\">\n                                    <span class=\"fw-bold text-success\">Wydarzenia bie\u017c\u0105ce<\/span>                                                                        <span class=\"data\">\n                                        <svg class=\"icon icon-secondary\">\n                                            <use xlink:href=\"https:\/\/iicvarsavia.esteri.it\/wp-content\/themes\/sedi-tema\/assets\/svg\/sprites.svg#it-calendar\"><\/use>\n                                        <\/svg> wt. cze 09 2026<svg class=\"icon icon-xs icon-secondary me-1 ms-1\"><use href=\"https:\/\/iicvarsavia.esteri.it\/wp-content\/themes\/sedi-tema\/assets\/svg\/sprites.svg#it-arrow-right\"><\/use><\/svg>\u015br. wrz 30 2026                                    <\/span>\n                                                                    <\/div>\n                            <h5 class=\"card-title big-heading text-uppercase\"><a class=\"text-body text-decoration-none\" href=\"https:\/\/iicvarsavia.esteri.it\/pl\/gli_eventi\/calendario\/federico-fellini-ciao-a-tutti-rassegna-cinematografica\/\" title=\"FEDERICO FELLINI: CIAO A TUTTI! &#8211; PRZEGL\u0104D FILM\u00d3W\">FEDERICO FELLINI: CIAO A TUTTI! &#8211; PRZEGL\u0104D FILM\u00d3W<\/a><\/h5>\n                            <p class=\"card-text\">Tego lata Stowarzyszenie Kin Studyjnych zaprasza widz\u00f3w w now\u0105 podr\u00f3\u017c po w\u0142oskim kinie. W ramach letniego przegl\u0105du dziesi\u0105tki kin studyjnych w ca\u0142ej Polsce wy\u015bwietl\u0105 sze\u015b\u0107 zrestaurowanych film\u00f3w Federica Felliniego \u2014 jednego z najwybitniejszych tw\u00f3rc\u00f3w europejskiego kina XX wieku. Przegl\u0105d \u201eFEDERICO FELLINI: ciao a tutti!&#8221; obejmuje: Wa\u0142konie (1953) Noce Cabirii (1957) S\u0142odkie \u017cycie (1960) 8\u00bd (1963) [&hellip;]<\/p>\n                                <a title=\"FEDERICO FELLINI: CIAO A TUTTI! &#8211; PRZEGL\u0104D FILM\u00d3W\" class=\"read-more\" href=\"https:\/\/iicvarsavia.esteri.it\/pl\/gli_eventi\/calendario\/federico-fellini-ciao-a-tutti-rassegna-cinematografica\/\">\n                                    <span class=\"text\">Przeczytaj wi\u0119cej<\/span>\n                                    <svg class=\"icon\">\n                                    <use xlink:href=\"https:\/\/iicvarsavia.esteri.it\/wp-content\/themes\/sedi-tema\/assets\/svg\/sprites.svg#it-arrow-right\"><\/use>\n                                    <\/svg>\n                                <\/a>\n                                                        <\/div>\n                                                    <\/div>\n                    <\/div>\n                <\/div>\n                <!--end card-->\n                <\/div><!-- col-12 .mt-3-->\n                            <div class=\"col-12 mt-3\">\n                <!--start card-->\n                <div class=\"card-wrapper card-space\">\n                    <div class=\"card card-bg card-big border-bottom-card\">\n                        <div class=\"card-body row\">\n                                                    <div class=\"col-sm-3\">\n                                <div class=\"img-responsive\">\n                                    <figure class=\"img-wrapper\">\n                                        <a href=\"https:\/\/iicvarsavia.esteri.it\/pl\/gli_eventi\/calendario\/sigma-di-antonio-raia-al-lublin-jazz-festival\/\" title=\"Przeczytaj artyku\u0142: \u201eSigma\u201c Antonio Raia na Lublin Jazz Festival\">\n                                                                                            <img loading=\"lazy\" decoding=\"async\" width=\"300\" height=\"184\" src=\"https:\/\/iicvarsavia.esteri.it\/wp-content\/uploads\/2026\/08\/Banner-48-300x184.jpg\" srcset=\"https:\/\/iicvarsavia.esteri.it\/wp-content\/uploads\/2026\/08\/Banner-48.jpg 867w, https:\/\/iicvarsavia.esteri.it\/wp-content\/uploads\/2026\/08\/Banner-48-300x184.jpg 300w, https:\/\/iicvarsavia.esteri.it\/wp-content\/uploads\/2026\/08\/Banner-48-768x470.jpg 768w\" sizes=\"auto, (max-width: 867px) 100vw, 867px\"  title=\"Banner (48)\" alt=\"\" class=\"img-fluid\">\n                                                                                    <\/a>\n                                    <\/figure>\n                                <\/div>\n                            <\/div>\n                            <div class=\"col-sm-9\">\n                                                            <div class=\"category-top\">\n                                    <span class=\"fw-bold \"><\/span>                                                                        <span class=\"\">\n                                        <svg class=\"icon icon-secondary\">\n                                            <use xlink:href=\"https:\/\/iicvarsavia.esteri.it\/wp-content\/themes\/sedi-tema\/assets\/svg\/sprites.svg#it-calendar\"><\/use>\n                                        <\/svg> pt. wrz 11 2026                                    <\/span>\n                                                                    <\/div>\n                            <h5 class=\"card-title big-heading text-uppercase\"><a class=\"text-body text-decoration-none\" href=\"https:\/\/iicvarsavia.esteri.it\/pl\/gli_eventi\/calendario\/sigma-di-antonio-raia-al-lublin-jazz-festival\/\" title=\"\u201eSigma\u201c Antonio Raia na Lublin Jazz Festival\">\u201eSigma\u201c Antonio Raia na Lublin Jazz Festival<\/a><\/h5>\n                            <p class=\"card-text\">W ramach 16. edycji Lublin Jazz Festival: Forever Ahead, 11 wrze\u015bnia odb\u0119dzie si\u0119 \u015bwiatowa premiera [\u03a3] Sigma, nowego projektu w\u0142oskiego muzyka i artysty Antonio Raia, zrealizowanego przy wsparciu W\u0142oskiego Instytutu Kultury w Warszawie. Sigma to w pe\u0142ni akustyczne dzie\u0142o oparte na brzmieniu saksofonu barytonowego i altowego, koshi oraz g\u0142osu. Muzyka jest tutaj traktowana jak rytua\u0142: [&hellip;]<\/p>\n                                <a title=\"\u201eSigma\u201c Antonio Raia na Lublin Jazz Festival\" class=\"read-more\" href=\"https:\/\/iicvarsavia.esteri.it\/pl\/gli_eventi\/calendario\/sigma-di-antonio-raia-al-lublin-jazz-festival\/\">\n                                    <span class=\"text\">Przeczytaj wi\u0119cej<\/span>\n                                    <svg class=\"icon\">\n                                    <use xlink:href=\"https:\/\/iicvarsavia.esteri.it\/wp-content\/themes\/sedi-tema\/assets\/svg\/sprites.svg#it-arrow-right\"><\/use>\n                                    <\/svg>\n                                <\/a>\n                                                        <\/div>\n                                                    <\/div>\n                    <\/div>\n                <\/div>\n                <!--end card-->\n                <\/div><!-- col-12 .mt-3-->\n                            <div class=\"col-12 mt-3\">\n                <!--start card-->\n                <div class=\"card-wrapper card-space\">\n                    <div class=\"card card-bg card-big border-bottom-card\">\n                        <div class=\"card-body row\">\n                                                    <div class=\"col-sm-3\">\n                                <div class=\"img-responsive\">\n                                    <figure class=\"img-wrapper\">\n                                        <a href=\"https:\/\/iicvarsavia.esteri.it\/pl\/gli_eventi\/calendario\/cero-e-non-cero-repertorio-di-epitaffi-pronto-uso-presentazione-del-libro-di-roberto-polce\/\" title=\"Przeczytaj artyku\u0142: &#8222;C\u2019ero e non c\u2019ero. Repertorio di epitaffi pronto uso.&#8221; Prezentacja ksi\u0105\u017cki Roberto Polcego\">\n                                                                                            <img loading=\"lazy\" decoding=\"async\" width=\"300\" height=\"184\" src=\"https:\/\/iicvarsavia.esteri.it\/wp-content\/uploads\/2026\/08\/Banner-54-300x184.jpg\" srcset=\"https:\/\/iicvarsavia.esteri.it\/wp-content\/uploads\/2026\/08\/Banner-54.jpg 867w, https:\/\/iicvarsavia.esteri.it\/wp-content\/uploads\/2026\/08\/Banner-54-300x184.jpg 300w, https:\/\/iicvarsavia.esteri.it\/wp-content\/uploads\/2026\/08\/Banner-54-768x470.jpg 768w\" sizes=\"auto, (max-width: 867px) 100vw, 867px\"  title=\"Banner (54)\" alt=\"\" class=\"img-fluid\">\n                                                                                    <\/a>\n                                    <\/figure>\n                                <\/div>\n                            <\/div>\n                            <div class=\"col-sm-9\">\n                                                            <div class=\"category-top\">\n                                    <span class=\"fw-bold \"><\/span>                                                                        <span class=\"\">\n                                        <svg class=\"icon icon-secondary\">\n                                            <use xlink:href=\"https:\/\/iicvarsavia.esteri.it\/wp-content\/themes\/sedi-tema\/assets\/svg\/sprites.svg#it-calendar\"><\/use>\n                                        <\/svg> pon. wrz 14 2026                                    <\/span>\n                                                                    <\/div>\n                            <h5 class=\"card-title big-heading text-uppercase\"><a class=\"text-body text-decoration-none\" href=\"https:\/\/iicvarsavia.esteri.it\/pl\/gli_eventi\/calendario\/cero-e-non-cero-repertorio-di-epitaffi-pronto-uso-presentazione-del-libro-di-roberto-polce\/\" title=\"&#8222;C\u2019ero e non c\u2019ero. Repertorio di epitaffi pronto uso.&#8221; Prezentacja ksi\u0105\u017cki Roberto Polcego\">&#8222;C\u2019ero e non c\u2019ero. Repertorio di epitaffi pronto uso.&#8221; Prezentacja ksi\u0105\u017cki Roberto Polcego<\/a><\/h5>\n                            <p class=\"card-text\">W\u0142oski Instytut Kultury w Warszawie zaprasza na prezentacj\u0119 ksi\u0105\u017cki C\u2019ero e non c\u2019ero. Repertorio di epitaffi pronto uso autorstwa Roberto Polcego, opublikowanej przez Infinito Edizioni w 2025 roku. Ksi\u0105\u017cka powsta\u0142a na kanwie oryginalnego i surrealistycznego pomys\u0142u narracyjnego: bohater opowiada, \u017ce ka\u017cdego ranka s\u0142yszy g\u0142osy zmar\u0142ych, kt\u00f3rzy powierzaj\u0105 mu s\u0142owa, zdania, a niekiedy ca\u0142e wersy, maj\u0105ce [&hellip;]<\/p>\n                                <a title=\"&#8222;C\u2019ero e non c\u2019ero. Repertorio di epitaffi pronto uso.&#8221; Prezentacja ksi\u0105\u017cki Roberto Polcego\" class=\"read-more\" href=\"https:\/\/iicvarsavia.esteri.it\/pl\/gli_eventi\/calendario\/cero-e-non-cero-repertorio-di-epitaffi-pronto-uso-presentazione-del-libro-di-roberto-polce\/\">\n                                    <span class=\"text\">Przeczytaj wi\u0119cej<\/span>\n                                    <svg class=\"icon\">\n                                    <use xlink:href=\"https:\/\/iicvarsavia.esteri.it\/wp-content\/themes\/sedi-tema\/assets\/svg\/sprites.svg#it-arrow-right\"><\/use>\n                                    <\/svg>\n                                <\/a>\n                                                        <\/div>\n                                                    <\/div>\n                    <\/div>\n                <\/div>\n                <!--end card-->\n                <\/div><!-- col-12 .mt-3-->\n                            <div class=\"col-12 mt-3\">\n                <!--start card-->\n                <div class=\"card-wrapper card-space\">\n                    <div class=\"card card-bg card-big border-bottom-card\">\n                        <div class=\"card-body row\">\n                                                    <div class=\"col-sm-3\">\n                                <div class=\"img-responsive\">\n                                    <figure class=\"img-wrapper\">\n                                        <a href=\"https:\/\/iicvarsavia.esteri.it\/pl\/gli_eventi\/calendario\/marco-bartoccioni-band-al-xvii-international-ochota-blues-festival\/\" title=\"Przeczytaj artyku\u0142: Marco Bartoccioni Band na XVII International Ochota Blues Festival\">\n                                                                                            <img loading=\"lazy\" decoding=\"async\" width=\"300\" height=\"184\" src=\"https:\/\/iicvarsavia.esteri.it\/wp-content\/uploads\/2026\/08\/Banner-60-300x184.jpg\" srcset=\"https:\/\/iicvarsavia.esteri.it\/wp-content\/uploads\/2026\/08\/Banner-60.jpg 867w, https:\/\/iicvarsavia.esteri.it\/wp-content\/uploads\/2026\/08\/Banner-60-300x184.jpg 300w, https:\/\/iicvarsavia.esteri.it\/wp-content\/uploads\/2026\/08\/Banner-60-768x470.jpg 768w\" sizes=\"auto, (max-width: 867px) 100vw, 867px\"  title=\"Banner (60)\" alt=\"\" class=\"img-fluid\">\n                                                                                    <\/a>\n                                    <\/figure>\n                                <\/div>\n                            <\/div>\n                            <div class=\"col-sm-9\">\n                                                            <div class=\"category-top\">\n                                    <span class=\"fw-bold \"><\/span>                                                                        <span class=\"\">\n                                        <svg class=\"icon icon-secondary\">\n                                            <use xlink:href=\"https:\/\/iicvarsavia.esteri.it\/wp-content\/themes\/sedi-tema\/assets\/svg\/sprites.svg#it-calendar\"><\/use>\n                                        <\/svg> sob. wrz 19 2026                                    <\/span>\n                                                                    <\/div>\n                            <h5 class=\"card-title big-heading text-uppercase\"><a class=\"text-body text-decoration-none\" href=\"https:\/\/iicvarsavia.esteri.it\/pl\/gli_eventi\/calendario\/marco-bartoccioni-band-al-xvii-international-ochota-blues-festival\/\" title=\"Marco Bartoccioni Band na XVII International Ochota Blues Festival\">Marco Bartoccioni Band na XVII International Ochota Blues Festival<\/a><\/h5>\n                            <p class=\"card-text\">19 wrze\u015bnia w\u0142oskie trio Marco Bartoccioni Band wyst\u0105pi podczas XVII edycji International Ochota Blues Festival, jednego z najwa\u017cniejszych warszawskich wydarze\u0144 po\u015bwi\u0119conych muzyce bluesowej. Koncert organizowany jest we wsp\u00f3\u0142pracy z Fundacj\u0105 9 Muz i przy wsparciu W\u0142oskiego Instytutu Kultury w Warszawie. Marco Bartoccioni, znany jako Bartok, to w\u0142oski gitarzysta, muzyk graj\u0105cy na gitarze lap steel i [&hellip;]<\/p>\n                                <a title=\"Marco Bartoccioni Band na XVII International Ochota Blues Festival\" class=\"read-more\" href=\"https:\/\/iicvarsavia.esteri.it\/pl\/gli_eventi\/calendario\/marco-bartoccioni-band-al-xvii-international-ochota-blues-festival\/\">\n                                    <span class=\"text\">Przeczytaj wi\u0119cej<\/span>\n                                    <svg class=\"icon\">\n                                    <use xlink:href=\"https:\/\/iicvarsavia.esteri.it\/wp-content\/themes\/sedi-tema\/assets\/svg\/sprites.svg#it-arrow-right\"><\/use>\n                                    <\/svg>\n                                <\/a>\n                                                        <\/div>\n                                                    <\/div>\n                    <\/div>\n                <\/div>\n                <!--end card-->\n                <\/div><!-- col-12 .mt-3-->\n                            <div class=\"col-12 mt-3\">\n                <!--start card-->\n                <div class=\"card-wrapper card-space\">\n                    <div class=\"card card-bg card-big border-bottom-card\">\n                        <div class=\"card-body row\">\n                                                    <div class=\"col-sm-3\">\n                                <div class=\"img-responsive\">\n                                    <figure class=\"img-wrapper\">\n                                        <a href=\"https:\/\/iicvarsavia.esteri.it\/pl\/gli_eventi\/calendario\/asincrono\/\" title=\"Przeczytaj artyku\u0142: ASINCRONO\">\n                                                                                            <img loading=\"lazy\" decoding=\"async\" width=\"300\" height=\"184\" src=\"https:\/\/iicvarsavia.esteri.it\/wp-content\/uploads\/2026\/08\/Banner-52-300x184.jpg\" srcset=\"https:\/\/iicvarsavia.esteri.it\/wp-content\/uploads\/2026\/08\/Banner-52.jpg 867w, https:\/\/iicvarsavia.esteri.it\/wp-content\/uploads\/2026\/08\/Banner-52-300x184.jpg 300w, https:\/\/iicvarsavia.esteri.it\/wp-content\/uploads\/2026\/08\/Banner-52-768x470.jpg 768w\" sizes=\"auto, (max-width: 867px) 100vw, 867px\"  title=\"Banner (52)\" alt=\"\" class=\"img-fluid\">\n                                                                                    <\/a>\n                                    <\/figure>\n                                <\/div>\n                            <\/div>\n                            <div class=\"col-sm-9\">\n                                                            <div class=\"category-top\">\n                                    <span class=\"fw-bold \"><\/span>                                                                        <span class=\"\">\n                                        <svg class=\"icon icon-secondary\">\n                                            <use xlink:href=\"https:\/\/iicvarsavia.esteri.it\/wp-content\/themes\/sedi-tema\/assets\/svg\/sprites.svg#it-calendar\"><\/use>\n                                        <\/svg> \u015br. wrz 23 2026                                    <\/span>\n                                                                    <\/div>\n                            <h5 class=\"card-title big-heading text-uppercase\"><a class=\"text-body text-decoration-none\" href=\"https:\/\/iicvarsavia.esteri.it\/pl\/gli_eventi\/calendario\/asincrono\/\" title=\"ASINCRONO\">ASINCRONO<\/a><\/h5>\n                            <p class=\"card-text\">ASINCRONO to projekt badawczy, kt\u00f3ry analizuje relacj\u0119 mi\u0119dzy cz\u0142owiekiem a maszyn\u0105, wychodz\u0105c od pytania: skoro dzi\u015b programujemy maszyny, aby coraz bardziej przypomina\u0142y ludzi, to od jak dawna cz\u0142owiek d\u0105\u017cy do tego, by przyswoi\u0107 sobie cechy maszyny? Szybko\u015b\u0107, precyzja, wytrzyma\u0142o\u015b\u0107 i wydajno\u015b\u0107 od wiek\u00f3w stanowi\u0105 idea\u0142y doskona\u0142o\u015bci. Istnieje jednak wymiar, kt\u00f3rego \u017caden system mechaniczny nie jest [&hellip;]<\/p>\n                                <a title=\"ASINCRONO\" class=\"read-more\" href=\"https:\/\/iicvarsavia.esteri.it\/pl\/gli_eventi\/calendario\/asincrono\/\">\n                                    <span class=\"text\">Przeczytaj wi\u0119cej<\/span>\n                                    <svg class=\"icon\">\n                                    <use xlink:href=\"https:\/\/iicvarsavia.esteri.it\/wp-content\/themes\/sedi-tema\/assets\/svg\/sprites.svg#it-arrow-right\"><\/use>\n                                    <\/svg>\n                                <\/a>\n                                                        <\/div>\n                                                    <\/div>\n                    <\/div>\n                <\/div>\n                <!--end card-->\n                <\/div><!-- col-12 .mt-3-->\n                            <div class=\"col-12 mt-3\">\n                <!--start card-->\n                <div class=\"card-wrapper card-space\">\n                    <div class=\"card card-bg card-big border-bottom-card\">\n                        <div class=\"card-body row\">\n                                                    <div class=\"col-sm-3\">\n                                <div class=\"img-responsive\">\n                                    <figure class=\"img-wrapper\">\n                                        <a href=\"https:\/\/iicvarsavia.esteri.it\/pl\/gli_eventi\/calendario\/dylan-dog-40-anni-di-incubi-ai-bacanalia-fantastici-2026\/\" title=\"Przeczytaj artyku\u0142: Dylan Dog: 40 lat koszmar\u00f3w na Bachanaliach Fantastycznych 2026\">\n                                                                                            <img loading=\"lazy\" decoding=\"async\" width=\"300\" height=\"150\" src=\"https:\/\/iicvarsavia.esteri.it\/wp-content\/uploads\/2026\/07\/image-300x150.png\" srcset=\"https:\/\/iicvarsavia.esteri.it\/wp-content\/uploads\/2026\/07\/image.png 1774w, https:\/\/iicvarsavia.esteri.it\/wp-content\/uploads\/2026\/07\/image-300x150.png 300w, https:\/\/iicvarsavia.esteri.it\/wp-content\/uploads\/2026\/07\/image-1024x512.png 1024w, https:\/\/iicvarsavia.esteri.it\/wp-content\/uploads\/2026\/07\/image-768x384.png 768w\" sizes=\"auto, (max-width: 1774px) 100vw, 1774px\"  title=\"image\" alt=\"\" class=\"img-fluid\">\n                                                                                    <\/a>\n                                    <\/figure>\n                                <\/div>\n                            <\/div>\n                            <div class=\"col-sm-9\">\n                                                            <div class=\"category-top\">\n                                    <span class=\"fw-bold \"><\/span>                                                                        <span class=\"\">\n                                        <svg class=\"icon icon-secondary\">\n                                            <use xlink:href=\"https:\/\/iicvarsavia.esteri.it\/wp-content\/themes\/sedi-tema\/assets\/svg\/sprites.svg#it-calendar\"><\/use>\n                                        <\/svg> pt. wrz 25 2026<svg class=\"icon icon-xs icon-secondary me-1 ms-1\"><use href=\"https:\/\/iicvarsavia.esteri.it\/wp-content\/themes\/sedi-tema\/assets\/svg\/sprites.svg#it-arrow-right\"><\/use><\/svg>niedz. wrz 27 2026                                    <\/span>\n                                                                    <\/div>\n                            <h5 class=\"card-title big-heading text-uppercase\"><a class=\"text-body text-decoration-none\" href=\"https:\/\/iicvarsavia.esteri.it\/pl\/gli_eventi\/calendario\/dylan-dog-40-anni-di-incubi-ai-bacanalia-fantastici-2026\/\" title=\"Dylan Dog: 40 lat koszmar\u00f3w na Bachanaliach Fantastycznych 2026\">Dylan Dog: 40 lat koszmar\u00f3w na Bachanaliach Fantastycznych 2026<\/a><\/h5>\n                            <p class=\"card-text\">W dniach 25-27 wrze\u015bnia 2026 roku w Zielonej G\u00f3rze odb\u0119dzie si\u0119 40. edycja Bachanalii Fantastycznych, Og\u00f3lnopolskiego Festiwalu Mi\u0142o\u015bnik\u00f3w Fantastyki, kt\u00f3ra w tym roku b\u0119dzie wyj\u0105tkowa r\u00f3wnie\u017c ze wzgl\u0119du na przypadaj\u0105c\u0105 w tym samym czasie 40. rocznic\u0119 Polconu \u2013 najwa\u017cniejszego og\u00f3lnopolskiego konwentu po\u015bwi\u0119conego fantastyce. Podw\u00f3jny jubileusz przyniesie bogaty program spotka\u0144, konferencji, wydarze\u0144 dla publiczno\u015bci oraz inicjatyw [&hellip;]<\/p>\n                                <a title=\"Dylan Dog: 40 lat koszmar\u00f3w na Bachanaliach Fantastycznych 2026\" class=\"read-more\" href=\"https:\/\/iicvarsavia.esteri.it\/pl\/gli_eventi\/calendario\/dylan-dog-40-anni-di-incubi-ai-bacanalia-fantastici-2026\/\">\n                                    <span class=\"text\">Przeczytaj wi\u0119cej<\/span>\n                                    <svg class=\"icon\">\n                                    <use xlink:href=\"https:\/\/iicvarsavia.esteri.it\/wp-content\/themes\/sedi-tema\/assets\/svg\/sprites.svg#it-arrow-right\"><\/use>\n                                    <\/svg>\n                                <\/a>\n                                                        <\/div>\n                                                    <\/div>\n                    <\/div>\n                <\/div>\n                <!--end card-->\n                <\/div><!-- col-12 .mt-3-->\n                            <div class=\"col-12 mt-3\">\n                <!--start card-->\n                <div class=\"card-wrapper card-space\">\n                    <div class=\"card card-bg card-big border-bottom-card\">\n                        <div class=\"card-body row\">\n                                                    <div class=\"col-sm-3\">\n                                <div class=\"img-responsive\">\n                                    <figure class=\"img-wrapper\">\n                                        <a href=\"https:\/\/iicvarsavia.esteri.it\/pl\/gli_eventi\/calendario\/un-plus-per-la-didattica-insegnare-litaliano-a-stranieri-tra-esperienza-e-innovazione\/\" title=\"Przeczytaj artyku\u0142: Un PLUS per la didattica: nauczanie j\u0119zyka w\u0142oskiego jako obcego \u2013 mi\u0119dzy do\u015bwiadczeniem a innowacj\u0105\">\n                                                                                            <img loading=\"lazy\" decoding=\"async\" width=\"300\" height=\"184\" src=\"https:\/\/iicvarsavia.esteri.it\/wp-content\/uploads\/2026\/08\/Banner-53-300x184.jpg\" srcset=\"https:\/\/iicvarsavia.esteri.it\/wp-content\/uploads\/2026\/08\/Banner-53.jpg 867w, https:\/\/iicvarsavia.esteri.it\/wp-content\/uploads\/2026\/08\/Banner-53-300x184.jpg 300w, https:\/\/iicvarsavia.esteri.it\/wp-content\/uploads\/2026\/08\/Banner-53-768x470.jpg 768w\" sizes=\"auto, (max-width: 867px) 100vw, 867px\"  title=\"Banner (53)\" alt=\"\" class=\"img-fluid\">\n                                                                                    <\/a>\n                                    <\/figure>\n                                <\/div>\n                            <\/div>\n                            <div class=\"col-sm-9\">\n                                                            <div class=\"category-top\">\n                                    <span class=\"fw-bold \"><\/span>                                                                        <span class=\"\">\n                                        <svg class=\"icon icon-secondary\">\n                                            <use xlink:href=\"https:\/\/iicvarsavia.esteri.it\/wp-content\/themes\/sedi-tema\/assets\/svg\/sprites.svg#it-calendar\"><\/use>\n                                        <\/svg> pt. wrz 25 2026                                    <\/span>\n                                                                    <\/div>\n                            <h5 class=\"card-title big-heading text-uppercase\"><a class=\"text-body text-decoration-none\" href=\"https:\/\/iicvarsavia.esteri.it\/pl\/gli_eventi\/calendario\/un-plus-per-la-didattica-insegnare-litaliano-a-stranieri-tra-esperienza-e-innovazione\/\" title=\"Un PLUS per la didattica: nauczanie j\u0119zyka w\u0142oskiego jako obcego \u2013 mi\u0119dzy do\u015bwiadczeniem a innowacj\u0105\">Un PLUS per la didattica: nauczanie j\u0119zyka w\u0142oskiego jako obcego \u2013 mi\u0119dzy do\u015bwiadczeniem a innowacj\u0105<\/a><\/h5>\n                            <p class=\"card-text\">W\u0142oski Instytut Kultury w Warszawie z przyjemno\u015bci\u0105 go\u015bci kurs doskonal\u0105cy skierowany do nauczycieli j\u0119zyka w\u0142oskiego jako drugiego i obcego (L2\/LS), organizowany przez wydawnictwo ALMA Edizioni i po\u015bwi\u0119cony rozwijaniu oraz innowacyjnemu wzbogacaniu oferty dydaktycznej w zakresie nauczania j\u0119zyka w\u0142oskiego cudzoziemc\u00f3w. Inicjatywa stanowi wa\u017cn\u0105 okazj\u0119 do rozwoju zawodowego i wymiany do\u015bwiadcze\u0144, oferuj\u0105c uczestnikom mo\u017cliwo\u015b\u0107 pog\u0142\u0119bienia wiedzy na [&hellip;]<\/p>\n                                <a title=\"Un PLUS per la didattica: nauczanie j\u0119zyka w\u0142oskiego jako obcego \u2013 mi\u0119dzy do\u015bwiadczeniem a innowacj\u0105\" class=\"read-more\" href=\"https:\/\/iicvarsavia.esteri.it\/pl\/gli_eventi\/calendario\/un-plus-per-la-didattica-insegnare-litaliano-a-stranieri-tra-esperienza-e-innovazione\/\">\n                                    <span class=\"text\">Przeczytaj wi\u0119cej<\/span>\n                                    <svg class=\"icon\">\n                                    <use xlink:href=\"https:\/\/iicvarsavia.esteri.it\/wp-content\/themes\/sedi-tema\/assets\/svg\/sprites.svg#it-arrow-right\"><\/use>\n                                    <\/svg>\n                                <\/a>\n                                                        <\/div>\n                                                    <\/div>\n                    <\/div>\n                <\/div>\n                <!--end card-->\n                <\/div><!-- col-12 .mt-3-->\n                            <div class=\"col-12 mt-3\">\n                <!--start card-->\n                <div class=\"card-wrapper card-space\">\n                    <div class=\"card card-bg card-big border-bottom-card\">\n                        <div class=\"card-body row\">\n                                                    <div class=\"col-sm-3\">\n                                <div class=\"img-responsive\">\n                                    <figure class=\"img-wrapper\">\n                                        <a href=\"https:\/\/iicvarsavia.esteri.it\/pl\/gli_eventi\/calendario\/marco-delisi-al-festival-sacrum-et-musica-di-zambrow-e-grajewo\/\" title=\"Przeczytaj artyku\u0142: Marco Delisi na Festiwalu \u201eSacrum et Musica\u201d w Zambrowie i Grajewie\">\n                                                                                            <img loading=\"lazy\" decoding=\"async\" width=\"300\" height=\"184\" src=\"https:\/\/iicvarsavia.esteri.it\/wp-content\/uploads\/2026\/08\/Banner-59-300x184.jpg\" srcset=\"https:\/\/iicvarsavia.esteri.it\/wp-content\/uploads\/2026\/08\/Banner-59.jpg 867w, https:\/\/iicvarsavia.esteri.it\/wp-content\/uploads\/2026\/08\/Banner-59-300x184.jpg 300w, https:\/\/iicvarsavia.esteri.it\/wp-content\/uploads\/2026\/08\/Banner-59-768x470.jpg 768w\" sizes=\"auto, (max-width: 867px) 100vw, 867px\"  title=\"Banner (59)\" alt=\"\" class=\"img-fluid\">\n                                                                                    <\/a>\n                                    <\/figure>\n                                <\/div>\n                            <\/div>\n                            <div class=\"col-sm-9\">\n                                                            <div class=\"category-top\">\n                                    <span class=\"fw-bold \"><\/span>                                                                        <span class=\"\">\n                                        <svg class=\"icon icon-secondary\">\n                                            <use xlink:href=\"https:\/\/iicvarsavia.esteri.it\/wp-content\/themes\/sedi-tema\/assets\/svg\/sprites.svg#it-calendar\"><\/use>\n                                        <\/svg> niedz. wrz 27 2026                                    <\/span>\n                                                                    <\/div>\n                            <h5 class=\"card-title big-heading text-uppercase\"><a class=\"text-body text-decoration-none\" href=\"https:\/\/iicvarsavia.esteri.it\/pl\/gli_eventi\/calendario\/marco-delisi-al-festival-sacrum-et-musica-di-zambrow-e-grajewo\/\" title=\"Marco Delisi na Festiwalu \u201eSacrum et Musica\u201d w Zambrowie i Grajewie\">Marco Delisi na Festiwalu \u201eSacrum et Musica\u201d w Zambrowie i Grajewie<\/a><\/h5>\n                            <p class=\"card-text\">W\u0142oski Instytut Kultury w Warszawie we wsp\u00f3\u0142pracy z Filharmoni\u0105 Kameraln\u0105 im. Witolda Lutos\u0142awskiego w \u0141om\u017cy ma przyjemno\u015b\u0107 zaprosi\u0107 na dwa koncerty w\u0142oskiego flecisty Marca Delisiego, kt\u00f3re odb\u0119d\u0105 si\u0119 27 wrze\u015bnia 2026 roku w ramach XXII edycji Mi\u0119dzynarodowego Festiwalu Muzyki Kameralnej \u201eSacrum et Musica\u201d. Tego dnia Marco Delisi wyst\u0105pi wraz z barytonem Tianjim Liu oraz Filharmoni\u0105 [&hellip;]<\/p>\n                                <a title=\"Marco Delisi na Festiwalu \u201eSacrum et Musica\u201d w Zambrowie i Grajewie\" class=\"read-more\" href=\"https:\/\/iicvarsavia.esteri.it\/pl\/gli_eventi\/calendario\/marco-delisi-al-festival-sacrum-et-musica-di-zambrow-e-grajewo\/\">\n                                    <span class=\"text\">Przeczytaj wi\u0119cej<\/span>\n                                    <svg class=\"icon\">\n                                    <use xlink:href=\"https:\/\/iicvarsavia.esteri.it\/wp-content\/themes\/sedi-tema\/assets\/svg\/sprites.svg#it-arrow-right\"><\/use>\n                                    <\/svg>\n                                <\/a>\n                                                        <\/div>\n                                                    <\/div>\n                    <\/div>\n                <\/div>\n                <!--end card-->\n                <\/div><!-- col-12 .mt-3-->\n            \n            <div class=\"col-md-12 mt-4 pb-4\">\n                <nav class=\"navigation col-md-12\" aria-label=\"Navigation\">\n                    <h2 class=\"screen-reader-text visually-hidden\">Stronicowanie<\/h2>\n                    <div class=\"nav-links\">\n                                        <\/div>\n                <\/nav>\n            <\/div>   <!--.col-md-12 -->\n              <\/div><!--.row -->\n              \n","protected":false},"excerpt":{"rendered":"","protected":false},"author":1,"featured_media":0,"parent":0,"menu_order":6,"comment_status":"closed","ping_status":"closed","template":"","meta":{"footnotes":""},"class_list":["post-95","page","type-page","status-publish","hentry"],"_links":{"self":[{"href":"https:\/\/iicvarsavia.esteri.it\/pl\/wp-json\/wp\/v2\/pages\/95","targetHints":{"allow":["GET"]}}],"collection":[{"href":"https:\/\/iicvarsavia.esteri.it\/pl\/wp-json\/wp\/v2\/pages"}],"about":[{"href":"https:\/\/iicvarsavia.esteri.it\/pl\/wp-json\/wp\/v2\/types\/page"}],"author":[{"embeddable":true,"href":"https:\/\/iicvarsavia.esteri.it\/pl\/wp-json\/wp\/v2\/users\/1"}],"replies":[{"embeddable":true,"href":"https:\/\/iicvarsavia.esteri.it\/pl\/wp-json\/wp\/v2\/comments?post=95"}],"version-history":[{"count":1,"href":"https:\/\/iicvarsavia.esteri.it\/pl\/wp-json\/wp\/v2\/pages\/95\/revisions"}],"predecessor-version":[{"id":111,"href":"https:\/\/iicvarsavia.esteri.it\/pl\/wp-json\/wp\/v2\/pages\/95\/revisions\/111"}],"wp:attachment":[{"href":"https:\/\/iicvarsavia.esteri.it\/pl\/wp-json\/wp\/v2\/media?parent=95"}],"curies":[{"name":"wp","href":"https:\/\/api.w.org\/{rel}","templated":true}]}}