{"id":97,"date":"2023-04-03T20:31:58","date_gmt":"2023-04-03T18:31:58","guid":{"rendered":"https:\/\/iicvarsavia.esteri.it\/news\/"},"modified":"2023-10-25T17:14:06","modified_gmt":"2023-10-25T15:14:06","slug":"news","status":"publish","type":"page","link":"https:\/\/iicvarsavia.esteri.it\/pl\/news\/","title":{"rendered":"Aktualno\u015bci"},"content":{"rendered":"        <div class=\"row\">\n\t\t\t<!-- Ricerca sedi post -->\n\t\t\t<div class=\"col-12 mt-4\">\n\t\t\t  <div class=\"callout callout-highlight note ricerca-esteri p-4\">\n                    <div class=\"callout-title\">\n                        <svg class=\"icon\">\n                            <use xlink:href=\"https:\/\/iicvarsavia.esteri.it\/wp-content\/themes\/sedi-tema\/assets\/svg\/sprites.svg#it-search\"><\/use>\n                        <\/svg>Wpisz parametry wyszukiwania                    <\/div>\n                    <form id=\"searchFormPost\" name=\"form-search-post\" class=\"form-row align-items-center\" action=\"https:\/\/iicvarsavia.esteri.it\/pl\/wp-json\/wp\/v2\/pages\/97\/\" method=\"GET\"> \n                        <!-- <div class=\"form-group pt-5\"> -->\n                            <!-- <input type=\"hidden\" id=\"lang\" name=\"lang\" value=\"\"> --> <!-- <\/div> -->\n\n                        <div class=\"it-datepicker-wrapper\">\n                            <div class=\"row\">\n                                <div class=\"form-group col-md-6\">\n                                    <label class=\"active\" for=\"date-init\">Od<\/label>\n                                    <input class=\"form-control\" name=\"date-init\" id=\"date-init\" type=\"date\" placeholder=\"gg\/mm\/aaaa\" value=\"\"lang=\"en-EN\">  \n                                <\/div>\n                                <div class=\"form-group col-md-6\">\n                                    <label class=\"active\" for=\"date-end\">Do<\/label>\n                                    <input class=\"form-control\" name=\"date-end\" id=\"date-end\" type=\"date\" placeholder=\"gg\/mm\/aaaa\" value=\"\">\n                                <\/div>\n                            <\/div>\n                        <\/div>\n                        <div class=\"form-group col-md-12 mt-3\">\n                            <label for=\"searchText\">Pole wyszukiwania<\/label>\n                            <input type=\"text\" name=\"searchText\" class=\"form-control\" id=\"searchText\" value=\"\">\n                        <\/div>\n                        <div class=\"form-group col-md-4 offset-md-8 text-end\">\n                            <a href=\"https:\/\/iicvarsavia.esteri.it\/pl\/news\/\" title=\"Form reset\" id=\"resetImput\" class=\"btn btn-outline-primary btn-xs\">Reset<\/a>\n                            <button type=\"submit\" class=\"btn btn-primary btn-xs\">Poka\u017c wyniki<\/button>\n                        <\/div>\n                    <\/form>\n\t\t\t\t<\/div>\n\t\t\t<\/div>\n\t\t<\/div>\n                    \n            <div class=\"row\">\n                            <div class=\"col-12 mt-3\">\n                <!--start card-->\n                <div class=\"card-wrapper card-space\">\n                    <div class=\"card card-bg card-big border-bottom-card\">\n                        <div class=\"card-body \">\n                                                        <div class=\"category-top\">\n                                                                                                            <span class=\"\">\n                                        <svg class=\"icon icon-secondary\">\n                                            <use xlink:href=\"https:\/\/iicvarsavia.esteri.it\/wp-content\/themes\/sedi-tema\/assets\/svg\/sprites.svg#it-calendar\"><\/use>\n                                        <\/svg> 12 sierpnia 2026                                    <\/span>\n                                                                    <\/div>\n                            <h5 class=\"card-title big-heading text-uppercase\"><a class=\"text-body text-decoration-none\" href=\"https:\/\/iicvarsavia.esteri.it\/pl\/news\/dall_istituto\/2026\/08\/25-premio-internazionale-flaiano-di-italianistica-luca-attanasio\/\" title=\"25\u00b0 Premio Internazionale Flaiano di Italianistica &#8222;Luca Attanasio&#8221;\">25\u00b0 Premio Internazionale Flaiano di Italianistica &#8222;Luca Attanasio&#8221;<\/a><\/h5>\n                            <p class=\"card-text\">Nell\u2019ambito della 53\u00b0 edizione dei Premi Internazionali Flaiano, sezione Letteratura, \u00e8 bandito per il 2026 il 25\u00b0 Premio Internazionale Flaiano di Italianistica &#8222;Luca Attanasio&#8221;. Unico nel suo genere, il premio \u00e8 sostenuto e finanziato da venticinque anni dal Ministero degli Affari Esteri e della Cooperazione Internazionale, per la valorizzazione e lo studio della lingua e [&hellip;]<\/p>\n                                <a title=\"25\u00b0 Premio Internazionale Flaiano di Italianistica &#8222;Luca Attanasio&#8221;\" class=\"read-more\" href=\"https:\/\/iicvarsavia.esteri.it\/pl\/news\/dall_istituto\/2026\/08\/25-premio-internazionale-flaiano-di-italianistica-luca-attanasio\/\">\n                                    <span class=\"text\">Przeczytaj wi\u0119cej<\/span>\n                                    <svg class=\"icon\">\n                                    <use xlink:href=\"https:\/\/iicvarsavia.esteri.it\/wp-content\/themes\/sedi-tema\/assets\/svg\/sprites.svg#it-arrow-right\"><\/use>\n                                    <\/svg>\n                                <\/a>\n                                                    <\/div>\n                    <\/div>\n                <\/div>\n                <!--end card-->\n                <\/div><!-- col-12 .mt-3-->\n                            <div class=\"col-12 mt-3\">\n                <!--start card-->\n                <div class=\"card-wrapper card-space\">\n                    <div class=\"card card-bg card-big border-bottom-card\">\n                        <div class=\"card-body \">\n                                                        <div class=\"category-top\">\n                                                                                                            <span class=\"\">\n                                        <svg class=\"icon icon-secondary\">\n                                            <use xlink:href=\"https:\/\/iicvarsavia.esteri.it\/wp-content\/themes\/sedi-tema\/assets\/svg\/sprites.svg#it-calendar\"><\/use>\n                                        <\/svg> 22 lipca 2026                                    <\/span>\n                                                                    <\/div>\n                            <h5 class=\"card-title big-heading text-uppercase\"><a class=\"text-body text-decoration-none\" href=\"https:\/\/iicvarsavia.esteri.it\/pl\/news\/dall_istituto\/2026\/07\/masters-in-fashion-management-scholarships\/\" title=\"Masters in Fashion Management &#8211; Scholarships\">Masters in Fashion Management &#8211; Scholarships<\/a><\/h5>\n                            <p class=\"card-text\">IIFM, Italian Institute of Fashion Management \u2013 Milan offers merit- and income-based scholarships to support international students aspiring to pursue advanced studies in fashion and luxury management. Each scholarship, worth \u20ac8,400, covers 40% of the tuition fee for IIFM\u2019s University Master\u2019s Programs (60 CFU\/ECTS) in Milan, starting in January 2026, in collaboration with the most [&hellip;]<\/p>\n                                <a title=\"Masters in Fashion Management &#8211; Scholarships\" class=\"read-more\" href=\"https:\/\/iicvarsavia.esteri.it\/pl\/news\/dall_istituto\/2026\/07\/masters-in-fashion-management-scholarships\/\">\n                                    <span class=\"text\">Przeczytaj wi\u0119cej<\/span>\n                                    <svg class=\"icon\">\n                                    <use xlink:href=\"https:\/\/iicvarsavia.esteri.it\/wp-content\/themes\/sedi-tema\/assets\/svg\/sprites.svg#it-arrow-right\"><\/use>\n                                    <\/svg>\n                                <\/a>\n                                                    <\/div>\n                    <\/div>\n                <\/div>\n                <!--end card-->\n                <\/div><!-- col-12 .mt-3-->\n                            <div class=\"col-12 mt-3\">\n                <!--start card-->\n                <div class=\"card-wrapper card-space\">\n                    <div class=\"card card-bg card-big border-bottom-card\">\n                        <div class=\"card-body \">\n                                                        <div class=\"category-top\">\n                                                                                                            <span class=\"\">\n                                        <svg class=\"icon icon-secondary\">\n                                            <use xlink:href=\"https:\/\/iicvarsavia.esteri.it\/wp-content\/themes\/sedi-tema\/assets\/svg\/sprites.svg#it-calendar\"><\/use>\n                                        <\/svg> 10 lipca 2026                                    <\/span>\n                                                                    <\/div>\n                            <h5 class=\"card-title big-heading text-uppercase\"><a class=\"text-body text-decoration-none\" href=\"https:\/\/iicvarsavia.esteri.it\/pl\/news\/dall_istituto\/2026\/07\/graduatoria-finale-borse-di-studio-maeci-2025-2026\/\" title=\"Lista rankingowa \u2013 Stypendia MAECI na rok akademicki 2026\u20132027\">Lista rankingowa \u2013 Stypendia MAECI na rok akademicki 2026\u20132027<\/a><\/h5>\n                            <p class=\"card-text\">Z przyjemno\u015bci\u0105 og\u0142aszamy list\u0119 os\u00f3b, kt\u00f3rym zosta\u0142o przyznane stypendium MAECI na rok akademicki 2026\u20132027. Laureaci maj\u0105 7 dni na zalogowanie si\u0119 na swoje konto na portalu Study In Italy i akceptacj\u0119 stypendium. Brak numeru referencyjnego wniosku kandydata na li\u015bcie laureat\u00f3w i rezerwowych oznacza, \u017ce stypendium nie zosta\u0142o mu przyznane.<\/p>\n                                <a title=\"Lista rankingowa \u2013 Stypendia MAECI na rok akademicki 2026\u20132027\" class=\"read-more\" href=\"https:\/\/iicvarsavia.esteri.it\/pl\/news\/dall_istituto\/2026\/07\/graduatoria-finale-borse-di-studio-maeci-2025-2026\/\">\n                                    <span class=\"text\">Przeczytaj wi\u0119cej<\/span>\n                                    <svg class=\"icon\">\n                                    <use xlink:href=\"https:\/\/iicvarsavia.esteri.it\/wp-content\/themes\/sedi-tema\/assets\/svg\/sprites.svg#it-arrow-right\"><\/use>\n                                    <\/svg>\n                                <\/a>\n                                                    <\/div>\n                    <\/div>\n                <\/div>\n                <!--end card-->\n                <\/div><!-- col-12 .mt-3-->\n                            <div class=\"col-12 mt-3\">\n                <!--start card-->\n                <div class=\"card-wrapper card-space\">\n                    <div class=\"card card-bg card-big border-bottom-card\">\n                        <div class=\"card-body \">\n                                                        <div class=\"category-top\">\n                                                                                                            <span class=\"\">\n                                        <svg class=\"icon icon-secondary\">\n                                            <use xlink:href=\"https:\/\/iicvarsavia.esteri.it\/wp-content\/themes\/sedi-tema\/assets\/svg\/sprites.svg#it-calendar\"><\/use>\n                                        <\/svg> 7 lipca 2026                                    <\/span>\n                                                                    <\/div>\n                            <h5 class=\"card-title big-heading text-uppercase\"><a class=\"text-body text-decoration-none\" href=\"https:\/\/iicvarsavia.esteri.it\/pl\/news\/dall_istituto\/2026\/07\/ufficio-ice-di-varsavia-avviso-di-selezione-per-lassunzione-di-un-contabile\/\" title=\"Ufficio ICE di Varsavia &#8211; Avviso di selezione per l&#8217;assunzione di un contabile\">Ufficio ICE di Varsavia &#8211; Avviso di selezione per l&#8217;assunzione di un contabile<\/a><\/h5>\n                            <p class=\"card-text\">Si rende noto che l&#8217;Ufficio ICE-Agenzia di Varsavia, Sezione per la Promozione degli Scambi dell&#8217;Ambasciata d&#8217;Italia, ricerca una persona per la copertura della posizione di CONTABILE, inquadrata nell\u2019ambito della qualifica amministrativa, bilingue (italiano e polacco), a tempo pieno per un contratto a tempo indeterminato. La scadenza per la presentazione delle candidature \u00e8 fissata alle ore [&hellip;]<\/p>\n                                <a title=\"Ufficio ICE di Varsavia &#8211; Avviso di selezione per l&#8217;assunzione di un contabile\" class=\"read-more\" href=\"https:\/\/iicvarsavia.esteri.it\/pl\/news\/dall_istituto\/2026\/07\/ufficio-ice-di-varsavia-avviso-di-selezione-per-lassunzione-di-un-contabile\/\">\n                                    <span class=\"text\">Przeczytaj wi\u0119cej<\/span>\n                                    <svg class=\"icon\">\n                                    <use xlink:href=\"https:\/\/iicvarsavia.esteri.it\/wp-content\/themes\/sedi-tema\/assets\/svg\/sprites.svg#it-arrow-right\"><\/use>\n                                    <\/svg>\n                                <\/a>\n                                                    <\/div>\n                    <\/div>\n                <\/div>\n                <!--end card-->\n                <\/div><!-- col-12 .mt-3-->\n                            <div class=\"col-12 mt-3\">\n                <!--start card-->\n                <div class=\"card-wrapper card-space\">\n                    <div class=\"card card-bg card-big border-bottom-card\">\n                        <div class=\"card-body \">\n                                                        <div class=\"category-top\">\n                                                                                                            <span class=\"\">\n                                        <svg class=\"icon icon-secondary\">\n                                            <use xlink:href=\"https:\/\/iicvarsavia.esteri.it\/wp-content\/themes\/sedi-tema\/assets\/svg\/sprites.svg#it-calendar\"><\/use>\n                                        <\/svg> 23 czerwca 2026                                    <\/span>\n                                                                    <\/div>\n                            <h5 class=\"card-title big-heading text-uppercase\"><a class=\"text-body text-decoration-none\" href=\"https:\/\/iicvarsavia.esteri.it\/pl\/news\/dall_istituto\/2026\/06\/corsi-estivi-di-lingua-italiana-iscrizioni-aperte\/\" title=\"Letnie kursy j\u0119zyka w\u0142oskiego | Trwaj\u0105 zapisy\">Letnie kursy j\u0119zyka w\u0142oskiego | Trwaj\u0105 zapisy<\/a><\/h5>\n                            <p class=\"card-text\">Zapisy na letnie kursy j\u0119zyka w\u0142oskiego w Istitucie W\u0142oskim Kultury s\u0105 otwarte. Wszystkie informacje na stronie: Lista aktywnych kurs\u00f3w<\/p>\n                                <a title=\"Letnie kursy j\u0119zyka w\u0142oskiego | Trwaj\u0105 zapisy\" class=\"read-more\" href=\"https:\/\/iicvarsavia.esteri.it\/pl\/news\/dall_istituto\/2026\/06\/corsi-estivi-di-lingua-italiana-iscrizioni-aperte\/\">\n                                    <span class=\"text\">Przeczytaj wi\u0119cej<\/span>\n                                    <svg class=\"icon\">\n                                    <use xlink:href=\"https:\/\/iicvarsavia.esteri.it\/wp-content\/themes\/sedi-tema\/assets\/svg\/sprites.svg#it-arrow-right\"><\/use>\n                                    <\/svg>\n                                <\/a>\n                                                    <\/div>\n                    <\/div>\n                <\/div>\n                <!--end card-->\n                <\/div><!-- col-12 .mt-3-->\n                            <div class=\"col-12 mt-3\">\n                <!--start card-->\n                <div class=\"card-wrapper card-space\">\n                    <div class=\"card card-bg card-big border-bottom-card\">\n                        <div class=\"card-body \">\n                                                        <div class=\"category-top\">\n                                                                                                            <span class=\"\">\n                                        <svg class=\"icon icon-secondary\">\n                                            <use xlink:href=\"https:\/\/iicvarsavia.esteri.it\/wp-content\/themes\/sedi-tema\/assets\/svg\/sprites.svg#it-calendar\"><\/use>\n                                        <\/svg> 22 czerwca 2026                                    <\/span>\n                                                                    <\/div>\n                            <h5 class=\"card-title big-heading text-uppercase\"><a class=\"text-body text-decoration-none\" href=\"https:\/\/iicvarsavia.esteri.it\/pl\/news\/dall_istituto\/2026\/06\/uwaga-zamkniecie-biblioteki\/\" title=\"UWAGA \u2013 ZAMKNI\u0118CIE BIBLIOTEKI\">UWAGA \u2013 ZAMKNI\u0118CIE BIBLIOTEKI<\/a><\/h5>\n                            <p class=\"card-text\">Informuje si\u0119, \u017ce w okresie od 23 czerwca do 20 lipca biblioteka b\u0119dzie zamkni\u0119ta dla publiczno\u015bci. W godzinach otwarcia Instytutu b\u0119dzie jednak mo\u017cliwy zwrot wypo\u017cyczonych ksi\u0105\u017cek.<\/p>\n                                <a title=\"UWAGA \u2013 ZAMKNI\u0118CIE BIBLIOTEKI\" class=\"read-more\" href=\"https:\/\/iicvarsavia.esteri.it\/pl\/news\/dall_istituto\/2026\/06\/uwaga-zamkniecie-biblioteki\/\">\n                                    <span class=\"text\">Przeczytaj wi\u0119cej<\/span>\n                                    <svg class=\"icon\">\n                                    <use xlink:href=\"https:\/\/iicvarsavia.esteri.it\/wp-content\/themes\/sedi-tema\/assets\/svg\/sprites.svg#it-arrow-right\"><\/use>\n                                    <\/svg>\n                                <\/a>\n                                                    <\/div>\n                    <\/div>\n                <\/div>\n                <!--end card-->\n                <\/div><!-- col-12 .mt-3-->\n                            <div class=\"col-12 mt-3\">\n                <!--start card-->\n                <div class=\"card-wrapper card-space\">\n                    <div class=\"card card-bg card-big border-bottom-card\">\n                        <div class=\"card-body \">\n                                                        <div class=\"category-top\">\n                                                                                                            <span class=\"\">\n                                        <svg class=\"icon icon-secondary\">\n                                            <use xlink:href=\"https:\/\/iicvarsavia.esteri.it\/wp-content\/themes\/sedi-tema\/assets\/svg\/sprites.svg#it-calendar\"><\/use>\n                                        <\/svg> 9 czerwca 2026                                    <\/span>\n                                                                    <\/div>\n                            <h5 class=\"card-title big-heading text-uppercase\"><a class=\"text-body text-decoration-none\" href=\"https:\/\/iicvarsavia.esteri.it\/pl\/news\/dall_istituto\/2026\/06\/accademia-teatro-alla-scala-global-master-in-performing-arts-management\/\" title=\"Accademia Teatro alla Scala &#8211; Global Master in Performing Arts Management\">Accademia Teatro alla Scala &#8211; Global Master in Performing Arts Management<\/a><\/h5>\n                            <p class=\"card-text\">The Accademia Teatro alla Scala offers\u00a0the\u00a0Global Master\u2019s in Performing Arts Management, delivered in partnership with POLIMI Graduate School of Management and in collaboration with the Piccolo Teatro in Milan. Applications deadline: extra UE citizens: September 16, 2026; UE citizens: September 30, 2026. For information about available scholarships, please visit the website of POLIMI Graduate School [&hellip;]<\/p>\n                                <a title=\"Accademia Teatro alla Scala &#8211; Global Master in Performing Arts Management\" class=\"read-more\" href=\"https:\/\/iicvarsavia.esteri.it\/pl\/news\/dall_istituto\/2026\/06\/accademia-teatro-alla-scala-global-master-in-performing-arts-management\/\">\n                                    <span class=\"text\">Przeczytaj wi\u0119cej<\/span>\n                                    <svg class=\"icon\">\n                                    <use xlink:href=\"https:\/\/iicvarsavia.esteri.it\/wp-content\/themes\/sedi-tema\/assets\/svg\/sprites.svg#it-arrow-right\"><\/use>\n                                    <\/svg>\n                                <\/a>\n                                                    <\/div>\n                    <\/div>\n                <\/div>\n                <!--end card-->\n                <\/div><!-- col-12 .mt-3-->\n                            <div class=\"col-12 mt-3\">\n                <!--start card-->\n                <div class=\"card-wrapper card-space\">\n                    <div class=\"card card-bg card-big border-bottom-card\">\n                        <div class=\"card-body \">\n                                                        <div class=\"category-top\">\n                                                                                                            <span class=\"\">\n                                        <svg class=\"icon icon-secondary\">\n                                            <use xlink:href=\"https:\/\/iicvarsavia.esteri.it\/wp-content\/themes\/sedi-tema\/assets\/svg\/sprites.svg#it-calendar\"><\/use>\n                                        <\/svg> 9 czerwca 2026                                    <\/span>\n                                                                    <\/div>\n                            <h5 class=\"card-title big-heading text-uppercase\"><a class=\"text-body text-decoration-none\" href=\"https:\/\/iicvarsavia.esteri.it\/pl\/news\/dall_istituto\/2026\/06\/istituto-italiano-per-gli-studi-storici-borse-di-studio-a-a-2026-2027\/\" title=\"Istituto italiano per gli studi storici &#8211;  Scholarships AY 2026-2027\">Istituto italiano per gli studi storici &#8211;  Scholarships AY 2026-2027<\/a><\/h5>\n                            <p class=\"card-text\">The\u00a0Istituto italiano per gli studi storici is pleased to offer annual scholarships in the field of history, philosophy and literature for graduates and PhDs in order to support their further research. Application deadline: 20 July 2026. &nbsp;<\/p>\n                                <a title=\"Istituto italiano per gli studi storici &#8211;  Scholarships AY 2026-2027\" class=\"read-more\" href=\"https:\/\/iicvarsavia.esteri.it\/pl\/news\/dall_istituto\/2026\/06\/istituto-italiano-per-gli-studi-storici-borse-di-studio-a-a-2026-2027\/\">\n                                    <span class=\"text\">Przeczytaj wi\u0119cej<\/span>\n                                    <svg class=\"icon\">\n                                    <use xlink:href=\"https:\/\/iicvarsavia.esteri.it\/wp-content\/themes\/sedi-tema\/assets\/svg\/sprites.svg#it-arrow-right\"><\/use>\n                                    <\/svg>\n                                <\/a>\n                                                    <\/div>\n                    <\/div>\n                <\/div>\n                <!--end card-->\n                <\/div><!-- col-12 .mt-3-->\n                            <div class=\"col-12 mt-3\">\n                <!--start card-->\n                <div class=\"card-wrapper card-space\">\n                    <div class=\"card card-bg card-big border-bottom-card\">\n                        <div class=\"card-body \">\n                                                        <div class=\"category-top\">\n                                                                                                            <span class=\"\">\n                                        <svg class=\"icon icon-secondary\">\n                                            <use xlink:href=\"https:\/\/iicvarsavia.esteri.it\/wp-content\/themes\/sedi-tema\/assets\/svg\/sprites.svg#it-calendar\"><\/use>\n                                        <\/svg> 8 maja 2026                                    <\/span>\n                                                                    <\/div>\n                            <h5 class=\"card-title big-heading text-uppercase\"><a class=\"text-body text-decoration-none\" href=\"https:\/\/iicvarsavia.esteri.it\/pl\/news\/dall_istituto\/2026\/05\/borse-di-studio-della-fondazione-giorgio-cini\/\" title=\"Fondazione Giorgio Cini scholarships\">Fondazione Giorgio Cini scholarships<\/a><\/h5>\n                            <p class=\"card-text\">The Fondazione Giorgio Cini, Venice offers 9 residential scholarships to PhD students and postdoc students who must not be over 40 years old on June 30, 2026, interested in spending two consecutive months in Venice at the Vittore Branca International Center for the Study of Italian Culture between January and December 2027. The residential scholarships [&hellip;]<\/p>\n                                <a title=\"Fondazione Giorgio Cini scholarships\" class=\"read-more\" href=\"https:\/\/iicvarsavia.esteri.it\/pl\/news\/dall_istituto\/2026\/05\/borse-di-studio-della-fondazione-giorgio-cini\/\">\n                                    <span class=\"text\">Przeczytaj wi\u0119cej<\/span>\n                                    <svg class=\"icon\">\n                                    <use xlink:href=\"https:\/\/iicvarsavia.esteri.it\/wp-content\/themes\/sedi-tema\/assets\/svg\/sprites.svg#it-arrow-right\"><\/use>\n                                    <\/svg>\n                                <\/a>\n                                                    <\/div>\n                    <\/div>\n                <\/div>\n                <!--end card-->\n                <\/div><!-- col-12 .mt-3-->\n                            <div class=\"col-12 mt-3\">\n                <!--start card-->\n                <div class=\"card-wrapper card-space\">\n                    <div class=\"card card-bg card-big border-bottom-card\">\n                        <div class=\"card-body \">\n                                                        <div class=\"category-top\">\n                                                                                                            <span class=\"\">\n                                        <svg class=\"icon icon-secondary\">\n                                            <use xlink:href=\"https:\/\/iicvarsavia.esteri.it\/wp-content\/themes\/sedi-tema\/assets\/svg\/sprites.svg#it-calendar\"><\/use>\n                                        <\/svg> 4 maja 2026                                    <\/span>\n                                                                    <\/div>\n                            <h5 class=\"card-title big-heading text-uppercase\"><a class=\"text-body text-decoration-none\" href=\"https:\/\/iicvarsavia.esteri.it\/pl\/news\/dall_istituto\/2026\/05\/student-games-festival-2026-submissions-open\/\" title=\"Student Games Festival 2026 \u2013 Submissions open\">Student Games Festival 2026 \u2013 Submissions open<\/a><\/h5>\n                            <p class=\"card-text\">On October 8\u20139, 2026, Warsaw will host the new edition of the international Student Games Festival and the Best Student Game Awards. The Student Games Festival is a unique international event designed to spotlight student creativity, foster collaboration between education and the game industry, and promote games as works of culture and art. The festival [&hellip;]<\/p>\n                                <a title=\"Student Games Festival 2026 \u2013 Submissions open\" class=\"read-more\" href=\"https:\/\/iicvarsavia.esteri.it\/pl\/news\/dall_istituto\/2026\/05\/student-games-festival-2026-submissions-open\/\">\n                                    <span class=\"text\">Przeczytaj wi\u0119cej<\/span>\n                                    <svg class=\"icon\">\n                                    <use xlink:href=\"https:\/\/iicvarsavia.esteri.it\/wp-content\/themes\/sedi-tema\/assets\/svg\/sprites.svg#it-arrow-right\"><\/use>\n                                    <\/svg>\n                                <\/a>\n                                                    <\/div>\n                    <\/div>\n                <\/div>\n                <!--end card-->\n                <\/div><!-- col-12 .mt-3-->\n            \n            <div class=\"col-md-12 mt-4 pb-4\">\n                <nav class=\"navigation col-md-12\" aria-label=\"Navigation\">\n                    <h2 class=\"screen-reader-text visually-hidden\">Stronicowanie<\/h2>\n                    <div class=\"nav-links\">\n                    <span aria-current=\"page\" class=\"page-numbers current\">1<\/span>\n<a class=\"page-numbers\" href=\"https:\/\/iicvarsavia.esteri.it\/pl\/wp-json\/wp\/v2\/pages\/97\/?pag=2\">2<\/a>\n<a class=\"page-numbers\" href=\"https:\/\/iicvarsavia.esteri.it\/pl\/wp-json\/wp\/v2\/pages\/97\/?pag=3\">3<\/a>\n<span class=\"page-numbers dots\">&hellip;<\/span>\n<a class=\"page-numbers\" href=\"https:\/\/iicvarsavia.esteri.it\/pl\/wp-json\/wp\/v2\/pages\/97\/?pag=7\">7<\/a>\n<a class=\"next page-numbers\" href=\"https:\/\/iicvarsavia.esteri.it\/pl\/wp-json\/wp\/v2\/pages\/97\/?pag=2\"><svg class=\"icon icon-primary\"><use xlink:href=\"https:\/\/iicvarsavia.esteri.it\/wp-content\/themes\/sedi-tema\/assets\/svg\/sprites.svg#it-chevron-right\"><\/use><\/svg>\n                                    <span class=\"visually-hidden\">Nast\u0119pna strona<\/span><\/a>                    <\/div>\n                <\/nav>\n            <\/div>   <!--.col-md-12 -->\n              <\/div><!--.row -->\n              \n","protected":false},"excerpt":{"rendered":"","protected":false},"author":1,"featured_media":0,"parent":0,"menu_order":8,"comment_status":"closed","ping_status":"closed","template":"","meta":{"footnotes":""},"class_list":["post-97","page","type-page","status-publish","hentry"],"_links":{"self":[{"href":"https:\/\/iicvarsavia.esteri.it\/pl\/wp-json\/wp\/v2\/pages\/97","targetHints":{"allow":["GET"]}}],"collection":[{"href":"https:\/\/iicvarsavia.esteri.it\/pl\/wp-json\/wp\/v2\/pages"}],"about":[{"href":"https:\/\/iicvarsavia.esteri.it\/pl\/wp-json\/wp\/v2\/types\/page"}],"author":[{"embeddable":true,"href":"https:\/\/iicvarsavia.esteri.it\/pl\/wp-json\/wp\/v2\/users\/1"}],"replies":[{"embeddable":true,"href":"https:\/\/iicvarsavia.esteri.it\/pl\/wp-json\/wp\/v2\/comments?post=97"}],"version-history":[{"count":1,"href":"https:\/\/iicvarsavia.esteri.it\/pl\/wp-json\/wp\/v2\/pages\/97\/revisions"}],"predecessor-version":[{"id":113,"href":"https:\/\/iicvarsavia.esteri.it\/pl\/wp-json\/wp\/v2\/pages\/97\/revisions\/113"}],"wp:attachment":[{"href":"https:\/\/iicvarsavia.esteri.it\/pl\/wp-json\/wp\/v2\/media?parent=97"}],"curies":[{"name":"wp","href":"https:\/\/api.w.org\/{rel}","templated":true}]}}